{"id":94049,"date":"2025-07-14T09:31:00","date_gmt":"2025-07-14T13:31:00","guid":{"rendered":"https:\/\/casadecampodev.wpenginepowered.com\/villas\/"},"modified":"2026-04-16T11:00:12","modified_gmt":"2026-04-16T15:00:12","slug":"villas","status":"publish","type":"page","link":"https:\/\/www.casadecampo.com.do\/es\/villas\/","title":{"rendered":"Villas"},"content":{"rendered":"\n<div class=\"wp-block-cover alignfull sub-hero-banner full\" style=\"min-height:100vh;aspect-ratio:unset;\"><img loading=\"lazy\" decoding=\"async\" width=\"2052\" height=\"1368\" class=\"wp-block-cover__image-background wp-image-1324 size-full\" alt=\"\" src=\"https:\/\/www.casadecampo.com.do\/wp-content\/uploads\/2025\/09\/60ed406108ff9c21322bbe330986073da39d0de3.jpg\" data-object-fit=\"cover\" srcset=\"https:\/\/www.casadecampo.com.do\/wp-content\/uploads\/2025\/09\/60ed406108ff9c21322bbe330986073da39d0de3.jpg 2052w, https:\/\/www.casadecampo.com.do\/wp-content\/smush-webp\/2025\/09\/60ed406108ff9c21322bbe330986073da39d0de3-300x200.jpg.webp 300w, https:\/\/www.casadecampo.com.do\/wp-content\/smush-webp\/2025\/09\/60ed406108ff9c21322bbe330986073da39d0de3-1024x683.jpg.webp 1024w, https:\/\/www.casadecampo.com.do\/wp-content\/smush-webp\/2025\/09\/60ed406108ff9c21322bbe330986073da39d0de3-768x512.jpg.webp 768w, https:\/\/www.casadecampo.com.do\/wp-content\/smush-webp\/2025\/09\/60ed406108ff9c21322bbe330986073da39d0de3-391x260.jpg.webp 391w, https:\/\/www.casadecampo.com.do\/wp-content\/smush-webp\/2025\/09\/60ed406108ff9c21322bbe330986073da39d0de3-1536x1024.jpg.webp 1536w, https:\/\/www.casadecampo.com.do\/wp-content\/smush-webp\/2025\/09\/60ed406108ff9c21322bbe330986073da39d0de3-2048x1365.jpg.webp 2048w, https:\/\/www.casadecampo.com.do\/wp-content\/smush-webp\/2025\/09\/60ed406108ff9c21322bbe330986073da39d0de3-150x100.jpg.webp 150w, https:\/\/www.casadecampo.com.do\/wp-content\/smush-webp\/2025\/09\/60ed406108ff9c21322bbe330986073da39d0de3-600x400.jpg.webp 600w, https:\/\/www.casadecampo.com.do\/wp-content\/smush-webp\/2025\/09\/60ed406108ff9c21322bbe330986073da39d0de3-900x600.jpg.webp 900w\" sizes=\"auto, (max-width: 2052px) 100vw, 2052px\" \/><span aria-hidden=\"true\" class=\"wp-block-cover__background has-black-background-color has-background-dim-20 has-background-dim\"><\/span><div class=\"wp-block-cover__inner-container is-layout-flow wp-block-cover-is-layout-flow\">\n<h1 class=\"wp-block-heading has-text-align-center has-base-color has-text-color has-link-color has-xxx-large-font-size wp-elements-be3b49cafe6ec71c31438eba2f095c5d\">Villas<\/h1>\n\n\n<div class=\"yoast-breadcrumbs is-style-centre-justified\"><span><span><a href=\"https:\/\/www.casadecampo.com.do\/es\/\">Inicio<\/a><\/span> <span class=\"separator\"><\/span> <span class=\"breadcrumb_last\" aria-current=\"page\">Villas<\/span><\/span><\/div><\/div><\/div>\n\n\n\n<div class=\"wp-block-group alignwide is-style-default has-global-padding is-layout-constrained wp-container-core-group-is-layout-f9fadc6b wp-block-group-is-layout-constrained\" style=\"padding-top:var(--wp--preset--spacing--56);padding-right:0;padding-bottom:var(--wp--preset--spacing--72);padding-left:0\">\n<div class=\"wp-block-columns alignwide is-layout-flex wp-container-core-columns-is-layout-28f84493 wp-block-columns-is-layout-flex\">\n<div class=\"wp-block-column is-layout-flow wp-block-column-is-layout-flow\">\n<h2 class=\"wp-block-heading has-xx-large-font-size\">Villas En La <br>Rep\u00fablica Dominicana<\/h2>\n<\/div>\n\n\n\n<div class=\"wp-block-column is-layout-flow wp-block-column-is-layout-flow\">\n<h4 class=\"wp-block-heading\">El exclusivo portafolio de villas en Casa de Campo es mundialmente reconocido entre el selecto grupo de celebridades, socialites y viajeros corporativos.<\/h4>\n\n\n\n<p class=\"has-secondary-color has-text-color has-link-color has-body-large-font-size wp-elements-83564021e2542525bb3cb941d134a876\">Viva una experiencia excepcional en Casa de Campo Resort &amp; Villas, aloj\u00e1ndose en una exclusiva villa de lujo. Seleccione entre elegantes villas con jard\u00edn o disfrute de una estad\u00eda frente al mar, rodeado de impresionantes paisajes y la m\u00e1xima comodidad. <br><br>Cada villa es \u00fanica y cuenta con piscina privada, interiores elegantes, personal a su disposici\u00f3n y detalles cuidadosamente pensados \u200b\u200bpara que su estad\u00eda sea inolvidable. Disfrute de desayuno diario preparado en su villa, servicio de limpieza privado y de Concierge exclusivo para reservas en el spa, restaurantes y actividades. <br><br>Reservar directamente con Casa de Campo le garantiza acceso completo a las instalaciones del resort, uso gratuito del gimnasio y un carrito de golf propio para explorar las 3,000 hect\u00e1reas. Deje que nuestro buscador de villas le ayude a encontrar su hogar ideal lejos de casa. <\/p>\n\n\n\n<div class=\"wp-block-buttons is-style-with-spacer is-horizontal is-content-justification-left is-layout-flex wp-container-core-buttons-is-layout-5ff15a76 wp-block-buttons-is-layout-flex\">\n<div class=\"wp-block-button is-style-text-only\"><a class=\"wp-block-button__link has-secondary-color has-text-color has-link-color wp-element-button\" href=\"#villa-finder\" style=\"border-style:none;border-width:0px;text-transform:capitalize\">Ver Buscador De Villas<\/a><\/div>\n\n\n\n<div class=\"wp-block-button is-style-primary-with-user-icon\"><a class=\"wp-block-button__link wp-element-button\" href=\"https:\/\/www.casadecampo.com.do\/es\/villa-contact\/\" style=\"text-transform:capitalize\">Contacte Al Especialista En Villas<\/a><\/div>\n<\/div>\n<\/div>\n<\/div>\n<\/div>\n\n\n\n<div class=\"wp-block-group alignfull scrollspy-content has-global-padding is-layout-constrained wp-block-group-is-layout-constrained\">\n<div class=\"wp-block-group alignfull scrollspy-sub-header has-base-background-color has-background has-global-padding is-layout-constrained wp-block-group-is-layout-constrained\" style=\"padding-top:0;padding-bottom:0\">\n<div class=\"wp-block-group alignfull is-content-justification-space-between is-nowrap is-layout-flex wp-container-core-group-is-layout-2d0af6e4 wp-block-group-is-layout-flex\" style=\"border-bottom-color:var(--wp--preset--color--quinary);border-bottom-style:solid;border-bottom-width:1px;padding-top:var(--wp--preset--spacing--32);padding-right:var(--wp--preset--spacing--48);padding-bottom:var(--wp--preset--spacing--32);padding-left:var(--wp--preset--spacing--48)\">\n<p class=\"has-tertiary-color has-text-color has-link-color has-caption-font-size wp-elements-9edb401baacc50a0ba4cbe68fe48a367\">VILLAS DE LUJO EN LA REP\u00daBLICA DOMINICANA<\/p>\n\n\n<nav class=\"has-text-color has-black-color items-justified-space-between no-wrap wp-block-navigation is-content-justification-space-between is-nowrap is-layout-flex wp-container-core-navigation-is-layout-7c603273 wp-block-navigation-is-layout-flex\" aria-label=\"Villas List Page\"><ul class=\"wp-block-navigation__container has-text-color has-black-color items-justified-space-between no-wrap wp-block-navigation\"><li class=\" wp-block-navigation-item wp-block-navigation-link has-caption-font-size\"><a class=\"wp-block-navigation-item__content\"  href=\"#oceanfront\"><span class=\"wp-block-navigation-item__label\">Frente al mar<\/span><\/a><\/li><li class=\" wp-block-navigation-item wp-block-navigation-link has-caption-font-size\"><a class=\"wp-block-navigation-item__content\"  href=\"#exclusive\"><span class=\"wp-block-navigation-item__label\">Exclusiva<\/span><\/a><\/li><li class=\" wp-block-navigation-item wp-block-navigation-link has-caption-font-size\"><a class=\"wp-block-navigation-item__content\"  href=\"#classic\"><span class=\"wp-block-navigation-item__label\">Cl\u00e1sicas<\/span><\/a><\/li><li class=\" wp-block-navigation-item wp-block-navigation-link has-caption-font-size\"><a class=\"wp-block-navigation-item__content\"  href=\"#garden\"><span class=\"wp-block-navigation-item__label\">Jardin<\/span><\/a><\/li><li class=\" wp-block-navigation-item wp-block-navigation-link has-caption-font-size\"><a class=\"wp-block-navigation-item__content\"  href=\"#villa-finder\"><span class=\"wp-block-navigation-item__label\">Buscador De Villa<\/span><\/a><\/li><\/ul><\/nav><\/div>\n<\/div>\n\n\n\n<div id=\"oceanfront\" class=\"wp-block-group custom-post-type-carousel is-style-has-border-bottom has-global-padding is-layout-constrained wp-container-core-group-is-layout-797e53f2 wp-block-group-is-layout-constrained\" style=\"padding-top:var(--wp--preset--spacing--140);padding-right:0;padding-bottom:var(--wp--preset--spacing--140);padding-left:0\">\n<div class=\"wp-block-columns intro-box is-layout-flex wp-container-core-columns-is-layout-56150cc7 wp-block-columns-is-layout-flex\" style=\"margin-top:var(--wp--preset--spacing--0);margin-bottom:var(--wp--preset--spacing--48)\">\n<div class=\"wp-block-column is-layout-flow wp-block-column-is-layout-flow\">\n<div class=\"wp-block-group heading-title has-global-padding is-content-justification-left is-layout-constrained wp-container-core-group-is-layout-153b1959 wp-block-group-is-layout-constrained\" style=\"margin-bottom:0\">\n<h3 class=\"wp-block-heading has-text-align-left has-x-large-font-size\" style=\"margin-top:0;margin-bottom:0;padding-top:0;padding-bottom:0;letter-spacing:-0.44px;line-height:1\">Villas Frente Al Mar<\/h3>\n<\/div>\n<\/div>\n\n\n\n<div class=\"wp-block-column is-vertically-aligned-bottom is-layout-flow wp-block-column-is-layout-flow\">\n<div class=\"wp-block-group has-global-padding is-layout-constrained wp-block-group-is-layout-constrained\">\n<p class=\"has-secondary-color has-text-color has-link-color wp-elements-0e4095bed8a4a4d8737ab4030e84bc79\" style=\"margin-top:var(--wp--preset--spacing--8)\">Elegante y lujosa vida caribe\u00f1a con espectaculares vistas de la impresionante costa dominicana.<\/p>\n<\/div>\n<\/div>\n<\/div>\n\n\n  <section\n    class=\"cpt-query-loop-random-or-custom-carousel align wp-block-acf-cpt-query-loop-random-or-custom-carousel\" id=\"cpt-query-loop-random-or-custom-carousel-block_4a736b55fd2b1d5536270260d5a9746c\"  >\n    <div class=\"wp-block-columns show-carousel-nav columns-carousel-2 random-carousel-js swiper\" data-random-carousel data-block-id=\"cpt-query-loop-random-or-custom-carousel-block_4a736b55fd2b1d5536270260d5a9746c\" style=\"margin-bottom:var(--wp--preset--spacing--48)\">\n      <div class=\"swiper-wrapper\">\n                  <div class=\"wp-block-column swiper-slide\">\n            <a class=\"wp-block-custom-group-link\" href=\"https:\/\/www.casadecampo.com.do\/es\/villas\/oceanfront-villas\/villa-florida\/\">\n              <div class=\"wp-block-cover aligncenter has-custom-content-position is-position-bottom-center\" style=\"border-radius:0px;\">\n                                  <p class=\"custom-pill is-style-light\" style=\"margin-bottom:0;\">Oceanfront<\/p>\n                                <img loading=\"lazy\" decoding=\"async\" width=\"1620\" height=\"1080\" class=\"wp-block-cover__image-background wp-image-68724 size-full\" alt=\"placeholder image\" src=\"https:\/\/www.casadecampo.com.do\/wp-content\/uploads\/2023\/11\/6BDR_CL_Villa_Florida_pool_view_05.jpg\" data-object-fit=\"cover\" \/>\n                <span aria-hidden=\"true\" class=\"wp-block-cover__background has-background-dim wp-block-cover__gradient-background has-background-gradient\" style=\"background:rgba(0,0,0,0.04)\"><\/span>\n                <div class=\"wp-block-cover__inner-container\">\n                  <div class=\"wp-block-group details is-layout-flex is-content-align-flex-end is-content-justification-space-between is-content-alignment-flex-end has-secondary-color has-text-color has-link-color\" style=\"border-radius:12px\">\n                    <div class=\"wp-block-group left\">\n                      <h4 class=\"wp-block-heading has-text-align-left has-base-color has-text-color has-link-color has-large-font-size\" style=\"margin-top:0; line-height: 1;\">Villa<br>Florida<\/h4>\n                                              <p class=\"has-base-color has-text-color has-link-color\" style=\"margin-bottom:0;\">Near Costamar<\/p>\n                                          <\/div>\n                    <div class=\"wp-block-group right\">\n                                              <p class=\"has-base-color has-text-align-right\" style=\"margin-bottom:0;\">Sleeps 21<\/p>\n                                                                    <p class=\"has-base-color has-text-align-right\" style=\"margin-bottom:0;\">Bedrooms 7<\/p>\n                                                                    <p class=\"has-base-color has-text-align-right\" style=\"margin-bottom:0;\">Bathrooms 7<\/p>\n                                          <\/div>\n                  <\/div>\n                <\/div>\n              <\/div>\n            <\/a>\n          <\/div>\n                  <div class=\"wp-block-column swiper-slide\">\n            <a class=\"wp-block-custom-group-link\" href=\"https:\/\/www.casadecampo.com.do\/es\/villas\/oceanfront-villas\/villa-palmares\/\">\n              <div class=\"wp-block-cover aligncenter has-custom-content-position is-position-bottom-center\" style=\"border-radius:0px;\">\n                                  <p class=\"custom-pill is-style-light\" style=\"margin-bottom:0;\">Oceanfront<\/p>\n                                <img loading=\"lazy\" decoding=\"async\" width=\"1620\" height=\"1080\" class=\"wp-block-cover__image-background wp-image-68636 size-full\" alt=\"placeholder image\" src=\"https:\/\/www.casadecampo.com.do\/wp-content\/uploads\/2023\/11\/12BDR_OCF_Villa_Palmares_pool_view_02.jpg\" data-object-fit=\"cover\" \/>\n                <span aria-hidden=\"true\" class=\"wp-block-cover__background has-background-dim wp-block-cover__gradient-background has-background-gradient\" style=\"background:rgba(0,0,0,0.04)\"><\/span>\n                <div class=\"wp-block-cover__inner-container\">\n                  <div class=\"wp-block-group details is-layout-flex is-content-align-flex-end is-content-justification-space-between is-content-alignment-flex-end has-secondary-color has-text-color has-link-color\" style=\"border-radius:12px\">\n                    <div class=\"wp-block-group left\">\n                      <h4 class=\"wp-block-heading has-text-align-left has-base-color has-text-color has-link-color has-large-font-size\" style=\"margin-top:0; line-height: 1;\">Villa<br>Palmares<\/h4>\n                                              <p class=\"has-base-color has-text-color has-link-color\" style=\"margin-bottom:0;\">Near Calet\u00f3n<\/p>\n                                          <\/div>\n                    <div class=\"wp-block-group right\">\n                                              <p class=\"has-base-color has-text-align-right\" style=\"margin-bottom:0;\">Sleeps 36<\/p>\n                                                                    <p class=\"has-base-color has-text-align-right\" style=\"margin-bottom:0;\">Bedrooms 12<\/p>\n                                                                    <p class=\"has-base-color has-text-align-right\" style=\"margin-bottom:0;\">Bathrooms 14<\/p>\n                                          <\/div>\n                  <\/div>\n                <\/div>\n              <\/div>\n            <\/a>\n          <\/div>\n                  <div class=\"wp-block-column swiper-slide\">\n            <a class=\"wp-block-custom-group-link\" href=\"https:\/\/www.casadecampo.com.do\/es\/villas\/oceanfront-villas\/casa-alba\/\">\n              <div class=\"wp-block-cover aligncenter has-custom-content-position is-position-bottom-center\" style=\"border-radius:0px;\">\n                                  <p class=\"custom-pill is-style-light\" style=\"margin-bottom:0;\">Oceanfront<\/p>\n                                <img loading=\"lazy\" decoding=\"async\" width=\"1920\" height=\"1280\" class=\"wp-block-cover__image-background wp-image-682 size-full\" alt=\"placeholder image\" src=\"https:\/\/www.casadecampo.com.do\/wp-content\/uploads\/2025\/08\/6BDRM_OCF_Casa_Alba_Pool_view.jpeg\" data-object-fit=\"cover\" srcset=\"https:\/\/www.casadecampo.com.do\/wp-content\/uploads\/2025\/08\/6BDRM_OCF_Casa_Alba_Pool_view.jpeg 1920w, https:\/\/www.casadecampo.com.do\/wp-content\/smush-webp\/2025\/08\/6BDRM_OCF_Casa_Alba_Pool_view-300x200.jpeg.webp 300w, https:\/\/www.casadecampo.com.do\/wp-content\/smush-webp\/2025\/08\/6BDRM_OCF_Casa_Alba_Pool_view-1024x683.jpeg.webp 1024w, https:\/\/www.casadecampo.com.do\/wp-content\/smush-webp\/2025\/08\/6BDRM_OCF_Casa_Alba_Pool_view-768x512.jpeg.webp 768w, https:\/\/www.casadecampo.com.do\/wp-content\/smush-webp\/2025\/08\/6BDRM_OCF_Casa_Alba_Pool_view-1536x1024.jpeg.webp 1536w, https:\/\/www.casadecampo.com.do\/wp-content\/smush-webp\/2025\/08\/6BDRM_OCF_Casa_Alba_Pool_view-150x100.jpeg.webp 150w, https:\/\/www.casadecampo.com.do\/wp-content\/smush-webp\/2025\/08\/6BDRM_OCF_Casa_Alba_Pool_view-600x400.jpeg.webp 600w, https:\/\/www.casadecampo.com.do\/wp-content\/smush-webp\/2025\/08\/6BDRM_OCF_Casa_Alba_Pool_view-900x600.jpeg.webp 900w\" sizes=\"auto, (max-width: 1920px) 100vw, 1920px\" \/>\n                <span aria-hidden=\"true\" class=\"wp-block-cover__background has-background-dim wp-block-cover__gradient-background has-background-gradient\" style=\"background:rgba(0,0,0,0.04)\"><\/span>\n                <div class=\"wp-block-cover__inner-container\">\n                  <div class=\"wp-block-group details is-layout-flex is-content-align-flex-end is-content-justification-space-between is-content-alignment-flex-end has-secondary-color has-text-color has-link-color\" style=\"border-radius:12px\">\n                    <div class=\"wp-block-group left\">\n                      <h4 class=\"wp-block-heading has-text-align-left has-base-color has-text-color has-link-color has-large-font-size\" style=\"margin-top:0; line-height: 1;\">Casa<br>Alba<\/h4>\n                                              <p class=\"has-base-color has-text-color has-link-color\" style=\"margin-bottom:0;\">Near Costamar<\/p>\n                                          <\/div>\n                    <div class=\"wp-block-group right\">\n                                              <p class=\"has-base-color has-text-align-right\" style=\"margin-bottom:0;\">Sleeps 12<\/p>\n                                                                    <p class=\"has-base-color has-text-align-right\" style=\"margin-bottom:0;\">Bedrooms 6<\/p>\n                                                                    <p class=\"has-base-color has-text-align-right\" style=\"margin-bottom:0;\">Bathrooms 9<\/p>\n                                          <\/div>\n                  <\/div>\n                <\/div>\n              <\/div>\n            <\/a>\n          <\/div>\n                  <div class=\"wp-block-column swiper-slide\">\n            <a class=\"wp-block-custom-group-link\" href=\"https:\/\/www.casadecampo.com.do\/es\/villas\/oceanfront-villas\/casa-stravaganza\/\">\n              <div class=\"wp-block-cover aligncenter has-custom-content-position is-position-bottom-center\" style=\"border-radius:0px;\">\n                                  <p class=\"custom-pill is-style-light\" style=\"margin-bottom:0;\">Oceanfront<\/p>\n                                <img loading=\"lazy\" decoding=\"async\" width=\"1600\" height=\"1064\" class=\"wp-block-cover__image-background wp-image-82472 size-full\" alt=\"placeholder image\" src=\"https:\/\/www.casadecampo.com.do\/wp-content\/uploads\/2020\/04\/OFV6BDRSTRAVAGANZA59.jpeg\" data-object-fit=\"cover\" \/>\n                <span aria-hidden=\"true\" class=\"wp-block-cover__background has-background-dim wp-block-cover__gradient-background has-background-gradient\" style=\"background:rgba(0,0,0,0.04)\"><\/span>\n                <div class=\"wp-block-cover__inner-container\">\n                  <div class=\"wp-block-group details is-layout-flex is-content-align-flex-end is-content-justification-space-between is-content-alignment-flex-end has-secondary-color has-text-color has-link-color\" style=\"border-radius:12px\">\n                    <div class=\"wp-block-group left\">\n                      <h4 class=\"wp-block-heading has-text-align-left has-base-color has-text-color has-link-color has-large-font-size\" style=\"margin-top:0; line-height: 1;\">Casa<br>Stravaganza<\/h4>\n                                              <p class=\"has-base-color has-text-color has-link-color\" style=\"margin-bottom:0;\">Near Costamar<\/p>\n                                          <\/div>\n                    <div class=\"wp-block-group right\">\n                                              <p class=\"has-base-color has-text-align-right\" style=\"margin-bottom:0;\">Sleeps 18<\/p>\n                                                                    <p class=\"has-base-color has-text-align-right\" style=\"margin-bottom:0;\">Bedrooms 6<\/p>\n                                                                    <p class=\"has-base-color has-text-align-right\" style=\"margin-bottom:0;\">Bathrooms 6<\/p>\n                                          <\/div>\n                  <\/div>\n                <\/div>\n              <\/div>\n            <\/a>\n          <\/div>\n                  <div class=\"wp-block-column swiper-slide\">\n            <a class=\"wp-block-custom-group-link\" href=\"https:\/\/www.casadecampo.com.do\/es\/villas\/oceanfront-villas\/villa-nerissa\/\">\n              <div class=\"wp-block-cover aligncenter has-custom-content-position is-position-bottom-center\" style=\"border-radius:0px;\">\n                                  <p class=\"custom-pill is-style-light\" style=\"margin-bottom:0;\">Oceanfront<\/p>\n                                <img loading=\"lazy\" decoding=\"async\" width=\"1350\" height=\"760\" class=\"wp-block-cover__image-background wp-image-85702 size-full\" alt=\"Casa de Campo Villa Exterior With Pool and Lounge Area|\" src=\"https:\/\/www.casadecampo.com.do\/wp-content\/uploads\/2025\/10\/4-BEDROOM-OCEAN-FRONT-VILLA-NERISSA-1-1350x760-2.jpg\" data-object-fit=\"cover\" srcset=\"https:\/\/www.casadecampo.com.do\/wp-content\/uploads\/2025\/10\/4-BEDROOM-OCEAN-FRONT-VILLA-NERISSA-1-1350x760-2.jpg 1350w, https:\/\/www.casadecampo.com.do\/wp-content\/smush-webp\/2025\/10\/4-BEDROOM-OCEAN-FRONT-VILLA-NERISSA-1-1350x760-2-300x169.jpg.webp 300w, https:\/\/www.casadecampo.com.do\/wp-content\/smush-webp\/2025\/10\/4-BEDROOM-OCEAN-FRONT-VILLA-NERISSA-1-1350x760-2-1024x576.jpg.webp 1024w, https:\/\/www.casadecampo.com.do\/wp-content\/smush-webp\/2025\/10\/4-BEDROOM-OCEAN-FRONT-VILLA-NERISSA-1-1350x760-2-768x432.jpg.webp 768w\" sizes=\"auto, (max-width: 1350px) 100vw, 1350px\" \/>\n                <span aria-hidden=\"true\" class=\"wp-block-cover__background has-background-dim wp-block-cover__gradient-background has-background-gradient\" style=\"background:rgba(0,0,0,0.04)\"><\/span>\n                <div class=\"wp-block-cover__inner-container\">\n                  <div class=\"wp-block-group details is-layout-flex is-content-align-flex-end is-content-justification-space-between is-content-alignment-flex-end has-secondary-color has-text-color has-link-color\" style=\"border-radius:12px\">\n                    <div class=\"wp-block-group left\">\n                      <h4 class=\"wp-block-heading has-text-align-left has-base-color has-text-color has-link-color has-large-font-size\" style=\"margin-top:0; line-height: 1;\">Villa<br>Nerissa<\/h4>\n                                              <p class=\"has-base-color has-text-color has-link-color\" style=\"margin-bottom:0;\">Near Costa Verde<\/p>\n                                          <\/div>\n                    <div class=\"wp-block-group right\">\n                                              <p class=\"has-base-color has-text-align-right\" style=\"margin-bottom:0;\">Sleeps 12<\/p>\n                                                                    <p class=\"has-base-color has-text-align-right\" style=\"margin-bottom:0;\">Bedrooms 4<\/p>\n                                                                    <p class=\"has-base-color has-text-align-right\" style=\"margin-bottom:0;\">Bathrooms 4<\/p>\n                                          <\/div>\n                  <\/div>\n                <\/div>\n              <\/div>\n            <\/a>\n          <\/div>\n                  <div class=\"wp-block-column swiper-slide\">\n            <a class=\"wp-block-custom-group-link\" href=\"https:\/\/www.casadecampo.com.do\/es\/villas\/oceanfront-villas\/villa-mar-palma\/\">\n              <div class=\"wp-block-cover aligncenter has-custom-content-position is-position-bottom-center\" style=\"border-radius:0px;\">\n                                  <p class=\"custom-pill is-style-light\" style=\"margin-bottom:0;\">Oceanfront<\/p>\n                                <img loading=\"lazy\" decoding=\"async\" width=\"1800\" height=\"1000\" class=\"wp-block-cover__image-background wp-image-83805 size-full\" alt=\"placeholder image\" src=\"https:\/\/www.casadecampo.com.do\/wp-content\/uploads\/2019\/05\/HERO-5-BDRM-OCEANFRONT-VILLA-MAR-PALMA.jpg\" data-object-fit=\"cover\" \/>\n                <span aria-hidden=\"true\" class=\"wp-block-cover__background has-background-dim wp-block-cover__gradient-background has-background-gradient\" style=\"background:rgba(0,0,0,0.04)\"><\/span>\n                <div class=\"wp-block-cover__inner-container\">\n                  <div class=\"wp-block-group details is-layout-flex is-content-align-flex-end is-content-justification-space-between is-content-alignment-flex-end has-secondary-color has-text-color has-link-color\" style=\"border-radius:12px\">\n                    <div class=\"wp-block-group left\">\n                      <h4 class=\"wp-block-heading has-text-align-left has-base-color has-text-color has-link-color has-large-font-size\" style=\"margin-top:0; line-height: 1;\">Villa<br>Mar y Palma<\/h4>\n                                              <p class=\"has-base-color has-text-color has-link-color\" style=\"margin-bottom:0;\">Near Costa Verde<\/p>\n                                          <\/div>\n                    <div class=\"wp-block-group right\">\n                                              <p class=\"has-base-color has-text-align-right\" style=\"margin-bottom:0;\">Sleeps 15<\/p>\n                                                                    <p class=\"has-base-color has-text-align-right\" style=\"margin-bottom:0;\">Bedrooms 5<\/p>\n                                                                    <p class=\"has-base-color has-text-align-right\" style=\"margin-bottom:0;\">Bathrooms 5<\/p>\n                                          <\/div>\n                  <\/div>\n                <\/div>\n              <\/div>\n            <\/a>\n          <\/div>\n                  <div class=\"wp-block-column swiper-slide\">\n            <a class=\"wp-block-custom-group-link\" href=\"https:\/\/www.casadecampo.com.do\/es\/villas\/oceanfront-villas\/villa-taina\/\">\n              <div class=\"wp-block-cover aligncenter has-custom-content-position is-position-bottom-center\" style=\"border-radius:0px;\">\n                                  <p class=\"custom-pill is-style-light\" style=\"margin-bottom:0;\">Oceanfront<\/p>\n                                <img loading=\"lazy\" decoding=\"async\" width=\"1350\" height=\"760\" class=\"wp-block-cover__image-background wp-image-85742 size-full\" alt=\"Casa de Campo Villa Exterior With Pool and Lounge Area\" src=\"https:\/\/www.casadecampo.com.do\/wp-content\/uploads\/2025\/10\/OFront-5habs.-Villa-Taina-3-1350x760-2.jpg\" data-object-fit=\"cover\" srcset=\"https:\/\/www.casadecampo.com.do\/wp-content\/uploads\/2025\/10\/OFront-5habs.-Villa-Taina-3-1350x760-2.jpg 1350w, https:\/\/www.casadecampo.com.do\/wp-content\/smush-webp\/2025\/10\/OFront-5habs.-Villa-Taina-3-1350x760-2-300x169.jpg.webp 300w, https:\/\/www.casadecampo.com.do\/wp-content\/smush-webp\/2025\/10\/OFront-5habs.-Villa-Taina-3-1350x760-2-1024x576.jpg.webp 1024w, https:\/\/www.casadecampo.com.do\/wp-content\/smush-webp\/2025\/10\/OFront-5habs.-Villa-Taina-3-1350x760-2-768x432.jpg.webp 768w\" sizes=\"auto, (max-width: 1350px) 100vw, 1350px\" \/>\n                <span aria-hidden=\"true\" class=\"wp-block-cover__background has-background-dim wp-block-cover__gradient-background has-background-gradient\" style=\"background:rgba(0,0,0,0.04)\"><\/span>\n                <div class=\"wp-block-cover__inner-container\">\n                  <div class=\"wp-block-group details is-layout-flex is-content-align-flex-end is-content-justification-space-between is-content-alignment-flex-end has-secondary-color has-text-color has-link-color\" style=\"border-radius:12px\">\n                    <div class=\"wp-block-group left\">\n                      <h4 class=\"wp-block-heading has-text-align-left has-base-color has-text-color has-link-color has-large-font-size\" style=\"margin-top:0; line-height: 1;\">Villa<br>Taina<\/h4>\n                                              <p class=\"has-base-color has-text-color has-link-color\" style=\"margin-bottom:0;\">Near Costamar<\/p>\n                                          <\/div>\n                    <div class=\"wp-block-group right\">\n                                              <p class=\"has-base-color has-text-align-right\" style=\"margin-bottom:0;\">Sleeps 15<\/p>\n                                                                    <p class=\"has-base-color has-text-align-right\" style=\"margin-bottom:0;\">Bedrooms 5<\/p>\n                                                                    <p class=\"has-base-color has-text-align-right\" style=\"margin-bottom:0;\">Bathrooms 5<\/p>\n                                          <\/div>\n                  <\/div>\n                <\/div>\n              <\/div>\n            <\/a>\n          <\/div>\n                  <div class=\"wp-block-column swiper-slide\">\n            <a class=\"wp-block-custom-group-link\" href=\"https:\/\/www.casadecampo.com.do\/es\/villas\/oceanfront-villas\/villa-la-laguna-del-mar\/\">\n              <div class=\"wp-block-cover aligncenter has-custom-content-position is-position-bottom-center\" style=\"border-radius:0px;\">\n                                  <p class=\"custom-pill is-style-light\" style=\"margin-bottom:0;\">Oceanfront<\/p>\n                                <img loading=\"lazy\" decoding=\"async\" width=\"1080\" height=\"720\" class=\"wp-block-cover__image-background wp-image-83929 size-full\" alt=\"placeholder image\" src=\"https:\/\/www.casadecampo.com.do\/wp-content\/uploads\/2019\/05\/6-BDROOM-OCEANFRONT-VILLA-LA-LAGUNA-DEL-MAR-6.jpg\" data-object-fit=\"cover\" \/>\n                <span aria-hidden=\"true\" class=\"wp-block-cover__background has-background-dim wp-block-cover__gradient-background has-background-gradient\" style=\"background:rgba(0,0,0,0.04)\"><\/span>\n                <div class=\"wp-block-cover__inner-container\">\n                  <div class=\"wp-block-group details is-layout-flex is-content-align-flex-end is-content-justification-space-between is-content-alignment-flex-end has-secondary-color has-text-color has-link-color\" style=\"border-radius:12px\">\n                    <div class=\"wp-block-group left\">\n                      <h4 class=\"wp-block-heading has-text-align-left has-base-color has-text-color has-link-color has-large-font-size\" style=\"margin-top:0; line-height: 1;\">Villa<br>La Laguna del Mar<\/h4>\n                                              <p class=\"has-base-color has-text-color has-link-color\" style=\"margin-bottom:0;\">Near Punta Minitas<\/p>\n                                          <\/div>\n                    <div class=\"wp-block-group right\">\n                                              <p class=\"has-base-color has-text-align-right\" style=\"margin-bottom:0;\">Sleeps 24<\/p>\n                                                                    <p class=\"has-base-color has-text-align-right\" style=\"margin-bottom:0;\">Bedrooms 8<\/p>\n                                                                    <p class=\"has-base-color has-text-align-right\" style=\"margin-bottom:0;\">Bathrooms 8<\/p>\n                                          <\/div>\n                  <\/div>\n                <\/div>\n              <\/div>\n            <\/a>\n          <\/div>\n                  <div class=\"wp-block-column swiper-slide\">\n            <a class=\"wp-block-custom-group-link\" href=\"https:\/\/www.casadecampo.com.do\/es\/villas\/oceanfront-villas\/villa-infinidad\/\">\n              <div class=\"wp-block-cover aligncenter has-custom-content-position is-position-bottom-center\" style=\"border-radius:0px;\">\n                                  <p class=\"custom-pill is-style-light\" style=\"margin-bottom:0;\">Oceanfront<\/p>\n                                <img loading=\"lazy\" decoding=\"async\" width=\"1080\" height=\"720\" class=\"wp-block-cover__image-background wp-image-83582 size-full\" alt=\"placeholder image\" src=\"https:\/\/www.casadecampo.com.do\/wp-content\/uploads\/2019\/04\/OCEANFRONT-INFINIDAD-1-min2.jpg\" data-object-fit=\"cover\" \/>\n                <span aria-hidden=\"true\" class=\"wp-block-cover__background has-background-dim wp-block-cover__gradient-background has-background-gradient\" style=\"background:rgba(0,0,0,0.04)\"><\/span>\n                <div class=\"wp-block-cover__inner-container\">\n                  <div class=\"wp-block-group details is-layout-flex is-content-align-flex-end is-content-justification-space-between is-content-alignment-flex-end has-secondary-color has-text-color has-link-color\" style=\"border-radius:12px\">\n                    <div class=\"wp-block-group left\">\n                      <h4 class=\"wp-block-heading has-text-align-left has-base-color has-text-color has-link-color has-large-font-size\" style=\"margin-top:0; line-height: 1;\">Villa<br>Infinidad<\/h4>\n                                              <p class=\"has-base-color has-text-color has-link-color\" style=\"margin-bottom:0;\">Near Punta \u00c1guila<\/p>\n                                          <\/div>\n                    <div class=\"wp-block-group right\">\n                                              <p class=\"has-base-color has-text-align-right\" style=\"margin-bottom:0;\">Sleeps 12<\/p>\n                                                                    <p class=\"has-base-color has-text-align-right\" style=\"margin-bottom:0;\">Bedrooms 4<\/p>\n                                                                    <p class=\"has-base-color has-text-align-right\" style=\"margin-bottom:0;\">Bathrooms 4<\/p>\n                                          <\/div>\n                  <\/div>\n                <\/div>\n              <\/div>\n            <\/a>\n          <\/div>\n              <\/div>\n    <\/div>\n  <\/section>\n\n\n\n<div class=\"wp-block-columns is-layout-flex wp-container-core-columns-is-layout-671d0057 wp-block-columns-is-layout-flex\">\n<div class=\"wp-block-column is-layout-flow wp-block-column-is-layout-flow\">\n<div class=\"wp-block-group content-toggle has-global-padding is-layout-constrained wp-block-group-is-layout-constrained\">\n<div class=\"wp-block-buttons is-style-with-spacer is-horizontal is-content-justification-right is-layout-flex wp-container-core-buttons-is-layout-593751c1 wp-block-buttons-is-layout-flex\">\n<div class=\"wp-block-button content-toggle-button is-style-secondary\"><a class=\"wp-block-button__link wp-element-button\" style=\"border-style:none;border-width:0px;text-transform:capitalize\">Mostrar Caracter\u00edsticas Y Comodidades<\/a><\/div>\n\n\n\n<div class=\"wp-block-button is-style-primary-with-arrow\"><a class=\"wp-block-button__link wp-element-button\" href=\"https:\/\/www.casadecampo.com.do\/es\/villas\/oceanfront-villas\/\" style=\"text-transform:capitalize\">Ver todas las villas frente al mar<\/a><\/div>\n<\/div>\n\n\n\n<div class=\"wp-block-group collapsible-content has-secondary-color has-text-color has-link-color wp-elements-80cb1658b348511e8f5469462baa3c31 has-global-padding is-layout-constrained wp-block-group-is-layout-constrained\">\n<h2 class=\"wp-block-heading has-primary-color has-text-color has-link-color has-xx-large-font-size wp-elements-07e69fefb05c171e65495d444726ad90\">Caracter\u00edsticas<br>y comodidades<\/h2>\n\n\n\n<div class=\"wp-block-columns is-layout-flex wp-container-core-columns-is-layout-94a71afd wp-block-columns-is-layout-flex\">\n<div class=\"wp-block-column is-layout-flow wp-block-column-is-layout-flow\">\n<h2 class=\"wp-block-heading has-primary-color has-text-color has-link-color has-medium-font-size wp-elements-381de0f47356c0b035387ba732f9a46e\">Los hu\u00e9spedes de nuestras villas frente al mar disfrutan de los siguientes beneficios y servicios:<\/h2>\n\n\n\n<p><strong>Carritos de golf <\/strong>para transportarse dentro del resort. <\/p>\n\n\n\n<ul class=\"wp-block-list\">\n<li>Los hu\u00e9spedes de villas de hasta cuatro dormitorios disfrutan de dos carritos de golf para 4 pasajeros.<\/li>\n\n\n\n<li>Los hu\u00e9spedes de villas de cinco a diez habitaciones disfrutan de tres carritos de golf de 4 pasajeros y un autom\u00f3vil de tama\u00f1o intermedio.<\/li>\n\n\n\n<li>Durante Navidad\/A\u00f1o Nuevo, un carrito de golf puede ser reemplazado por un (1) autom\u00f3vil de tama\u00f1o mediano.<\/li>\n<\/ul>\n\n\n\n<p><strong>Desayuno diario<\/strong> preparado en la villa<\/p>\n\n\n\n<p><strong>WiFi gratis en la villa<\/strong><\/p>\n\n\n\n<p><strong>Servicio de ama de llaves<\/strong> de 7:30 a.m. \u2013 9:30 p.m.<\/p>\n\n\n\n<p><strong>Servicio de mayordomo<\/strong> de 7:30 a.m. &#8211; 6:30 p.m. todos los d\u00edas \u2013 servicios incluyen preparaci\u00f3n sencilla de alimentos y servicios de bartender<\/p>\n\n\n\n<p><strong>Un traslado ida y vuelta desde y hacia el aeropuerto Internacional La Romana<\/strong> (a solo 5 minutos del lobby del hotel)<\/p>\n\n\n\n<p><strong>Uso ilimitado del gimnasio<\/strong><\/p>\n\n\n\n<p><strong>Detalle de bienvenida:<\/strong> Canasta Premium Dominicana: 3 botellas de ron y una botella de champagne Moet Chandon, bocadillos gourmet variados, plato de frutas de temporada, queso y galletas<\/p>\n\n\n\n<p><strong>Check-in personalizado<\/strong> y orientaci\u00f3n en la villa<\/p>\n\n\n\n<p><strong>Servicio de Concierge<\/strong> para todas las reservas de eventos deportivos, spa, restaurantes, u otra asistencia.<br><br><strong>Disfrute de las actividades de nuestro programa familiar<\/strong>, que incluye nuestros programas infantiles supervisados \u200b\u200bpara ni\u00f1os de 1 a 17 a\u00f1os, nuestra Zona de Diversi\u00f3n Familiar, un centro de entretenimiento repleto de actividades y juegos.<\/p>\n<\/div>\n\n\n\n<div class=\"wp-block-column is-layout-flow wp-block-column-is-layout-flow\" style=\"flex-basis:240px\">\n<p class=\"has-primary-color has-text-color has-link-color wp-elements-d5649207b23e3150c076473b88b1edca\"><strong>Habitaciones con aire acondicionado<br>Parrilla de barbacoa<br>Muebles de exterior<br>\u00c1reas para comer<br>Jardines paisaj\u00edsticos<br>\u00c1rea de estacionamiento o marquesina<br>Televisor de pantalla plana<br>Sistema de sonido<br>Tel\u00e9fono interno<br>Wi-Fi gratis<br>Cocina completa<br>Refrigerador<br>Horno de microondas<br>Tostadora<br>Cafetera<br>Utensilios de cocina completos<br>Despertador<br>Secador de pelo<br>Plancha y tabla de planchar<br>Armario para lencer\u00eda<br>Lavadora y secadora<br><\/strong><\/p>\n\n\n\n<p>Para su seguridad:<\/p>\n\n\n\n<p class=\"has-primary-color has-text-color has-link-color wp-elements-76c9cc2a334eea954e0a85d6e3637584\"><strong>Detectores de humo<br>Detectores de mon\u00f3xido de carbono<br>Extintores de fuego<\/strong><\/p>\n<\/div>\n<\/div>\n<\/div>\n<\/div>\n<\/div>\n<\/div>\n<\/div>\n\n\n\n<div id=\"exclusive\" class=\"wp-block-group custom-post-type-carousel is-style-has-border-bottom has-global-padding is-layout-constrained wp-container-core-group-is-layout-797e53f2 wp-block-group-is-layout-constrained\" style=\"padding-top:var(--wp--preset--spacing--140);padding-right:0;padding-bottom:var(--wp--preset--spacing--140);padding-left:0\">\n<div class=\"wp-block-columns intro-box is-layout-flex wp-container-core-columns-is-layout-56150cc7 wp-block-columns-is-layout-flex\" style=\"margin-top:var(--wp--preset--spacing--0);margin-bottom:var(--wp--preset--spacing--48)\">\n<div class=\"wp-block-column is-layout-flow wp-block-column-is-layout-flow\">\n<div class=\"wp-block-group heading-title has-global-padding is-content-justification-left is-layout-constrained wp-container-core-group-is-layout-153b1959 wp-block-group-is-layout-constrained\" style=\"margin-bottom:0\">\n<h3 class=\"wp-block-heading has-text-align-left has-x-large-font-size\" style=\"margin-top:0;margin-bottom:0;padding-top:0;padding-bottom:0;letter-spacing:-0.44px;line-height:1\">Villas Exclusivas<\/h3>\n<\/div>\n<\/div>\n\n\n\n<div class=\"wp-block-column is-vertically-aligned-bottom is-layout-flow wp-block-column-is-layout-flow\">\n<div class=\"wp-block-group has-global-padding is-layout-constrained wp-block-group-is-layout-constrained\">\n<p class=\"has-secondary-color has-text-color has-link-color wp-elements-7de3c7f54fa09d8cc0a5ffdfe49b6120\" style=\"margin-top:var(--wp--preset--spacing--8)\">Descubra lo mejor de la vida de resort en su propio alojamiento privado, c\u00f3modo y exclusivo.<\/p>\n<\/div>\n<\/div>\n<\/div>\n\n\n  <section\n    class=\"cpt-query-loop-random-or-custom-carousel align wp-block-acf-cpt-query-loop-random-or-custom-carousel\" id=\"cpt-query-loop-random-or-custom-carousel-block_98c3034bee04f86b290671fe61a7d309\"  >\n    <div class=\"wp-block-columns show-carousel-nav columns-carousel-2 random-carousel-js swiper\" data-random-carousel data-block-id=\"cpt-query-loop-random-or-custom-carousel-block_98c3034bee04f86b290671fe61a7d309\" style=\"margin-bottom:var(--wp--preset--spacing--48)\">\n      <div class=\"swiper-wrapper\">\n                  <div class=\"wp-block-column swiper-slide\">\n            <a class=\"wp-block-custom-group-link\" href=\"https:\/\/www.casadecampo.com.do\/es\/villas\/exclusive-villas\/villa-arcoiris\/\">\n              <div class=\"wp-block-cover aligncenter has-custom-content-position is-position-bottom-center\" style=\"border-radius:0px;\">\n                                  <p class=\"custom-pill is-style-light\" style=\"margin-bottom:0;\">Exclusivas<\/p>\n                                <img loading=\"lazy\" decoding=\"async\" width=\"2560\" height=\"1706\" class=\"wp-block-cover__image-background wp-image-97945 size-full\" alt=\"placeholder image\" src=\"https:\/\/www.casadecampo.com.do\/wp-content\/uploads\/2026\/03\/4bdr_Exclusive_Villa_Arcoiris_-7.jpg\" data-object-fit=\"cover\" srcset=\"https:\/\/www.casadecampo.com.do\/wp-content\/uploads\/2026\/03\/4bdr_Exclusive_Villa_Arcoiris_-7.jpg 2560w, https:\/\/www.casadecampo.com.do\/wp-content\/smush-webp\/2026\/03\/4bdr_Exclusive_Villa_Arcoiris_-7-300x200.jpg.webp 300w, https:\/\/www.casadecampo.com.do\/wp-content\/smush-webp\/2026\/03\/4bdr_Exclusive_Villa_Arcoiris_-7-1024x682.jpg.webp 1024w, https:\/\/www.casadecampo.com.do\/wp-content\/smush-webp\/2026\/03\/4bdr_Exclusive_Villa_Arcoiris_-7-768x512.jpg.webp 768w, https:\/\/www.casadecampo.com.do\/wp-content\/smush-webp\/2026\/03\/4bdr_Exclusive_Villa_Arcoiris_-7-391x260.jpg.webp 391w, https:\/\/www.casadecampo.com.do\/wp-content\/smush-webp\/2026\/03\/4bdr_Exclusive_Villa_Arcoiris_-7-1536x1024.jpg.webp 1536w, https:\/\/www.casadecampo.com.do\/wp-content\/smush-webp\/2026\/03\/4bdr_Exclusive_Villa_Arcoiris_-7-2048x1365.jpg.webp 2048w, https:\/\/www.casadecampo.com.do\/wp-content\/smush-webp\/2026\/03\/4bdr_Exclusive_Villa_Arcoiris_-7-150x100.jpg.webp 150w, https:\/\/www.casadecampo.com.do\/wp-content\/smush-webp\/2026\/03\/4bdr_Exclusive_Villa_Arcoiris_-7-600x400.jpg.webp 600w, https:\/\/www.casadecampo.com.do\/wp-content\/smush-webp\/2026\/03\/4bdr_Exclusive_Villa_Arcoiris_-7-900x600.jpg.webp 900w\" sizes=\"auto, (max-width: 2560px) 100vw, 2560px\" \/>\n                <span aria-hidden=\"true\" class=\"wp-block-cover__background has-background-dim wp-block-cover__gradient-background has-background-gradient\" style=\"background:rgba(0,0,0,0.04)\"><\/span>\n                <div class=\"wp-block-cover__inner-container\">\n                  <div class=\"wp-block-group details is-layout-flex is-content-align-flex-end is-content-justification-space-between is-content-alignment-flex-end has-secondary-color has-text-color has-link-color\" style=\"border-radius:12px\">\n                    <div class=\"wp-block-group left\">\n                      <h4 class=\"wp-block-heading has-text-align-left has-base-color has-text-color has-link-color has-large-font-size\" style=\"margin-top:0; line-height: 1;\">Villa<br>Arcoiris<\/h4>\n                                              <p class=\"has-base-color has-text-color has-link-color\" style=\"margin-bottom:0;\">Near El Molino<\/p>\n                                          <\/div>\n                    <div class=\"wp-block-group right\">\n                                              <p class=\"has-base-color has-text-align-right\" style=\"margin-bottom:0;\">Sleeps 12<\/p>\n                                                                    <p class=\"has-base-color has-text-align-right\" style=\"margin-bottom:0;\">Bedrooms 4<\/p>\n                                                                    <p class=\"has-base-color has-text-align-right\" style=\"margin-bottom:0;\">Bathrooms 6<\/p>\n                                          <\/div>\n                  <\/div>\n                <\/div>\n              <\/div>\n            <\/a>\n          <\/div>\n                  <div class=\"wp-block-column swiper-slide\">\n            <a class=\"wp-block-custom-group-link\" href=\"https:\/\/www.casadecampo.com.do\/es\/villas\/exclusive-villas\/villa-paradise\/\">\n              <div class=\"wp-block-cover aligncenter has-custom-content-position is-position-bottom-center\" style=\"border-radius:0px;\">\n                                  <p class=\"custom-pill is-style-light\" style=\"margin-bottom:0;\">Exclusivas<\/p>\n                                <img loading=\"lazy\" decoding=\"async\" width=\"1920\" height=\"1281\" class=\"wp-block-cover__image-background wp-image-85928 size-full\" alt=\"placeholder image\" src=\"https:\/\/www.casadecampo.com.do\/wp-content\/uploads\/2025\/10\/5Bdr_Exc_Villa_Paradise_pool_view_-6.jpg\" data-object-fit=\"cover\" srcset=\"https:\/\/www.casadecampo.com.do\/wp-content\/uploads\/2025\/10\/5Bdr_Exc_Villa_Paradise_pool_view_-6.jpg 1920w, https:\/\/www.casadecampo.com.do\/wp-content\/smush-webp\/2025\/10\/5Bdr_Exc_Villa_Paradise_pool_view_-6-300x200.jpg.webp 300w, https:\/\/www.casadecampo.com.do\/wp-content\/smush-webp\/2025\/10\/5Bdr_Exc_Villa_Paradise_pool_view_-6-1024x683.jpg.webp 1024w, https:\/\/www.casadecampo.com.do\/wp-content\/smush-webp\/2025\/10\/5Bdr_Exc_Villa_Paradise_pool_view_-6-768x512.jpg.webp 768w, https:\/\/www.casadecampo.com.do\/wp-content\/smush-webp\/2025\/10\/5Bdr_Exc_Villa_Paradise_pool_view_-6-391x260.jpg.webp 391w, https:\/\/www.casadecampo.com.do\/wp-content\/smush-webp\/2025\/10\/5Bdr_Exc_Villa_Paradise_pool_view_-6-1536x1025.jpg.webp 1536w, https:\/\/www.casadecampo.com.do\/wp-content\/smush-webp\/2025\/10\/5Bdr_Exc_Villa_Paradise_pool_view_-6-150x100.jpg.webp 150w, https:\/\/www.casadecampo.com.do\/wp-content\/smush-webp\/2025\/10\/5Bdr_Exc_Villa_Paradise_pool_view_-6-600x400.jpg.webp 600w, https:\/\/www.casadecampo.com.do\/wp-content\/smush-webp\/2025\/10\/5Bdr_Exc_Villa_Paradise_pool_view_-6-900x600.jpg.webp 900w\" sizes=\"auto, (max-width: 1920px) 100vw, 1920px\" \/>\n                <span aria-hidden=\"true\" class=\"wp-block-cover__background has-background-dim wp-block-cover__gradient-background has-background-gradient\" style=\"background:rgba(0,0,0,0.04)\"><\/span>\n                <div class=\"wp-block-cover__inner-container\">\n                  <div class=\"wp-block-group details is-layout-flex is-content-align-flex-end is-content-justification-space-between is-content-alignment-flex-end has-secondary-color has-text-color has-link-color\" style=\"border-radius:12px\">\n                    <div class=\"wp-block-group left\">\n                      <h4 class=\"wp-block-heading has-text-align-left has-base-color has-text-color has-link-color has-large-font-size\" style=\"margin-top:0; line-height: 1;\">Villa<br>Paradise<\/h4>\n                                          <\/div>\n                    <div class=\"wp-block-group right\">\n                                              <p class=\"has-base-color has-text-align-right\" style=\"margin-bottom:0;\">Sleeps 15<\/p>\n                                                                    <p class=\"has-base-color has-text-align-right\" style=\"margin-bottom:0;\">Bedrooms 5<\/p>\n                                                                    <p class=\"has-base-color has-text-align-right\" style=\"margin-bottom:0;\">Bathrooms 7<\/p>\n                                          <\/div>\n                  <\/div>\n                <\/div>\n              <\/div>\n            <\/a>\n          <\/div>\n                  <div class=\"wp-block-column swiper-slide\">\n            <a class=\"wp-block-custom-group-link\" href=\"https:\/\/www.casadecampo.com.do\/es\/villas\/exclusive-villas\/villa-aurora\/\">\n              <div class=\"wp-block-cover aligncenter has-custom-content-position is-position-bottom-center\" style=\"border-radius:0px;\">\n                                  <p class=\"custom-pill is-style-light\" style=\"margin-bottom:0;\">Exclusivas<\/p>\n                                <img loading=\"lazy\" decoding=\"async\" width=\"1920\" height=\"1440\" class=\"wp-block-cover__image-background wp-image-73913 size-full\" alt=\"placeholder image\" src=\"https:\/\/www.casadecampo.com.do\/wp-content\/uploads\/2024\/07\/5Bdr_Exc_Villa_Aurora_49.jpeg\" data-object-fit=\"cover\" \/>\n                <span aria-hidden=\"true\" class=\"wp-block-cover__background has-background-dim wp-block-cover__gradient-background has-background-gradient\" style=\"background:rgba(0,0,0,0.04)\"><\/span>\n                <div class=\"wp-block-cover__inner-container\">\n                  <div class=\"wp-block-group details is-layout-flex is-content-align-flex-end is-content-justification-space-between is-content-alignment-flex-end has-secondary-color has-text-color has-link-color\" style=\"border-radius:12px\">\n                    <div class=\"wp-block-group left\">\n                      <h4 class=\"wp-block-heading has-text-align-left has-base-color has-text-color has-link-color has-large-font-size\" style=\"margin-top:0; line-height: 1;\">Villa<br>Aurora<\/h4>\n                                              <p class=\"has-base-color has-text-color has-link-color\" style=\"margin-bottom:0;\">Near Las Ca\u00f1as<\/p>\n                                          <\/div>\n                    <div class=\"wp-block-group right\">\n                                              <p class=\"has-base-color has-text-align-right\" style=\"margin-bottom:0;\">Sleeps 15<\/p>\n                                                                    <p class=\"has-base-color has-text-align-right\" style=\"margin-bottom:0;\">Bedrooms 5<\/p>\n                                                                    <p class=\"has-base-color has-text-align-right\" style=\"margin-bottom:0;\">Bathrooms 7<\/p>\n                                          <\/div>\n                  <\/div>\n                <\/div>\n              <\/div>\n            <\/a>\n          <\/div>\n                  <div class=\"wp-block-column swiper-slide\">\n            <a class=\"wp-block-custom-group-link\" href=\"https:\/\/www.casadecampo.com.do\/es\/villas\/exclusive-villas\/villa-atias\/\">\n              <div class=\"wp-block-cover aligncenter has-custom-content-position is-position-bottom-center\" style=\"border-radius:0px;\">\n                                  <p class=\"custom-pill is-style-light\" style=\"margin-bottom:0;\">Exclusivas<\/p>\n                                <img loading=\"lazy\" decoding=\"async\" width=\"1920\" height=\"1280\" class=\"wp-block-cover__image-background wp-image-1321 size-full\" alt=\"placeholder image\" src=\"https:\/\/www.casadecampo.com.do\/wp-content\/uploads\/2025\/09\/6Bdr_Exc_Villa_Atias_Pool_View_01.jpg\" data-object-fit=\"cover\" srcset=\"https:\/\/www.casadecampo.com.do\/wp-content\/uploads\/2025\/09\/6Bdr_Exc_Villa_Atias_Pool_View_01.jpg 1920w, https:\/\/www.casadecampo.com.do\/wp-content\/smush-webp\/2025\/09\/6Bdr_Exc_Villa_Atias_Pool_View_01-300x200.jpg.webp 300w, https:\/\/www.casadecampo.com.do\/wp-content\/smush-webp\/2025\/09\/6Bdr_Exc_Villa_Atias_Pool_View_01-1024x683.jpg.webp 1024w, https:\/\/www.casadecampo.com.do\/wp-content\/smush-webp\/2025\/09\/6Bdr_Exc_Villa_Atias_Pool_View_01-768x512.jpg.webp 768w, https:\/\/www.casadecampo.com.do\/wp-content\/smush-webp\/2025\/09\/6Bdr_Exc_Villa_Atias_Pool_View_01-391x260.jpg.webp 391w, https:\/\/www.casadecampo.com.do\/wp-content\/smush-webp\/2025\/09\/6Bdr_Exc_Villa_Atias_Pool_View_01-1536x1024.jpg.webp 1536w, https:\/\/www.casadecampo.com.do\/wp-content\/smush-webp\/2025\/09\/6Bdr_Exc_Villa_Atias_Pool_View_01-150x100.jpg.webp 150w, https:\/\/www.casadecampo.com.do\/wp-content\/smush-webp\/2025\/09\/6Bdr_Exc_Villa_Atias_Pool_View_01-600x400.jpg.webp 600w, https:\/\/www.casadecampo.com.do\/wp-content\/smush-webp\/2025\/09\/6Bdr_Exc_Villa_Atias_Pool_View_01-900x600.jpg.webp 900w\" sizes=\"auto, (max-width: 1920px) 100vw, 1920px\" \/>\n                <span aria-hidden=\"true\" class=\"wp-block-cover__background has-background-dim wp-block-cover__gradient-background has-background-gradient\" style=\"background:rgba(0,0,0,0.04)\"><\/span>\n                <div class=\"wp-block-cover__inner-container\">\n                  <div class=\"wp-block-group details is-layout-flex is-content-align-flex-end is-content-justification-space-between is-content-alignment-flex-end has-secondary-color has-text-color has-link-color\" style=\"border-radius:12px\">\n                    <div class=\"wp-block-group left\">\n                      <h4 class=\"wp-block-heading has-text-align-left has-base-color has-text-color has-link-color has-large-font-size\" style=\"margin-top:0; line-height: 1;\">Villa<br>Atias<\/h4>\n                                              <p class=\"has-base-color has-text-color has-link-color\" style=\"margin-bottom:0;\">Near Rancho Arriba<\/p>\n                                          <\/div>\n                    <div class=\"wp-block-group right\">\n                                              <p class=\"has-base-color has-text-align-right\" style=\"margin-bottom:0;\">Sleeps 18<\/p>\n                                                                    <p class=\"has-base-color has-text-align-right\" style=\"margin-bottom:0;\">Bedrooms 6<\/p>\n                                                                    <p class=\"has-base-color has-text-align-right\" style=\"margin-bottom:0;\">Bathrooms 9<\/p>\n                                          <\/div>\n                  <\/div>\n                <\/div>\n              <\/div>\n            <\/a>\n          <\/div>\n                  <div class=\"wp-block-column swiper-slide\">\n            <a class=\"wp-block-custom-group-link\" href=\"https:\/\/www.casadecampo.com.do\/es\/villas\/exclusive-villas\/villa-refugio\/\">\n              <div class=\"wp-block-cover aligncenter has-custom-content-position is-position-bottom-center\" style=\"border-radius:0px;\">\n                                  <p class=\"custom-pill is-style-light\" style=\"margin-bottom:0;\">Exclusivas<\/p>\n                                <img loading=\"lazy\" decoding=\"async\" width=\"1920\" height=\"1080\" class=\"wp-block-cover__image-background wp-image-69285 size-full\" alt=\"placeholder image\" src=\"https:\/\/www.casadecampo.com.do\/wp-content\/uploads\/2023\/12\/6Bdr_Exc_Villa_Refugio_pool_view_01.jpg\" data-object-fit=\"cover\" \/>\n                <span aria-hidden=\"true\" class=\"wp-block-cover__background has-background-dim wp-block-cover__gradient-background has-background-gradient\" style=\"background:rgba(0,0,0,0.04)\"><\/span>\n                <div class=\"wp-block-cover__inner-container\">\n                  <div class=\"wp-block-group details is-layout-flex is-content-align-flex-end is-content-justification-space-between is-content-alignment-flex-end has-secondary-color has-text-color has-link-color\" style=\"border-radius:12px\">\n                    <div class=\"wp-block-group left\">\n                      <h4 class=\"wp-block-heading has-text-align-left has-base-color has-text-color has-link-color has-large-font-size\" style=\"margin-top:0; line-height: 1;\">Villa<br>Refugio<\/h4>\n                                              <p class=\"has-base-color has-text-color has-link-color\" style=\"margin-bottom:0;\">Near Las Ca\u00f1as<\/p>\n                                          <\/div>\n                    <div class=\"wp-block-group right\">\n                                              <p class=\"has-base-color has-text-align-right\" style=\"margin-bottom:0;\">Sleeps 18<\/p>\n                                                                    <p class=\"has-base-color has-text-align-right\" style=\"margin-bottom:0;\">Bedrooms 6<\/p>\n                                                                    <p class=\"has-base-color has-text-align-right\" style=\"margin-bottom:0;\">Bathrooms 8<\/p>\n                                          <\/div>\n                  <\/div>\n                <\/div>\n              <\/div>\n            <\/a>\n          <\/div>\n                  <div class=\"wp-block-column swiper-slide\">\n            <a class=\"wp-block-custom-group-link\" href=\"https:\/\/www.casadecampo.com.do\/es\/villas\/exclusive-villas\/villa-el-descubrimiento\/\">\n              <div class=\"wp-block-cover aligncenter has-custom-content-position is-position-bottom-center\" style=\"border-radius:0px;\">\n                                  <p class=\"custom-pill is-style-light\" style=\"margin-bottom:0;\">Exclusivas<\/p>\n                                <img loading=\"lazy\" decoding=\"async\" width=\"1440\" height=\"1080\" class=\"wp-block-cover__image-background wp-image-69129 size-full\" alt=\"placeholder image\" src=\"https:\/\/www.casadecampo.com.do\/wp-content\/uploads\/2023\/12\/5Bdr_Exc_Villa_El_Descubrimiento_exterior_01.jpg\" data-object-fit=\"cover\" \/>\n                <span aria-hidden=\"true\" class=\"wp-block-cover__background has-background-dim wp-block-cover__gradient-background has-background-gradient\" style=\"background:rgba(0,0,0,0.04)\"><\/span>\n                <div class=\"wp-block-cover__inner-container\">\n                  <div class=\"wp-block-group details is-layout-flex is-content-align-flex-end is-content-justification-space-between is-content-alignment-flex-end has-secondary-color has-text-color has-link-color\" style=\"border-radius:12px\">\n                    <div class=\"wp-block-group left\">\n                      <h4 class=\"wp-block-heading has-text-align-left has-base-color has-text-color has-link-color has-large-font-size\" style=\"margin-top:0; line-height: 1;\">Villa<br>El Descubrimiento<\/h4>\n                                              <p class=\"has-base-color has-text-color has-link-color\" style=\"margin-bottom:0;\">Near Las Palmas<\/p>\n                                          <\/div>\n                    <div class=\"wp-block-group right\">\n                                              <p class=\"has-base-color has-text-align-right\" style=\"margin-bottom:0;\">Sleeps 15<\/p>\n                                                                    <p class=\"has-base-color has-text-align-right\" style=\"margin-bottom:0;\">Bedrooms 5<\/p>\n                                                                    <p class=\"has-base-color has-text-align-right\" style=\"margin-bottom:0;\">Bathrooms 8<\/p>\n                                          <\/div>\n                  <\/div>\n                <\/div>\n              <\/div>\n            <\/a>\n          <\/div>\n                  <div class=\"wp-block-column swiper-slide\">\n            <a class=\"wp-block-custom-group-link\" href=\"https:\/\/www.casadecampo.com.do\/es\/villas\/exclusive-villas\/villa-los-cedros\/\">\n              <div class=\"wp-block-cover aligncenter has-custom-content-position is-position-bottom-center\" style=\"border-radius:0px;\">\n                                  <p class=\"custom-pill is-style-light\" style=\"margin-bottom:0;\">Exclusivas<\/p>\n                                <img loading=\"lazy\" decoding=\"async\" width=\"1720\" height=\"1080\" class=\"wp-block-cover__image-background wp-image-69037 size-full\" alt=\"placeholder image\" src=\"https:\/\/www.casadecampo.com.do\/wp-content\/uploads\/2023\/12\/5Bdr_Exc_Villa_Los_Cedros_pool_view_03.jpg\" data-object-fit=\"cover\" \/>\n                <span aria-hidden=\"true\" class=\"wp-block-cover__background has-background-dim wp-block-cover__gradient-background has-background-gradient\" style=\"background:rgba(0,0,0,0.04)\"><\/span>\n                <div class=\"wp-block-cover__inner-container\">\n                  <div class=\"wp-block-group details is-layout-flex is-content-align-flex-end is-content-justification-space-between is-content-alignment-flex-end has-secondary-color has-text-color has-link-color\" style=\"border-radius:12px\">\n                    <div class=\"wp-block-group left\">\n                      <h4 class=\"wp-block-heading has-text-align-left has-base-color has-text-color has-link-color has-large-font-size\" style=\"margin-top:0; line-height: 1;\">Villa<br>Los Cedros<\/h4>\n                                              <p class=\"has-base-color has-text-color has-link-color\" style=\"margin-bottom:0;\">Near Vivero II<\/p>\n                                          <\/div>\n                    <div class=\"wp-block-group right\">\n                                              <p class=\"has-base-color has-text-align-right\" style=\"margin-bottom:0;\">Sleeps 15<\/p>\n                                                                    <p class=\"has-base-color has-text-align-right\" style=\"margin-bottom:0;\">Bedrooms 5<\/p>\n                                                                    <p class=\"has-base-color has-text-align-right\" style=\"margin-bottom:0;\">Bathrooms 5.5<\/p>\n                                          <\/div>\n                  <\/div>\n                <\/div>\n              <\/div>\n            <\/a>\n          <\/div>\n                  <div class=\"wp-block-column swiper-slide\">\n            <a class=\"wp-block-custom-group-link\" href=\"https:\/\/www.casadecampo.com.do\/es\/villas\/exclusive-villas\/villa-amapola\/\">\n              <div class=\"wp-block-cover aligncenter has-custom-content-position is-position-bottom-center\" style=\"border-radius:0px;\">\n                                  <p class=\"custom-pill is-style-light\" style=\"margin-bottom:0;\">Exclusivas<\/p>\n                                <img loading=\"lazy\" decoding=\"async\" width=\"1920\" height=\"1079\" class=\"wp-block-cover__image-background wp-image-1315 size-full\" alt=\"placeholder image\" src=\"https:\/\/www.casadecampo.com.do\/wp-content\/uploads\/2025\/09\/5bdr_Exc_Villa_Amapola_-pool_view.jpg\" data-object-fit=\"cover\" srcset=\"https:\/\/www.casadecampo.com.do\/wp-content\/uploads\/2025\/09\/5bdr_Exc_Villa_Amapola_-pool_view.jpg 1920w, https:\/\/www.casadecampo.com.do\/wp-content\/smush-webp\/2025\/09\/5bdr_Exc_Villa_Amapola_-pool_view-300x169.jpg.webp 300w, https:\/\/www.casadecampo.com.do\/wp-content\/smush-webp\/2025\/09\/5bdr_Exc_Villa_Amapola_-pool_view-1024x575.jpg.webp 1024w, https:\/\/www.casadecampo.com.do\/wp-content\/smush-webp\/2025\/09\/5bdr_Exc_Villa_Amapola_-pool_view-768x432.jpg.webp 768w, https:\/\/www.casadecampo.com.do\/wp-content\/smush-webp\/2025\/09\/5bdr_Exc_Villa_Amapola_-pool_view-1536x863.jpg.webp 1536w\" sizes=\"auto, (max-width: 1920px) 100vw, 1920px\" \/>\n                <span aria-hidden=\"true\" class=\"wp-block-cover__background has-background-dim wp-block-cover__gradient-background has-background-gradient\" style=\"background:rgba(0,0,0,0.04)\"><\/span>\n                <div class=\"wp-block-cover__inner-container\">\n                  <div class=\"wp-block-group details is-layout-flex is-content-align-flex-end is-content-justification-space-between is-content-alignment-flex-end has-secondary-color has-text-color has-link-color\" style=\"border-radius:12px\">\n                    <div class=\"wp-block-group left\">\n                      <h4 class=\"wp-block-heading has-text-align-left has-base-color has-text-color has-link-color has-large-font-size\" style=\"margin-top:0; line-height: 1;\">Villa<br>Amapola<\/h4>\n                                              <p class=\"has-base-color has-text-color has-link-color\" style=\"margin-bottom:0;\">Near Las Ca\u00f1as<\/p>\n                                          <\/div>\n                    <div class=\"wp-block-group right\">\n                                              <p class=\"has-base-color has-text-align-right\" style=\"margin-bottom:0;\">Sleeps 15<\/p>\n                                                                    <p class=\"has-base-color has-text-align-right\" style=\"margin-bottom:0;\">Bedrooms 5<\/p>\n                                                                    <p class=\"has-base-color has-text-align-right\" style=\"margin-bottom:0;\">Bathrooms 7<\/p>\n                                          <\/div>\n                  <\/div>\n                <\/div>\n              <\/div>\n            <\/a>\n          <\/div>\n                  <div class=\"wp-block-column swiper-slide\">\n            <a class=\"wp-block-custom-group-link\" href=\"https:\/\/www.casadecampo.com.do\/es\/villas\/exclusive-villas\/villa-vista-verde\/\">\n              <div class=\"wp-block-cover aligncenter has-custom-content-position is-position-bottom-center\" style=\"border-radius:0px;\">\n                                  <p class=\"custom-pill is-style-light\" style=\"margin-bottom:0;\">Exclusivas<\/p>\n                                <img loading=\"lazy\" decoding=\"async\" width=\"1920\" height=\"1440\" class=\"wp-block-cover__image-background wp-image-85903 size-full\" alt=\"placeholder image\" src=\"https:\/\/www.casadecampo.com.do\/wp-content\/uploads\/2025\/10\/4Bdr_Exc_Villa_Vista_Lagos_Pool_view_01-scaled-2.jpg\" data-object-fit=\"cover\" srcset=\"https:\/\/www.casadecampo.com.do\/wp-content\/uploads\/2025\/10\/4Bdr_Exc_Villa_Vista_Lagos_Pool_view_01-scaled-2.jpg 1920w, https:\/\/www.casadecampo.com.do\/wp-content\/smush-webp\/2025\/10\/4Bdr_Exc_Villa_Vista_Lagos_Pool_view_01-scaled-2-300x225.jpg.webp 300w, https:\/\/www.casadecampo.com.do\/wp-content\/smush-webp\/2025\/10\/4Bdr_Exc_Villa_Vista_Lagos_Pool_view_01-scaled-2-1024x768.jpg.webp 1024w, https:\/\/www.casadecampo.com.do\/wp-content\/smush-webp\/2025\/10\/4Bdr_Exc_Villa_Vista_Lagos_Pool_view_01-scaled-2-768x576.jpg.webp 768w, https:\/\/www.casadecampo.com.do\/wp-content\/smush-webp\/2025\/10\/4Bdr_Exc_Villa_Vista_Lagos_Pool_view_01-scaled-2-1536x1152.jpg.webp 1536w, https:\/\/www.casadecampo.com.do\/wp-content\/smush-webp\/2025\/10\/4Bdr_Exc_Villa_Vista_Lagos_Pool_view_01-scaled-2-600x450.jpg.webp 600w\" sizes=\"auto, (max-width: 1920px) 100vw, 1920px\" \/>\n                <span aria-hidden=\"true\" class=\"wp-block-cover__background has-background-dim wp-block-cover__gradient-background has-background-gradient\" style=\"background:rgba(0,0,0,0.04)\"><\/span>\n                <div class=\"wp-block-cover__inner-container\">\n                  <div class=\"wp-block-group details is-layout-flex is-content-align-flex-end is-content-justification-space-between is-content-alignment-flex-end has-secondary-color has-text-color has-link-color\" style=\"border-radius:12px\">\n                    <div class=\"wp-block-group left\">\n                      <h4 class=\"wp-block-heading has-text-align-left has-base-color has-text-color has-link-color has-large-font-size\" style=\"margin-top:0; line-height: 1;\">Villa<br>Vista Verde<\/h4>\n                                              <p class=\"has-base-color has-text-color has-link-color\" style=\"margin-bottom:0;\">Near Los Lagos<\/p>\n                                          <\/div>\n                    <div class=\"wp-block-group right\">\n                                              <p class=\"has-base-color has-text-align-right\" style=\"margin-bottom:0;\">Sleeps 12<\/p>\n                                                                    <p class=\"has-base-color has-text-align-right\" style=\"margin-bottom:0;\">Bedrooms 6<\/p>\n                                                                    <p class=\"has-base-color has-text-align-right\" style=\"margin-bottom:0;\">Bathrooms 6.5<\/p>\n                                          <\/div>\n                  <\/div>\n                <\/div>\n              <\/div>\n            <\/a>\n          <\/div>\n                  <div class=\"wp-block-column swiper-slide\">\n            <a class=\"wp-block-custom-group-link\" href=\"https:\/\/www.casadecampo.com.do\/es\/villas\/exclusive-villas\/villa-vista-lagos\/\">\n              <div class=\"wp-block-cover aligncenter has-custom-content-position is-position-bottom-center\" style=\"border-radius:0px;\">\n                                  <p class=\"custom-pill is-style-light\" style=\"margin-bottom:0;\">Exclusivas<\/p>\n                                <img loading=\"lazy\" decoding=\"async\" width=\"1920\" height=\"1280\" class=\"wp-block-cover__image-background wp-image-92367 size-full\" alt=\"placeholder image\" src=\"https:\/\/www.casadecampo.com.do\/wp-content\/uploads\/2025\/10\/4Bdr_Exc_Villa_Vista_Lagos_pool_01.jpg\" data-object-fit=\"cover\" srcset=\"https:\/\/www.casadecampo.com.do\/wp-content\/uploads\/2025\/10\/4Bdr_Exc_Villa_Vista_Lagos_pool_01.jpg 1920w, https:\/\/www.casadecampo.com.do\/wp-content\/smush-webp\/2025\/10\/4Bdr_Exc_Villa_Vista_Lagos_pool_01-300x200.jpg.webp 300w, https:\/\/www.casadecampo.com.do\/wp-content\/smush-webp\/2025\/10\/4Bdr_Exc_Villa_Vista_Lagos_pool_01-1024x683.jpg.webp 1024w, https:\/\/www.casadecampo.com.do\/wp-content\/smush-webp\/2025\/10\/4Bdr_Exc_Villa_Vista_Lagos_pool_01-768x512.jpg.webp 768w, https:\/\/www.casadecampo.com.do\/wp-content\/smush-webp\/2025\/10\/4Bdr_Exc_Villa_Vista_Lagos_pool_01-391x260.jpg.webp 391w, https:\/\/www.casadecampo.com.do\/wp-content\/smush-webp\/2025\/10\/4Bdr_Exc_Villa_Vista_Lagos_pool_01-1536x1024.jpg.webp 1536w, https:\/\/www.casadecampo.com.do\/wp-content\/smush-webp\/2025\/10\/4Bdr_Exc_Villa_Vista_Lagos_pool_01-150x100.jpg.webp 150w, https:\/\/www.casadecampo.com.do\/wp-content\/smush-webp\/2025\/10\/4Bdr_Exc_Villa_Vista_Lagos_pool_01-600x400.jpg.webp 600w, https:\/\/www.casadecampo.com.do\/wp-content\/smush-webp\/2025\/10\/4Bdr_Exc_Villa_Vista_Lagos_pool_01-900x600.jpg.webp 900w\" sizes=\"auto, (max-width: 1920px) 100vw, 1920px\" \/>\n                <span aria-hidden=\"true\" class=\"wp-block-cover__background has-background-dim wp-block-cover__gradient-background has-background-gradient\" style=\"background:rgba(0,0,0,0.04)\"><\/span>\n                <div class=\"wp-block-cover__inner-container\">\n                  <div class=\"wp-block-group details is-layout-flex is-content-align-flex-end is-content-justification-space-between is-content-alignment-flex-end has-secondary-color has-text-color has-link-color\" style=\"border-radius:12px\">\n                    <div class=\"wp-block-group left\">\n                      <h4 class=\"wp-block-heading has-text-align-left has-base-color has-text-color has-link-color has-large-font-size\" style=\"margin-top:0; line-height: 1;\">Villa<br>Vista Lagos<\/h4>\n                                              <p class=\"has-base-color has-text-color has-link-color\" style=\"margin-bottom:0;\">Near Vista Lagos<\/p>\n                                          <\/div>\n                    <div class=\"wp-block-group right\">\n                                              <p class=\"has-base-color has-text-align-right\" style=\"margin-bottom:0;\">Sleeps 15<\/p>\n                                                                    <p class=\"has-base-color has-text-align-right\" style=\"margin-bottom:0;\">Bedrooms 5<\/p>\n                                                                    <p class=\"has-base-color has-text-align-right\" style=\"margin-bottom:0;\">Bathrooms 5<\/p>\n                                          <\/div>\n                  <\/div>\n                <\/div>\n              <\/div>\n            <\/a>\n          <\/div>\n                  <div class=\"wp-block-column swiper-slide\">\n            <a class=\"wp-block-custom-group-link\" href=\"https:\/\/www.casadecampo.com.do\/es\/villas\/exclusive-villas\/casa-le-garnier\/\">\n              <div class=\"wp-block-cover aligncenter has-custom-content-position is-position-bottom-center\" style=\"border-radius:0px;\">\n                                  <p class=\"custom-pill is-style-light\" style=\"margin-bottom:0;\">Exclusivas<\/p>\n                                <img loading=\"lazy\" decoding=\"async\" width=\"1920\" height=\"1119\" class=\"wp-block-cover__image-background wp-image-60072 size-full\" alt=\"placeholder image\" src=\"https:\/\/www.casadecampo.com.do\/wp-content\/uploads\/2022\/09\/Casa_Le_Garnier_Pool_view_5.jpeg\" data-object-fit=\"cover\" \/>\n                <span aria-hidden=\"true\" class=\"wp-block-cover__background has-background-dim wp-block-cover__gradient-background has-background-gradient\" style=\"background:rgba(0,0,0,0.04)\"><\/span>\n                <div class=\"wp-block-cover__inner-container\">\n                  <div class=\"wp-block-group details is-layout-flex is-content-align-flex-end is-content-justification-space-between is-content-alignment-flex-end has-secondary-color has-text-color has-link-color\" style=\"border-radius:12px\">\n                    <div class=\"wp-block-group left\">\n                      <h4 class=\"wp-block-heading has-text-align-left has-base-color has-text-color has-link-color has-large-font-size\" style=\"margin-top:0; line-height: 1;\">Casa<br>Le Garnier<\/h4>\n                                              <p class=\"has-base-color has-text-color has-link-color\" style=\"margin-bottom:0;\">Near Cacique<\/p>\n                                          <\/div>\n                    <div class=\"wp-block-group right\">\n                                              <p class=\"has-base-color has-text-align-right\" style=\"margin-bottom:0;\">Sleeps 18<\/p>\n                                                                    <p class=\"has-base-color has-text-align-right\" style=\"margin-bottom:0;\">Bedrooms 6<\/p>\n                                                                    <p class=\"has-base-color has-text-align-right\" style=\"margin-bottom:0;\">Bathrooms 6.5<\/p>\n                                          <\/div>\n                  <\/div>\n                <\/div>\n              <\/div>\n            <\/a>\n          <\/div>\n                  <div class=\"wp-block-column swiper-slide\">\n            <a class=\"wp-block-custom-group-link\" href=\"https:\/\/www.casadecampo.com.do\/es\/villas\/exclusive-villas\/villa-marsella\/\">\n              <div class=\"wp-block-cover aligncenter has-custom-content-position is-position-bottom-center\" style=\"border-radius:0px;\">\n                                  <p class=\"custom-pill is-style-light\" style=\"margin-bottom:0;\">Exclusivas<\/p>\n                                <img loading=\"lazy\" decoding=\"async\" width=\"800\" height=\"533\" class=\"wp-block-cover__image-background wp-image-59773 size-full\" alt=\"placeholder image\" src=\"https:\/\/www.casadecampo.com.do\/wp-content\/uploads\/2022\/08\/Exc_5Brd_Villa_Marsella_Patio.jpeg\" data-object-fit=\"cover\" \/>\n                <span aria-hidden=\"true\" class=\"wp-block-cover__background has-background-dim wp-block-cover__gradient-background has-background-gradient\" style=\"background:rgba(0,0,0,0.04)\"><\/span>\n                <div class=\"wp-block-cover__inner-container\">\n                  <div class=\"wp-block-group details is-layout-flex is-content-align-flex-end is-content-justification-space-between is-content-alignment-flex-end has-secondary-color has-text-color has-link-color\" style=\"border-radius:12px\">\n                    <div class=\"wp-block-group left\">\n                      <h4 class=\"wp-block-heading has-text-align-left has-base-color has-text-color has-link-color has-large-font-size\" style=\"margin-top:0; line-height: 1;\">Villa<br>Marsella<\/h4>\n                                              <p class=\"has-base-color has-text-color has-link-color\" style=\"margin-bottom:0;\">Near Los Lagos<\/p>\n                                          <\/div>\n                    <div class=\"wp-block-group right\">\n                                              <p class=\"has-base-color has-text-align-right\" style=\"margin-bottom:0;\">Sleeps 15<\/p>\n                                                                    <p class=\"has-base-color has-text-align-right\" style=\"margin-bottom:0;\">Bedrooms 5<\/p>\n                                                                    <p class=\"has-base-color has-text-align-right\" style=\"margin-bottom:0;\">Bathrooms 5<\/p>\n                                          <\/div>\n                  <\/div>\n                <\/div>\n              <\/div>\n            <\/a>\n          <\/div>\n              <\/div>\n    <\/div>\n  <\/section>\n\n\n\n<div class=\"wp-block-columns is-layout-flex wp-container-core-columns-is-layout-671d0057 wp-block-columns-is-layout-flex\">\n<div class=\"wp-block-column is-layout-flow wp-block-column-is-layout-flow\">\n<div class=\"wp-block-group content-toggle has-global-padding is-layout-constrained wp-block-group-is-layout-constrained\">\n<div class=\"wp-block-buttons is-style-with-spacer is-horizontal is-content-justification-right is-layout-flex wp-container-core-buttons-is-layout-593751c1 wp-block-buttons-is-layout-flex\">\n<div class=\"wp-block-button content-toggle-button is-style-secondary\"><a class=\"wp-block-button__link wp-element-button\" style=\"border-style:none;border-width:0px;text-transform:capitalize\">Mostrar Caracter\u00edsticas Y Comodidades<\/a><\/div>\n\n\n\n<div class=\"wp-block-button is-style-primary-with-arrow\"><a class=\"wp-block-button__link wp-element-button\" href=\"https:\/\/www.casadecampo.com.do\/es\/villas\/exclusive-villas\/\" style=\"text-transform:capitalize\">Ver Todas Las Villas Exclusivas<\/a><\/div>\n<\/div>\n\n\n\n<div class=\"wp-block-group collapsible-content has-secondary-color has-text-color has-link-color wp-elements-2bcc81d68ac803bd92572c78e270441b has-global-padding is-layout-constrained wp-block-group-is-layout-constrained\">\n<h2 class=\"wp-block-heading has-primary-color has-text-color has-link-color has-xx-large-font-size wp-elements-07e69fefb05c171e65495d444726ad90\">Caracter\u00edsticas<br>y comodidades<\/h2>\n\n\n\n<div class=\"wp-block-columns is-layout-flex wp-container-core-columns-is-layout-94a71afd wp-block-columns-is-layout-flex\">\n<div class=\"wp-block-column is-layout-flow wp-block-column-is-layout-flow\">\n<h2 class=\"wp-block-heading has-primary-color has-text-color has-link-color has-medium-font-size wp-elements-9af3ddec550e2708a87d7aed6799a13f\">Los hu\u00e9spedes de nuestras Villas Exclusivas disfrutan de los siguientes beneficios y servicios:<\/h2>\n\n\n\n<p><strong>Carritos de golf<\/strong> para transportarse dentro del resort.<\/p>\n\n\n\n<ul class=\"wp-block-list\">\n<li>Los hu\u00e9spedes de villas de hasta cuatro dormitorios disfrutan de dos carritos de golf para 4 pasajeros.<\/li>\n\n\n\n<li>Los hu\u00e9spedes de villas de cinco a diez habitaciones disfrutan de tres carritos de golf de 4 pasajeros y un autom\u00f3vil de tama\u00f1o intermedio.<\/li>\n\n\n\n<li>Durante Navidad\/A\u00f1o Nuevo, un carrito de golf puede ser reemplazado por un (1) autom\u00f3vil de tama\u00f1o mediano.<\/li>\n<\/ul>\n\n\n\n<p><strong>Desayuno diario<\/strong> preparado en la villa<\/p>\n\n\n\n<p><strong>Servicio de ama de llaves<\/strong> de 7:30 a.m. \u2013 9:30 p.m.<\/p>\n\n\n\n<p><strong>Servicio de mayordomo<\/strong> de 7:30 a.m. &#8211; 6:30 p.m. todos los d\u00edas \u2013 servicios incluyen preparaci\u00f3n sencilla de alimentos y servicios de bartender<\/p>\n\n\n\n<p><strong>Un traslado ida y vuelta desde y hacia el aeropuerto Internacional La Romana<\/strong> (a solo 5 minutos del lobby del hotel)<\/p>\n\n\n\n<p><strong>Uso ilimitado del gimnasio<\/strong><\/p>\n\n\n\n<p><strong>WiFi gratis en la villa<\/strong><\/p>\n\n\n\n<p><strong>Detalle de bienvenida:<\/strong> Canasta dominicana que incluye: 3 botellas de Ron, surtido de botellas de refrescos, cervezas y agua, cesta de fruta de temporada<\/p>\n\n\n\n<p><strong>Check-in personalizado<\/strong> y orientaci\u00f3n en la villa<\/p>\n\n\n\n<p><strong>Servicio de Concierge<\/strong> para todos los deportes y reservas en restaurantes u otro tipo de asistencia<\/p>\n\n\n\n<p>Uso de actividades del programa familiar, que incluye nuestros programas infantiles supervisados de 1 a 17 a\u00f1os, nuestra Family Fun Zone, un centro de entretenimiento lleno de actividades y juegos.<\/p>\n<\/div>\n\n\n\n<div class=\"wp-block-column is-layout-flow wp-block-column-is-layout-flow\" style=\"flex-basis:240px\">\n<p class=\"has-primary-color has-text-color has-link-color wp-elements-d5649207b23e3150c076473b88b1edca\"><strong>Habitaciones con aire acondicionado<br>Parrilla de barbacoa<br>Muebles de exterior<br>\u00c1reas para comer<br>Jardines paisaj\u00edsticos<br>\u00c1rea de estacionamiento o marquesina<br>Televisor de pantalla plana<br>Sistema de sonido<br>Tel\u00e9fono interno<br>Wi-Fi gratis<br>Cocina completa<br>Refrigerador<br>Horno de microondas<br>Tostadora<br>Cafetera<br>Utensilios de cocina completos<br>Despertador<br>Secador de pelo<br>Plancha y tabla de planchar<br>Armario para lencer\u00eda<br>Lavadora y secadora<br><\/strong><\/p>\n\n\n\n<p>Para su seguridad:<\/p>\n\n\n\n<p class=\"has-primary-color has-text-color has-link-color wp-elements-76c9cc2a334eea954e0a85d6e3637584\"><strong>Detectores de humo<br>Detectores de mon\u00f3xido de carbono<br>Extintores de fuego<\/strong><\/p>\n<\/div>\n<\/div>\n<\/div>\n<\/div>\n<\/div>\n<\/div>\n<\/div>\n\n\n\n<div id=\"classic\" class=\"wp-block-group custom-post-type-carousel is-style-has-border-bottom has-global-padding is-layout-constrained wp-container-core-group-is-layout-797e53f2 wp-block-group-is-layout-constrained\" style=\"padding-top:var(--wp--preset--spacing--140);padding-right:0;padding-bottom:var(--wp--preset--spacing--140);padding-left:0\">\n<div class=\"wp-block-columns intro-box is-layout-flex wp-container-core-columns-is-layout-56150cc7 wp-block-columns-is-layout-flex\" style=\"margin-top:var(--wp--preset--spacing--0);margin-bottom:var(--wp--preset--spacing--48)\">\n<div class=\"wp-block-column is-layout-flow wp-block-column-is-layout-flow\">\n<div class=\"wp-block-group heading-title has-global-padding is-content-justification-left is-layout-constrained wp-container-core-group-is-layout-153b1959 wp-block-group-is-layout-constrained\" style=\"margin-bottom:0\">\n<h3 class=\"wp-block-heading has-text-align-left has-x-large-font-size\" style=\"margin-top:0;margin-bottom:0;padding-top:0;padding-bottom:0;letter-spacing:-0.44px;line-height:1\">Villas Cl\u00e1sicas<\/h3>\n<\/div>\n<\/div>\n\n\n\n<div class=\"wp-block-column is-vertically-aligned-bottom is-layout-flow wp-block-column-is-layout-flow\">\n<div class=\"wp-block-group has-global-padding is-layout-constrained wp-block-group-is-layout-constrained\">\n<p class=\"has-secondary-color has-text-color has-link-color wp-elements-0a64fe4bf0746e0ae367c7c882d1b4c9\" style=\"margin-top:var(--wp--preset--spacing--8)\">Rel\u00e1jese en el tranquilo encanto colonial de su propio refugio privado de 3 a 5 habitaciones.<\/p>\n<\/div>\n<\/div>\n<\/div>\n\n\n  <section\n    class=\"cpt-query-loop-random-or-custom-carousel align wp-block-acf-cpt-query-loop-random-or-custom-carousel\" id=\"cpt-query-loop-random-or-custom-carousel-block_ae197c7766bcd6811115edf0da9b2993\"  >\n    <div class=\"wp-block-columns show-carousel-nav columns-carousel-2 random-carousel-js swiper\" data-random-carousel data-block-id=\"cpt-query-loop-random-or-custom-carousel-block_ae197c7766bcd6811115edf0da9b2993\" style=\"margin-bottom:var(--wp--preset--spacing--48)\">\n      <div class=\"swiper-wrapper\">\n                  <div class=\"wp-block-column swiper-slide\">\n            <a class=\"wp-block-custom-group-link\" href=\"https:\/\/www.casadecampo.com.do\/es\/villas\/classic-villas\/villa-tropicalia\/\">\n              <div class=\"wp-block-cover aligncenter has-custom-content-position is-position-bottom-center\" style=\"border-radius:0px;\">\n                                  <p class=\"custom-pill is-style-light\" style=\"margin-bottom:0;\">Cl\u00e1sica<\/p>\n                                <img loading=\"lazy\" decoding=\"async\" width=\"2560\" height=\"1707\" class=\"wp-block-cover__image-background wp-image-98022 size-full\" alt=\"placeholder image\" src=\"https:\/\/www.casadecampo.com.do\/wp-content\/uploads\/2026\/03\/5bdr_Classic_Villa_Villa-Tropicalia_-58.jpg\" data-object-fit=\"cover\" srcset=\"https:\/\/www.casadecampo.com.do\/wp-content\/uploads\/2026\/03\/5bdr_Classic_Villa_Villa-Tropicalia_-58.jpg 2560w, https:\/\/www.casadecampo.com.do\/wp-content\/smush-webp\/2026\/03\/5bdr_Classic_Villa_Villa-Tropicalia_-58-300x200.jpg.webp 300w, https:\/\/www.casadecampo.com.do\/wp-content\/smush-webp\/2026\/03\/5bdr_Classic_Villa_Villa-Tropicalia_-58-1024x683.jpg.webp 1024w, https:\/\/www.casadecampo.com.do\/wp-content\/smush-webp\/2026\/03\/5bdr_Classic_Villa_Villa-Tropicalia_-58-768x512.jpg.webp 768w, https:\/\/www.casadecampo.com.do\/wp-content\/smush-webp\/2026\/03\/5bdr_Classic_Villa_Villa-Tropicalia_-58-391x260.jpg.webp 391w, https:\/\/www.casadecampo.com.do\/wp-content\/smush-webp\/2026\/03\/5bdr_Classic_Villa_Villa-Tropicalia_-58-1536x1024.jpg.webp 1536w, https:\/\/www.casadecampo.com.do\/wp-content\/smush-webp\/2026\/03\/5bdr_Classic_Villa_Villa-Tropicalia_-58-2048x1366.jpg.webp 2048w, https:\/\/www.casadecampo.com.do\/wp-content\/smush-webp\/2026\/03\/5bdr_Classic_Villa_Villa-Tropicalia_-58-150x100.jpg.webp 150w, https:\/\/www.casadecampo.com.do\/wp-content\/smush-webp\/2026\/03\/5bdr_Classic_Villa_Villa-Tropicalia_-58-600x400.jpg.webp 600w, https:\/\/www.casadecampo.com.do\/wp-content\/smush-webp\/2026\/03\/5bdr_Classic_Villa_Villa-Tropicalia_-58-900x600.jpg.webp 900w\" sizes=\"auto, (max-width: 2560px) 100vw, 2560px\" \/>\n                <span aria-hidden=\"true\" class=\"wp-block-cover__background has-background-dim wp-block-cover__gradient-background has-background-gradient\" style=\"background:rgba(0,0,0,0.04)\"><\/span>\n                <div class=\"wp-block-cover__inner-container\">\n                  <div class=\"wp-block-group details is-layout-flex is-content-align-flex-end is-content-justification-space-between is-content-alignment-flex-end has-secondary-color has-text-color has-link-color\" style=\"border-radius:12px\">\n                    <div class=\"wp-block-group left\">\n                      <h4 class=\"wp-block-heading has-text-align-left has-base-color has-text-color has-link-color has-large-font-size\" style=\"margin-top:0; line-height: 1;\">Villa<br>Tropicalia<\/h4>\n                                              <p class=\"has-base-color has-text-color has-link-color\" style=\"margin-bottom:0;\">Near Las Ca\u00f1as<\/p>\n                                          <\/div>\n                    <div class=\"wp-block-group right\">\n                                              <p class=\"has-base-color has-text-align-right\" style=\"margin-bottom:0;\">Sleeps 15<\/p>\n                                                                    <p class=\"has-base-color has-text-align-right\" style=\"margin-bottom:0;\">Bedrooms 5<\/p>\n                                                                    <p class=\"has-base-color has-text-align-right\" style=\"margin-bottom:0;\">Bathrooms 6<\/p>\n                                          <\/div>\n                  <\/div>\n                <\/div>\n              <\/div>\n            <\/a>\n          <\/div>\n                  <div class=\"wp-block-column swiper-slide\">\n            <a class=\"wp-block-custom-group-link\" href=\"https:\/\/www.casadecampo.com.do\/es\/villas\/classic-villas\/casa-sonare\/\">\n              <div class=\"wp-block-cover aligncenter has-custom-content-position is-position-bottom-center\" style=\"border-radius:0px;\">\n                                  <p class=\"custom-pill is-style-light\" style=\"margin-bottom:0;\">Cl\u00e1sica<\/p>\n                                <img loading=\"lazy\" decoding=\"async\" width=\"1621\" height=\"1080\" class=\"wp-block-cover__image-background wp-image-1130 size-full\" alt=\"placeholder image\" src=\"https:\/\/www.casadecampo.com.do\/wp-content\/uploads\/2025\/09\/5bdr_CLV_Casa_Sonares_pool_view_07.jpeg\" data-object-fit=\"cover\" srcset=\"https:\/\/www.casadecampo.com.do\/wp-content\/uploads\/2025\/09\/5bdr_CLV_Casa_Sonares_pool_view_07.jpeg 1621w, https:\/\/www.casadecampo.com.do\/wp-content\/smush-webp\/2025\/09\/5bdr_CLV_Casa_Sonares_pool_view_07-300x200.jpeg.webp 300w, https:\/\/www.casadecampo.com.do\/wp-content\/smush-webp\/2025\/09\/5bdr_CLV_Casa_Sonares_pool_view_07-1024x682.jpeg.webp 1024w, https:\/\/www.casadecampo.com.do\/wp-content\/smush-webp\/2025\/09\/5bdr_CLV_Casa_Sonares_pool_view_07-768x512.jpeg.webp 768w, https:\/\/www.casadecampo.com.do\/wp-content\/smush-webp\/2025\/09\/5bdr_CLV_Casa_Sonares_pool_view_07-391x260.jpeg.webp 391w, https:\/\/www.casadecampo.com.do\/wp-content\/smush-webp\/2025\/09\/5bdr_CLV_Casa_Sonares_pool_view_07-1536x1023.jpeg.webp 1536w, https:\/\/www.casadecampo.com.do\/wp-content\/smush-webp\/2025\/09\/5bdr_CLV_Casa_Sonares_pool_view_07-150x100.jpeg.webp 150w, https:\/\/www.casadecampo.com.do\/wp-content\/smush-webp\/2025\/09\/5bdr_CLV_Casa_Sonares_pool_view_07-600x400.jpeg.webp 600w, https:\/\/www.casadecampo.com.do\/wp-content\/smush-webp\/2025\/09\/5bdr_CLV_Casa_Sonares_pool_view_07-900x600.jpeg.webp 900w\" sizes=\"auto, (max-width: 1621px) 100vw, 1621px\" \/>\n                <span aria-hidden=\"true\" class=\"wp-block-cover__background has-background-dim wp-block-cover__gradient-background has-background-gradient\" style=\"background:rgba(0,0,0,0.04)\"><\/span>\n                <div class=\"wp-block-cover__inner-container\">\n                  <div class=\"wp-block-group details is-layout-flex is-content-align-flex-end is-content-justification-space-between is-content-alignment-flex-end has-secondary-color has-text-color has-link-color\" style=\"border-radius:12px\">\n                    <div class=\"wp-block-group left\">\n                      <h4 class=\"wp-block-heading has-text-align-left has-base-color has-text-color has-link-color has-large-font-size\" style=\"margin-top:0; line-height: 1;\">Casa<br>So\u00f1are<\/h4>\n                                              <p class=\"has-base-color has-text-color has-link-color\" style=\"margin-bottom:0;\">Near Las Ca\u00f1as<\/p>\n                                          <\/div>\n                    <div class=\"wp-block-group right\">\n                                              <p class=\"has-base-color has-text-align-right\" style=\"margin-bottom:0;\">Sleeps 15<\/p>\n                                                                    <p class=\"has-base-color has-text-align-right\" style=\"margin-bottom:0;\">Bedrooms 5<\/p>\n                                                                    <p class=\"has-base-color has-text-align-right\" style=\"margin-bottom:0;\">Bathrooms 5<\/p>\n                                          <\/div>\n                  <\/div>\n                <\/div>\n              <\/div>\n            <\/a>\n          <\/div>\n                  <div class=\"wp-block-column swiper-slide\">\n            <a class=\"wp-block-custom-group-link\" href=\"https:\/\/www.casadecampo.com.do\/es\/villas\/classic-villas\/casa-sol-de-oriente\/\">\n              <div class=\"wp-block-cover aligncenter has-custom-content-position is-position-bottom-center\" style=\"border-radius:0px;\">\n                                  <p class=\"custom-pill is-style-light\" style=\"margin-bottom:0;\">Cl\u00e1sica<\/p>\n                                <img loading=\"lazy\" decoding=\"async\" width=\"1622\" height=\"1080\" class=\"wp-block-cover__image-background wp-image-66674 size-full\" alt=\"placeholder image\" src=\"https:\/\/www.casadecampo.com.do\/wp-content\/uploads\/2023\/08\/4Bdr_CLV_Casa_Sol_de_Oriente_pool_02.jpg\" data-object-fit=\"cover\" \/>\n                <span aria-hidden=\"true\" class=\"wp-block-cover__background has-background-dim wp-block-cover__gradient-background has-background-gradient\" style=\"background:rgba(0,0,0,0.04)\"><\/span>\n                <div class=\"wp-block-cover__inner-container\">\n                  <div class=\"wp-block-group details is-layout-flex is-content-align-flex-end is-content-justification-space-between is-content-alignment-flex-end has-secondary-color has-text-color has-link-color\" style=\"border-radius:12px\">\n                    <div class=\"wp-block-group left\">\n                      <h4 class=\"wp-block-heading has-text-align-left has-base-color has-text-color has-link-color has-large-font-size\" style=\"margin-top:0; line-height: 1;\">Casa<br>Sol de Oriente<\/h4>\n                                              <p class=\"has-base-color has-text-color has-link-color\" style=\"margin-bottom:0;\">Near Las Ca\u00f1as<\/p>\n                                          <\/div>\n                    <div class=\"wp-block-group right\">\n                                              <p class=\"has-base-color has-text-align-right\" style=\"margin-bottom:0;\">Sleeps 12<\/p>\n                                                                    <p class=\"has-base-color has-text-align-right\" style=\"margin-bottom:0;\">Bedrooms 4<\/p>\n                                                                    <p class=\"has-base-color has-text-align-right\" style=\"margin-bottom:0;\">Bathrooms 4<\/p>\n                                          <\/div>\n                  <\/div>\n                <\/div>\n              <\/div>\n            <\/a>\n          <\/div>\n                  <div class=\"wp-block-column swiper-slide\">\n            <a class=\"wp-block-custom-group-link\" href=\"https:\/\/www.casadecampo.com.do\/es\/villas\/classic-villas\/villa-brisa-del-este\/\">\n              <div class=\"wp-block-cover aligncenter has-custom-content-position is-position-bottom-center\" style=\"border-radius:0px;\">\n                                  <p class=\"custom-pill is-style-light\" style=\"margin-bottom:0;\">Cl\u00e1sica<\/p>\n                                <img loading=\"lazy\" decoding=\"async\" width=\"1920\" height=\"1080\" class=\"wp-block-cover__image-background wp-image-85895 size-full\" alt=\"placeholder image\" src=\"https:\/\/www.casadecampo.com.do\/wp-content\/uploads\/2025\/10\/4bdr_Cla_Brisa_del_este_pool_view-scaled-2.jpeg\" data-object-fit=\"cover\" srcset=\"https:\/\/www.casadecampo.com.do\/wp-content\/uploads\/2025\/10\/4bdr_Cla_Brisa_del_este_pool_view-scaled-2.jpeg 1920w, https:\/\/www.casadecampo.com.do\/wp-content\/smush-webp\/2025\/10\/4bdr_Cla_Brisa_del_este_pool_view-scaled-2-300x169.jpeg.webp 300w, https:\/\/www.casadecampo.com.do\/wp-content\/smush-webp\/2025\/10\/4bdr_Cla_Brisa_del_este_pool_view-scaled-2-1024x576.jpeg.webp 1024w, https:\/\/www.casadecampo.com.do\/wp-content\/smush-webp\/2025\/10\/4bdr_Cla_Brisa_del_este_pool_view-scaled-2-768x432.jpeg.webp 768w, https:\/\/www.casadecampo.com.do\/wp-content\/smush-webp\/2025\/10\/4bdr_Cla_Brisa_del_este_pool_view-scaled-2-1536x864.jpeg.webp 1536w\" sizes=\"auto, (max-width: 1920px) 100vw, 1920px\" \/>\n                <span aria-hidden=\"true\" class=\"wp-block-cover__background has-background-dim wp-block-cover__gradient-background has-background-gradient\" style=\"background:rgba(0,0,0,0.04)\"><\/span>\n                <div class=\"wp-block-cover__inner-container\">\n                  <div class=\"wp-block-group details is-layout-flex is-content-align-flex-end is-content-justification-space-between is-content-alignment-flex-end has-secondary-color has-text-color has-link-color\" style=\"border-radius:12px\">\n                    <div class=\"wp-block-group left\">\n                      <h4 class=\"wp-block-heading has-text-align-left has-base-color has-text-color has-link-color has-large-font-size\" style=\"margin-top:0; line-height: 1;\">Villa<br>Brisa del Este<\/h4>\n                                              <p class=\"has-base-color has-text-color has-link-color\" style=\"margin-bottom:0;\">Near Polo<\/p>\n                                          <\/div>\n                    <div class=\"wp-block-group right\">\n                                              <p class=\"has-base-color has-text-align-right\" style=\"margin-bottom:0;\">Sleeps 12<\/p>\n                                                                    <p class=\"has-base-color has-text-align-right\" style=\"margin-bottom:0;\">Bedrooms 4<\/p>\n                                                                    <p class=\"has-base-color has-text-align-right\" style=\"margin-bottom:0;\">Bathrooms 6<\/p>\n                                          <\/div>\n                  <\/div>\n                <\/div>\n              <\/div>\n            <\/a>\n          <\/div>\n                  <div class=\"wp-block-column swiper-slide\">\n            <a class=\"wp-block-custom-group-link\" href=\"https:\/\/www.casadecampo.com.do\/es\/villas\/classic-villas\/villa-majestic\/\">\n              <div class=\"wp-block-cover aligncenter has-custom-content-position is-position-bottom-center\" style=\"border-radius:0px;\">\n                                  <p class=\"custom-pill is-style-light\" style=\"margin-bottom:0;\">Cl\u00e1sica<\/p>\n                                <img loading=\"lazy\" decoding=\"async\" width=\"1400\" height=\"800\" class=\"wp-block-cover__image-background wp-image-1312 size-full\" alt=\"placeholder image\" src=\"https:\/\/www.casadecampo.com.do\/wp-content\/uploads\/2025\/09\/Classic-4-Bdrm-Villa-Majestic-1.jpg\" data-object-fit=\"cover\" srcset=\"https:\/\/www.casadecampo.com.do\/wp-content\/uploads\/2025\/09\/Classic-4-Bdrm-Villa-Majestic-1.jpg 1400w, https:\/\/www.casadecampo.com.do\/wp-content\/smush-webp\/2025\/09\/Classic-4-Bdrm-Villa-Majestic-1-300x171.jpg.webp 300w, https:\/\/www.casadecampo.com.do\/wp-content\/smush-webp\/2025\/09\/Classic-4-Bdrm-Villa-Majestic-1-1024x585.jpg.webp 1024w, https:\/\/www.casadecampo.com.do\/wp-content\/smush-webp\/2025\/09\/Classic-4-Bdrm-Villa-Majestic-1-768x439.jpg.webp 768w\" sizes=\"auto, (max-width: 1400px) 100vw, 1400px\" \/>\n                <span aria-hidden=\"true\" class=\"wp-block-cover__background has-background-dim wp-block-cover__gradient-background has-background-gradient\" style=\"background:rgba(0,0,0,0.04)\"><\/span>\n                <div class=\"wp-block-cover__inner-container\">\n                  <div class=\"wp-block-group details is-layout-flex is-content-align-flex-end is-content-justification-space-between is-content-alignment-flex-end has-secondary-color has-text-color has-link-color\" style=\"border-radius:12px\">\n                    <div class=\"wp-block-group left\">\n                      <h4 class=\"wp-block-heading has-text-align-left has-base-color has-text-color has-link-color has-large-font-size\" style=\"margin-top:0; line-height: 1;\">Villa<br>Majestic<\/h4>\n                                              <p class=\"has-base-color has-text-color has-link-color\" style=\"margin-bottom:0;\">Near Vivero<\/p>\n                                          <\/div>\n                    <div class=\"wp-block-group right\">\n                                              <p class=\"has-base-color has-text-align-right\" style=\"margin-bottom:0;\">Sleeps 12<\/p>\n                                                                    <p class=\"has-base-color has-text-align-right\" style=\"margin-bottom:0;\">Bedrooms 4<\/p>\n                                                                    <p class=\"has-base-color has-text-align-right\" style=\"margin-bottom:0;\">Bathrooms 4<\/p>\n                                          <\/div>\n                  <\/div>\n                <\/div>\n              <\/div>\n            <\/a>\n          <\/div>\n                  <div class=\"wp-block-column swiper-slide\">\n            <a class=\"wp-block-custom-group-link\" href=\"https:\/\/www.casadecampo.com.do\/es\/villas\/classic-villas\/villa-sugar\/\">\n              <div class=\"wp-block-cover aligncenter has-custom-content-position is-position-bottom-center\" style=\"border-radius:0px;\">\n                                  <p class=\"custom-pill is-style-light\" style=\"margin-bottom:0;\">Cl\u00e1sica<\/p>\n                                <img loading=\"lazy\" decoding=\"async\" width=\"1350\" height=\"760\" class=\"wp-block-cover__image-background wp-image-85839 size-full\" alt=\"placeholder image\" src=\"https:\/\/www.casadecampo.com.do\/wp-content\/uploads\/2025\/10\/4-BDRM-CLASSIC-VILLA-SUGAR-9-1350x760-2.jpg\" data-object-fit=\"cover\" srcset=\"https:\/\/www.casadecampo.com.do\/wp-content\/uploads\/2025\/10\/4-BDRM-CLASSIC-VILLA-SUGAR-9-1350x760-2.jpg 1350w, https:\/\/www.casadecampo.com.do\/wp-content\/smush-webp\/2025\/10\/4-BDRM-CLASSIC-VILLA-SUGAR-9-1350x760-2-300x169.jpg.webp 300w, https:\/\/www.casadecampo.com.do\/wp-content\/smush-webp\/2025\/10\/4-BDRM-CLASSIC-VILLA-SUGAR-9-1350x760-2-1024x576.jpg.webp 1024w, https:\/\/www.casadecampo.com.do\/wp-content\/smush-webp\/2025\/10\/4-BDRM-CLASSIC-VILLA-SUGAR-9-1350x760-2-768x432.jpg.webp 768w\" sizes=\"auto, (max-width: 1350px) 100vw, 1350px\" \/>\n                <span aria-hidden=\"true\" class=\"wp-block-cover__background has-background-dim wp-block-cover__gradient-background has-background-gradient\" style=\"background:rgba(0,0,0,0.04)\"><\/span>\n                <div class=\"wp-block-cover__inner-container\">\n                  <div class=\"wp-block-group details is-layout-flex is-content-align-flex-end is-content-justification-space-between is-content-alignment-flex-end has-secondary-color has-text-color has-link-color\" style=\"border-radius:12px\">\n                    <div class=\"wp-block-group left\">\n                      <h4 class=\"wp-block-heading has-text-align-left has-base-color has-text-color has-link-color has-large-font-size\" style=\"margin-top:0; line-height: 1;\">Villa<br>Sugar<\/h4>\n                                              <p class=\"has-base-color has-text-color has-link-color\" style=\"margin-bottom:0;\">Near Los Limones<\/p>\n                                          <\/div>\n                    <div class=\"wp-block-group right\">\n                                              <p class=\"has-base-color has-text-align-right\" style=\"margin-bottom:0;\">Sleeps 12<\/p>\n                                                                    <p class=\"has-base-color has-text-align-right\" style=\"margin-bottom:0;\">Bedrooms 4<\/p>\n                                                                    <p class=\"has-base-color has-text-align-right\" style=\"margin-bottom:0;\">Bathrooms 4<\/p>\n                                          <\/div>\n                  <\/div>\n                <\/div>\n              <\/div>\n            <\/a>\n          <\/div>\n                  <div class=\"wp-block-column swiper-slide\">\n            <a class=\"wp-block-custom-group-link\" href=\"https:\/\/www.casadecampo.com.do\/es\/villas\/classic-villas\/villa-puerta-celeste\/\">\n              <div class=\"wp-block-cover aligncenter has-custom-content-position is-position-bottom-center\" style=\"border-radius:0px;\">\n                                  <p class=\"custom-pill is-style-light\" style=\"margin-bottom:0;\">Cl\u00e1sica<\/p>\n                                <img loading=\"lazy\" decoding=\"async\" width=\"1350\" height=\"760\" class=\"wp-block-cover__image-background wp-image-85833 size-full\" alt=\"placeholder image\" src=\"https:\/\/www.casadecampo.com.do\/wp-content\/uploads\/2025\/10\/4-BDRM-CLASSIC-VILLA-PUERTA-CELESTE-12-1350x760-2.jpg\" data-object-fit=\"cover\" srcset=\"https:\/\/www.casadecampo.com.do\/wp-content\/uploads\/2025\/10\/4-BDRM-CLASSIC-VILLA-PUERTA-CELESTE-12-1350x760-2.jpg 1350w, https:\/\/www.casadecampo.com.do\/wp-content\/smush-webp\/2025\/10\/4-BDRM-CLASSIC-VILLA-PUERTA-CELESTE-12-1350x760-2-300x169.jpg.webp 300w, https:\/\/www.casadecampo.com.do\/wp-content\/smush-webp\/2025\/10\/4-BDRM-CLASSIC-VILLA-PUERTA-CELESTE-12-1350x760-2-1024x576.jpg.webp 1024w, https:\/\/www.casadecampo.com.do\/wp-content\/smush-webp\/2025\/10\/4-BDRM-CLASSIC-VILLA-PUERTA-CELESTE-12-1350x760-2-768x432.jpg.webp 768w\" sizes=\"auto, (max-width: 1350px) 100vw, 1350px\" \/>\n                <span aria-hidden=\"true\" class=\"wp-block-cover__background has-background-dim wp-block-cover__gradient-background has-background-gradient\" style=\"background:rgba(0,0,0,0.04)\"><\/span>\n                <div class=\"wp-block-cover__inner-container\">\n                  <div class=\"wp-block-group details is-layout-flex is-content-align-flex-end is-content-justification-space-between is-content-alignment-flex-end has-secondary-color has-text-color has-link-color\" style=\"border-radius:12px\">\n                    <div class=\"wp-block-group left\">\n                      <h4 class=\"wp-block-heading has-text-align-left has-base-color has-text-color has-link-color has-large-font-size\" style=\"margin-top:0; line-height: 1;\">Villa<br>Puerta Celeste<\/h4>\n                                              <p class=\"has-base-color has-text-color has-link-color\" style=\"margin-bottom:0;\">Near La Terraza<\/p>\n                                          <\/div>\n                    <div class=\"wp-block-group right\">\n                                              <p class=\"has-base-color has-text-align-right\" style=\"margin-bottom:0;\">Sleeps 12<\/p>\n                                                                    <p class=\"has-base-color has-text-align-right\" style=\"margin-bottom:0;\">Bedrooms 4<\/p>\n                                                                    <p class=\"has-base-color has-text-align-right\" style=\"margin-bottom:0;\">Bathrooms 4<\/p>\n                                          <\/div>\n                  <\/div>\n                <\/div>\n              <\/div>\n            <\/a>\n          <\/div>\n                  <div class=\"wp-block-column swiper-slide\">\n            <a class=\"wp-block-custom-group-link\" href=\"https:\/\/www.casadecampo.com.do\/es\/villas\/classic-villas\/villa-marfil\/\">\n              <div class=\"wp-block-cover aligncenter has-custom-content-position is-position-bottom-center\" style=\"border-radius:0px;\">\n                                  <p class=\"custom-pill is-style-light\" style=\"margin-bottom:0;\">Cl\u00e1sica<\/p>\n                                <img loading=\"lazy\" decoding=\"async\" width=\"1350\" height=\"760\" class=\"wp-block-cover__image-background wp-image-85699 size-full\" alt=\"Casa de Campo Villa Exterior With Pool and Lounge Area|\" src=\"https:\/\/www.casadecampo.com.do\/wp-content\/uploads\/2025\/10\/5-BDRM-CLASSIC-VILLA-MARFIL-2-min-1350x760-2.jpg\" data-object-fit=\"cover\" srcset=\"https:\/\/www.casadecampo.com.do\/wp-content\/uploads\/2025\/10\/5-BDRM-CLASSIC-VILLA-MARFIL-2-min-1350x760-2.jpg 1350w, https:\/\/www.casadecampo.com.do\/wp-content\/smush-webp\/2025\/10\/5-BDRM-CLASSIC-VILLA-MARFIL-2-min-1350x760-2-300x169.jpg.webp 300w, https:\/\/www.casadecampo.com.do\/wp-content\/smush-webp\/2025\/10\/5-BDRM-CLASSIC-VILLA-MARFIL-2-min-1350x760-2-1024x576.jpg.webp 1024w, https:\/\/www.casadecampo.com.do\/wp-content\/smush-webp\/2025\/10\/5-BDRM-CLASSIC-VILLA-MARFIL-2-min-1350x760-2-768x432.jpg.webp 768w\" sizes=\"auto, (max-width: 1350px) 100vw, 1350px\" \/>\n                <span aria-hidden=\"true\" class=\"wp-block-cover__background has-background-dim wp-block-cover__gradient-background has-background-gradient\" style=\"background:rgba(0,0,0,0.04)\"><\/span>\n                <div class=\"wp-block-cover__inner-container\">\n                  <div class=\"wp-block-group details is-layout-flex is-content-align-flex-end is-content-justification-space-between is-content-alignment-flex-end has-secondary-color has-text-color has-link-color\" style=\"border-radius:12px\">\n                    <div class=\"wp-block-group left\">\n                      <h4 class=\"wp-block-heading has-text-align-left has-base-color has-text-color has-link-color has-large-font-size\" style=\"margin-top:0; line-height: 1;\">Villa<br>Marfil<\/h4>\n                                              <p class=\"has-base-color has-text-color has-link-color\" style=\"margin-bottom:0;\">Near Los Limones<\/p>\n                                          <\/div>\n                    <div class=\"wp-block-group right\">\n                                              <p class=\"has-base-color has-text-align-right\" style=\"margin-bottom:0;\">Sleeps 15<\/p>\n                                                                    <p class=\"has-base-color has-text-align-right\" style=\"margin-bottom:0;\">Bedrooms 5<\/p>\n                                                                    <p class=\"has-base-color has-text-align-right\" style=\"margin-bottom:0;\">Bathrooms 5<\/p>\n                                          <\/div>\n                  <\/div>\n                <\/div>\n              <\/div>\n            <\/a>\n          <\/div>\n                  <div class=\"wp-block-column swiper-slide\">\n            <a class=\"wp-block-custom-group-link\" href=\"https:\/\/www.casadecampo.com.do\/es\/villas\/classic-villas\/villa-flamboyan\/\">\n              <div class=\"wp-block-cover aligncenter has-custom-content-position is-position-bottom-center\" style=\"border-radius:0px;\">\n                                  <p class=\"custom-pill is-style-light\" style=\"margin-bottom:0;\">Cl\u00e1sica<\/p>\n                                <img loading=\"lazy\" decoding=\"async\" width=\"1350\" height=\"760\" class=\"wp-block-cover__image-background wp-image-85709 size-full\" alt=\"Casa de Campo Villa Exterior Entrance and Garden|Casa de Campo Resort &amp; Villas Villa Del Campo 4-Bedroom Luxury Villa in The Dominican Republic\" src=\"https:\/\/www.casadecampo.com.do\/wp-content\/uploads\/2025\/10\/4-BDRM-CLASSIC-VILLA-FLAMBOYAN-1-min-1350x760-2.jpg\" data-object-fit=\"cover\" srcset=\"https:\/\/www.casadecampo.com.do\/wp-content\/uploads\/2025\/10\/4-BDRM-CLASSIC-VILLA-FLAMBOYAN-1-min-1350x760-2.jpg 1350w, https:\/\/www.casadecampo.com.do\/wp-content\/smush-webp\/2025\/10\/4-BDRM-CLASSIC-VILLA-FLAMBOYAN-1-min-1350x760-2-300x169.jpg.webp 300w, https:\/\/www.casadecampo.com.do\/wp-content\/smush-webp\/2025\/10\/4-BDRM-CLASSIC-VILLA-FLAMBOYAN-1-min-1350x760-2-1024x576.jpg.webp 1024w, https:\/\/www.casadecampo.com.do\/wp-content\/smush-webp\/2025\/10\/4-BDRM-CLASSIC-VILLA-FLAMBOYAN-1-min-1350x760-2-768x432.jpg.webp 768w\" sizes=\"auto, (max-width: 1350px) 100vw, 1350px\" \/>\n                <span aria-hidden=\"true\" class=\"wp-block-cover__background has-background-dim wp-block-cover__gradient-background has-background-gradient\" style=\"background:rgba(0,0,0,0.04)\"><\/span>\n                <div class=\"wp-block-cover__inner-container\">\n                  <div class=\"wp-block-group details is-layout-flex is-content-align-flex-end is-content-justification-space-between is-content-alignment-flex-end has-secondary-color has-text-color has-link-color\" style=\"border-radius:12px\">\n                    <div class=\"wp-block-group left\">\n                      <h4 class=\"wp-block-heading has-text-align-left has-base-color has-text-color has-link-color has-large-font-size\" style=\"margin-top:0; line-height: 1;\">Villa<br>Flamboyan<\/h4>\n                                              <p class=\"has-base-color has-text-color has-link-color\" style=\"margin-bottom:0;\">Near Barranca Sur<\/p>\n                                          <\/div>\n                    <div class=\"wp-block-group right\">\n                                              <p class=\"has-base-color has-text-align-right\" style=\"margin-bottom:0;\">Sleeps 12<\/p>\n                                                                    <p class=\"has-base-color has-text-align-right\" style=\"margin-bottom:0;\">Bedrooms 4<\/p>\n                                                                    <p class=\"has-base-color has-text-align-right\" style=\"margin-bottom:0;\">Bathrooms 4<\/p>\n                                          <\/div>\n                  <\/div>\n                <\/div>\n              <\/div>\n            <\/a>\n          <\/div>\n                  <div class=\"wp-block-column swiper-slide\">\n            <a class=\"wp-block-custom-group-link\" href=\"https:\/\/www.casadecampo.com.do\/es\/villas\/classic-villas\/villa-gray\/\">\n              <div class=\"wp-block-cover aligncenter has-custom-content-position is-position-bottom-center\" style=\"border-radius:0px;\">\n                                  <p class=\"custom-pill is-style-light\" style=\"margin-bottom:0;\">Cl\u00e1sica<\/p>\n                                <img loading=\"lazy\" decoding=\"async\" width=\"1350\" height=\"760\" class=\"wp-block-cover__image-background wp-image-85724 size-full\" alt=\"Casa de Campo Villa Exterior Entrance\" src=\"https:\/\/www.casadecampo.com.do\/wp-content\/uploads\/2025\/10\/CV-5BDRM-Villa-Gray-2-1350x760-2.jpg\" data-object-fit=\"cover\" srcset=\"https:\/\/www.casadecampo.com.do\/wp-content\/uploads\/2025\/10\/CV-5BDRM-Villa-Gray-2-1350x760-2.jpg 1350w, https:\/\/www.casadecampo.com.do\/wp-content\/smush-webp\/2025\/10\/CV-5BDRM-Villa-Gray-2-1350x760-2-300x169.jpg.webp 300w, https:\/\/www.casadecampo.com.do\/wp-content\/smush-webp\/2025\/10\/CV-5BDRM-Villa-Gray-2-1350x760-2-1024x576.jpg.webp 1024w, https:\/\/www.casadecampo.com.do\/wp-content\/smush-webp\/2025\/10\/CV-5BDRM-Villa-Gray-2-1350x760-2-768x432.jpg.webp 768w\" sizes=\"auto, (max-width: 1350px) 100vw, 1350px\" \/>\n                <span aria-hidden=\"true\" class=\"wp-block-cover__background has-background-dim wp-block-cover__gradient-background has-background-gradient\" style=\"background:rgba(0,0,0,0.04)\"><\/span>\n                <div class=\"wp-block-cover__inner-container\">\n                  <div class=\"wp-block-group details is-layout-flex is-content-align-flex-end is-content-justification-space-between is-content-alignment-flex-end has-secondary-color has-text-color has-link-color\" style=\"border-radius:12px\">\n                    <div class=\"wp-block-group left\">\n                      <h4 class=\"wp-block-heading has-text-align-left has-base-color has-text-color has-link-color has-large-font-size\" style=\"margin-top:0; line-height: 1;\">Villa<br>Gray<\/h4>\n                                              <p class=\"has-base-color has-text-color has-link-color\" style=\"margin-bottom:0;\">Near Vivero<\/p>\n                                          <\/div>\n                    <div class=\"wp-block-group right\">\n                                              <p class=\"has-base-color has-text-align-right\" style=\"margin-bottom:0;\">Sleeps 12<\/p>\n                                                                    <p class=\"has-base-color has-text-align-right\" style=\"margin-bottom:0;\">Bedrooms 4<\/p>\n                                                                    <p class=\"has-base-color has-text-align-right\" style=\"margin-bottom:0;\">Bathrooms 4<\/p>\n                                          <\/div>\n                  <\/div>\n                <\/div>\n              <\/div>\n            <\/a>\n          <\/div>\n                  <div class=\"wp-block-column swiper-slide\">\n            <a class=\"wp-block-custom-group-link\" href=\"https:\/\/www.casadecampo.com.do\/es\/villas\/classic-villas\/villa-alondra\/\">\n              <div class=\"wp-block-cover aligncenter has-custom-content-position is-position-bottom-center\" style=\"border-radius:0px;\">\n                                  <p class=\"custom-pill is-style-light\" style=\"margin-bottom:0;\">Cl\u00e1sica<\/p>\n                                <img loading=\"lazy\" decoding=\"async\" width=\"1350\" height=\"760\" class=\"wp-block-cover__image-background wp-image-85727 size-full\" alt=\"Casa de Campo Villa Exterior Entrance and Garden\" src=\"https:\/\/www.casadecampo.com.do\/wp-content\/uploads\/2025\/10\/CLASSIC-4BEDROOM-VILLA-ALONDRA-4-1350x760-2.jpg\" data-object-fit=\"cover\" srcset=\"https:\/\/www.casadecampo.com.do\/wp-content\/uploads\/2025\/10\/CLASSIC-4BEDROOM-VILLA-ALONDRA-4-1350x760-2.jpg 1350w, https:\/\/www.casadecampo.com.do\/wp-content\/smush-webp\/2025\/10\/CLASSIC-4BEDROOM-VILLA-ALONDRA-4-1350x760-2-300x169.jpg.webp 300w, https:\/\/www.casadecampo.com.do\/wp-content\/smush-webp\/2025\/10\/CLASSIC-4BEDROOM-VILLA-ALONDRA-4-1350x760-2-1024x576.jpg.webp 1024w, https:\/\/www.casadecampo.com.do\/wp-content\/smush-webp\/2025\/10\/CLASSIC-4BEDROOM-VILLA-ALONDRA-4-1350x760-2-768x432.jpg.webp 768w\" sizes=\"auto, (max-width: 1350px) 100vw, 1350px\" \/>\n                <span aria-hidden=\"true\" class=\"wp-block-cover__background has-background-dim wp-block-cover__gradient-background has-background-gradient\" style=\"background:rgba(0,0,0,0.04)\"><\/span>\n                <div class=\"wp-block-cover__inner-container\">\n                  <div class=\"wp-block-group details is-layout-flex is-content-align-flex-end is-content-justification-space-between is-content-alignment-flex-end has-secondary-color has-text-color has-link-color\" style=\"border-radius:12px\">\n                    <div class=\"wp-block-group left\">\n                      <h4 class=\"wp-block-heading has-text-align-left has-base-color has-text-color has-link-color has-large-font-size\" style=\"margin-top:0; line-height: 1;\">Villa<br>Alondra<\/h4>\n                                              <p class=\"has-base-color has-text-color has-link-color\" style=\"margin-bottom:0;\">Near Los Tamarindos<\/p>\n                                          <\/div>\n                    <div class=\"wp-block-group right\">\n                                              <p class=\"has-base-color has-text-align-right\" style=\"margin-bottom:0;\">Sleeps 12<\/p>\n                                                                    <p class=\"has-base-color has-text-align-right\" style=\"margin-bottom:0;\">Bedrooms 4<\/p>\n                                                                    <p class=\"has-base-color has-text-align-right\" style=\"margin-bottom:0;\">Bathrooms 4<\/p>\n                                          <\/div>\n                  <\/div>\n                <\/div>\n              <\/div>\n            <\/a>\n          <\/div>\n                  <div class=\"wp-block-column swiper-slide\">\n            <a class=\"wp-block-custom-group-link\" href=\"https:\/\/www.casadecampo.com.do\/es\/villas\/classic-villas\/villa-paz\/\">\n              <div class=\"wp-block-cover aligncenter has-custom-content-position is-position-bottom-center\" style=\"border-radius:0px;\">\n                                  <p class=\"custom-pill is-style-light\" style=\"margin-bottom:0;\">Cl\u00e1sica<\/p>\n                                <img loading=\"lazy\" decoding=\"async\" width=\"1350\" height=\"760\" class=\"wp-block-cover__image-background wp-image-85733 size-full\" alt=\"Casa de Campo Villa Exterior With Private Pool and Lounge Area\" src=\"https:\/\/www.casadecampo.com.do\/wp-content\/uploads\/2025\/10\/4-BEDROOM-CLASSIC-VILLA-PAZ-12-min-1350x760-2.jpg\" data-object-fit=\"cover\" srcset=\"https:\/\/www.casadecampo.com.do\/wp-content\/uploads\/2025\/10\/4-BEDROOM-CLASSIC-VILLA-PAZ-12-min-1350x760-2.jpg 1350w, https:\/\/www.casadecampo.com.do\/wp-content\/smush-webp\/2025\/10\/4-BEDROOM-CLASSIC-VILLA-PAZ-12-min-1350x760-2-300x169.jpg.webp 300w, https:\/\/www.casadecampo.com.do\/wp-content\/smush-webp\/2025\/10\/4-BEDROOM-CLASSIC-VILLA-PAZ-12-min-1350x760-2-1024x576.jpg.webp 1024w, https:\/\/www.casadecampo.com.do\/wp-content\/smush-webp\/2025\/10\/4-BEDROOM-CLASSIC-VILLA-PAZ-12-min-1350x760-2-768x432.jpg.webp 768w\" sizes=\"auto, (max-width: 1350px) 100vw, 1350px\" \/>\n                <span aria-hidden=\"true\" class=\"wp-block-cover__background has-background-dim wp-block-cover__gradient-background has-background-gradient\" style=\"background:rgba(0,0,0,0.04)\"><\/span>\n                <div class=\"wp-block-cover__inner-container\">\n                  <div class=\"wp-block-group details is-layout-flex is-content-align-flex-end is-content-justification-space-between is-content-alignment-flex-end has-secondary-color has-text-color has-link-color\" style=\"border-radius:12px\">\n                    <div class=\"wp-block-group left\">\n                      <h4 class=\"wp-block-heading has-text-align-left has-base-color has-text-color has-link-color has-large-font-size\" style=\"margin-top:0; line-height: 1;\">Villa<br>Paz<\/h4>\n                                              <p class=\"has-base-color has-text-color has-link-color\" style=\"margin-bottom:0;\">Near Los Lagos<\/p>\n                                          <\/div>\n                    <div class=\"wp-block-group right\">\n                                              <p class=\"has-base-color has-text-align-right\" style=\"margin-bottom:0;\">Sleeps 12<\/p>\n                                                                    <p class=\"has-base-color has-text-align-right\" style=\"margin-bottom:0;\">Bedrooms 4<\/p>\n                                                                    <p class=\"has-base-color has-text-align-right\" style=\"margin-bottom:0;\">Bathrooms 4<\/p>\n                                          <\/div>\n                  <\/div>\n                <\/div>\n              <\/div>\n            <\/a>\n          <\/div>\n              <\/div>\n    <\/div>\n  <\/section>\n\n\n\n<div class=\"wp-block-columns is-layout-flex wp-container-core-columns-is-layout-671d0057 wp-block-columns-is-layout-flex\">\n<div class=\"wp-block-column is-layout-flow wp-block-column-is-layout-flow\">\n<div class=\"wp-block-group content-toggle has-global-padding is-layout-constrained wp-block-group-is-layout-constrained\">\n<div class=\"wp-block-buttons is-style-with-spacer is-horizontal is-content-justification-right is-layout-flex wp-container-core-buttons-is-layout-593751c1 wp-block-buttons-is-layout-flex\">\n<div class=\"wp-block-button content-toggle-button is-style-secondary\"><a class=\"wp-block-button__link wp-element-button\" style=\"border-style:none;border-width:0px;text-transform:capitalize\">Mostrar Caracter\u00edsticas Y Comodidades<\/a><\/div>\n\n\n\n<div class=\"wp-block-button is-style-primary-with-arrow\"><a class=\"wp-block-button__link wp-element-button\" href=\"https:\/\/www.casadecampo.com.do\/es\/villas\/classic-villas\/\" style=\"text-transform:capitalize\">Ver Todas Las Villas Cl\u00e1sicas<\/a><\/div>\n<\/div>\n\n\n\n<div class=\"wp-block-group collapsible-content has-secondary-color has-text-color has-link-color wp-elements-1260e91867a53b3dad03cc0d14e5e8b7 has-global-padding is-layout-constrained wp-block-group-is-layout-constrained\">\n<h2 class=\"wp-block-heading has-primary-color has-text-color has-link-color has-xx-large-font-size wp-elements-07e69fefb05c171e65495d444726ad90\">Caracter\u00edsticas<br>y comodidades<\/h2>\n\n\n\n<div class=\"wp-block-columns is-layout-flex wp-container-core-columns-is-layout-94a71afd wp-block-columns-is-layout-flex\">\n<div class=\"wp-block-column is-layout-flow wp-block-column-is-layout-flow\">\n<h2 class=\"wp-block-heading has-primary-color has-text-color has-link-color has-medium-font-size wp-elements-4bab979417b1645811b935b5a8c6ac6a\">Los hu\u00e9spedes de nuestras Villas Cl\u00e1sicas disfrutan de los siguientes beneficios y servicios:<\/h2>\n\n\n\n<p><strong>Carritos de golf <\/strong>para transportarse dentro del resort. <\/p>\n\n\n\n<ul class=\"wp-block-list\">\n<li>Los hu\u00e9spedes de villas de hasta cuatro dormitorios disfrutan de dos carritos de golf para 4 pasajeros.<\/li>\n\n\n\n<li>Los hu\u00e9spedes de villas de cinco habitaciones disfrutan de tres carritos de golf de 4 pasajeros y un autom\u00f3vil de tama\u00f1o intermedio.<\/li>\n\n\n\n<li>Durante Navidad\/A\u00f1o Nuevo, un carrito de golf puede ser reemplazado por un (1) autom\u00f3vil de tama\u00f1o mediano.<\/li>\n<\/ul>\n\n\n\n<p><strong>Desayuno diario<\/strong> preparado en la villa<\/p>\n\n\n\n<p><strong>WiFi gratis en la villa<\/strong><\/p>\n\n\n\n<p><strong>Servicio de ama de llaves <\/strong>de 7:30 a.m -.6:30 p.m.<\/p>\n\n\n\n<p><strong>Servicio de mayordomo<\/strong> de 7:30 a.m. &#8211; 6:30 p.m. todos los d\u00edas \u2013 servicios incluyen preparaci\u00f3n sencilla de alimentos y servicios de bartender<\/p>\n\n\n\n<p><strong>Un traslado ida y vuelta desde y hacia el aeropuerto Internacional La Romana<\/strong> (a solo 5 minutos del lobby del hotel)<\/p>\n\n\n\n<p><strong>Uso ilimitado del gimnasio<\/strong><\/p>\n\n\n\n<p><strong>Detalle de bienvenida<\/strong>: Canasta dominicana que incluye: 3 botellas de Ron, surtido de botellas de refrescos, cervezas y agua, cesta de fruta de temporada<\/p>\n\n\n\n<p><strong>Check-in personalizado<\/strong> y orientaci\u00f3n en la villa<\/p>\n\n\n\n<p><strong>Servicio de Concierge<\/strong> para todos los deportes y reservas en restaurantes u otro tipo de asistencia<\/p>\n\n\n\n<p>Uso de actividades del programa familiar, que incluye nuestros programas infantiles supervisados de 1 a 17 a\u00f1os, nuestra Family Fun Zone, un centro de entretenimiento lleno de actividades y juegos.<\/p>\n<\/div>\n\n\n\n<div class=\"wp-block-column is-layout-flow wp-block-column-is-layout-flow\" style=\"flex-basis:240px\">\n<p class=\"has-primary-color has-text-color has-link-color wp-elements-d5649207b23e3150c076473b88b1edca\"><strong>Habitaciones con aire acondicionado<br>Parrilla de barbacoa<br>Muebles de exterior<br>\u00c1reas para comer<br>Jardines paisaj\u00edsticos<br>\u00c1rea de estacionamiento o marquesina<br>Televisor de pantalla plana<br>Sistema de sonido<br>Tel\u00e9fono interno<br>Wi-Fi gratis<br>Cocina completa<br>Refrigerador<br>Horno de microondas<br>Tostadora<br>Cafetera<br>Utensilios de cocina completos<br>Despertador<br>Secador de pelo<br>Plancha y tabla de planchar<br>Armario para lencer\u00eda<br>Lavadora y secadora<br><\/strong><\/p>\n\n\n\n<p>Para su seguridad:<\/p>\n\n\n\n<p class=\"has-primary-color has-text-color has-link-color wp-elements-76c9cc2a334eea954e0a85d6e3637584\"><strong>Detectores de humo<br>Detectores de mon\u00f3xido de carbono<br>Extintores de fuego<\/strong><\/p>\n<\/div>\n<\/div>\n<\/div>\n<\/div>\n<\/div>\n<\/div>\n<\/div>\n\n\n\n<div id=\"garden\" class=\"wp-block-group custom-post-type-carousel is-style-has-border-bottom has-global-padding is-layout-constrained wp-container-core-group-is-layout-797e53f2 wp-block-group-is-layout-constrained\" style=\"padding-top:var(--wp--preset--spacing--140);padding-right:0;padding-bottom:var(--wp--preset--spacing--140);padding-left:0\">\n<div class=\"wp-block-columns intro-box is-layout-flex wp-container-core-columns-is-layout-56150cc7 wp-block-columns-is-layout-flex\" style=\"margin-top:var(--wp--preset--spacing--0);margin-bottom:var(--wp--preset--spacing--48)\">\n<div class=\"wp-block-column is-layout-flow wp-block-column-is-layout-flow\">\n<div class=\"wp-block-group heading-title has-global-padding is-content-justification-left is-layout-constrained wp-container-core-group-is-layout-153b1959 wp-block-group-is-layout-constrained\" style=\"margin-bottom:0\">\n<h3 class=\"wp-block-heading has-text-align-left has-x-large-font-size\" style=\"margin-top:0;margin-bottom:0;padding-top:0;padding-bottom:0;letter-spacing:-0.44px;line-height:1\">Villas Garden<\/h3>\n<\/div>\n<\/div>\n\n\n\n<div class=\"wp-block-column is-vertically-aligned-bottom is-layout-flow wp-block-column-is-layout-flow\">\n<div class=\"wp-block-group has-global-padding is-layout-constrained wp-block-group-is-layout-constrained\">\n<p class=\"has-secondary-color has-text-color has-link-color wp-elements-9eb9e15fab0c4096ac7e4e4174353e31\" style=\"margin-top:var(--wp--preset--spacing--8)\">Su exclusivo retiro entre jardines, con tres, cuatro o cinco dormitorios y un entorno natural sereno.<\/p>\n<\/div>\n<\/div>\n<\/div>\n\n\n  <section\n    class=\"cpt-query-loop-random-or-custom-carousel align wp-block-acf-cpt-query-loop-random-or-custom-carousel\" id=\"cpt-query-loop-random-or-custom-carousel-block_be858b618a51dcbd19cc247530ee28ae\"  >\n    <div class=\"wp-block-columns show-carousel-nav columns-carousel-2 random-carousel-js swiper\" data-random-carousel data-block-id=\"cpt-query-loop-random-or-custom-carousel-block_be858b618a51dcbd19cc247530ee28ae\" style=\"margin-bottom:var(--wp--preset--spacing--48)\">\n      <div class=\"swiper-wrapper\">\n                  <div class=\"wp-block-column swiper-slide\">\n            <a class=\"wp-block-custom-group-link\" href=\"https:\/\/www.casadecampo.com.do\/es\/villas\/garden-villas\/villa-renee\/\">\n              <div class=\"wp-block-cover aligncenter has-custom-content-position is-position-bottom-center\" style=\"border-radius:0px;\">\n                                  <p class=\"custom-pill is-style-light\" style=\"margin-bottom:0;\">Garden<\/p>\n                                <img loading=\"lazy\" decoding=\"async\" width=\"1920\" height=\"1280\" class=\"wp-block-cover__image-background wp-image-65950 size-full\" alt=\"placeholder image\" src=\"https:\/\/www.casadecampo.com.do\/wp-content\/uploads\/2023\/07\/4BDR_GRV_Villa-Renee_Pool_View.jpg\" data-object-fit=\"cover\" \/>\n                <span aria-hidden=\"true\" class=\"wp-block-cover__background has-background-dim wp-block-cover__gradient-background has-background-gradient\" style=\"background:rgba(0,0,0,0.04)\"><\/span>\n                <div class=\"wp-block-cover__inner-container\">\n                  <div class=\"wp-block-group details is-layout-flex is-content-align-flex-end is-content-justification-space-between is-content-alignment-flex-end has-secondary-color has-text-color has-link-color\" style=\"border-radius:12px\">\n                    <div class=\"wp-block-group left\">\n                      <h4 class=\"wp-block-heading has-text-align-left has-base-color has-text-color has-link-color has-large-font-size\" style=\"margin-top:0; line-height: 1;\">Villa<br>Renee<\/h4>\n                                              <p class=\"has-base-color has-text-color has-link-color\" style=\"margin-bottom:0;\">Near Barranca Sur<\/p>\n                                          <\/div>\n                    <div class=\"wp-block-group right\">\n                                              <p class=\"has-base-color has-text-align-right\" style=\"margin-bottom:0;\">Sleeps 9<\/p>\n                                                                    <p class=\"has-base-color has-text-align-right\" style=\"margin-bottom:0;\">Bedrooms 3<\/p>\n                                                                    <p class=\"has-base-color has-text-align-right\" style=\"margin-bottom:0;\">Bathrooms 3<\/p>\n                                          <\/div>\n                  <\/div>\n                <\/div>\n              <\/div>\n            <\/a>\n          <\/div>\n                  <div class=\"wp-block-column swiper-slide\">\n            <a class=\"wp-block-custom-group-link\" href=\"https:\/\/www.casadecampo.com.do\/es\/villas\/garden-villas\/luna-nueva\/\">\n              <div class=\"wp-block-cover aligncenter has-custom-content-position is-position-bottom-center\" style=\"border-radius:0px;\">\n                                  <p class=\"custom-pill is-style-light\" style=\"margin-bottom:0;\">Garden<\/p>\n                                <img loading=\"lazy\" decoding=\"async\" width=\"1920\" height=\"1280\" class=\"wp-block-cover__image-background wp-image-85879 size-full\" alt=\"placeholder image\" src=\"https:\/\/www.casadecampo.com.do\/wp-content\/uploads\/2025\/10\/GDV_4_Bdroom_Villa_Luna_Nueva_Pool_16-scaled-2.jpeg\" data-object-fit=\"cover\" srcset=\"https:\/\/www.casadecampo.com.do\/wp-content\/uploads\/2025\/10\/GDV_4_Bdroom_Villa_Luna_Nueva_Pool_16-scaled-2.jpeg 1920w, https:\/\/www.casadecampo.com.do\/wp-content\/smush-webp\/2025\/10\/GDV_4_Bdroom_Villa_Luna_Nueva_Pool_16-scaled-2-300x200.jpeg.webp 300w, https:\/\/www.casadecampo.com.do\/wp-content\/smush-webp\/2025\/10\/GDV_4_Bdroom_Villa_Luna_Nueva_Pool_16-scaled-2-1024x683.jpeg.webp 1024w, https:\/\/www.casadecampo.com.do\/wp-content\/smush-webp\/2025\/10\/GDV_4_Bdroom_Villa_Luna_Nueva_Pool_16-scaled-2-768x512.jpeg.webp 768w, https:\/\/www.casadecampo.com.do\/wp-content\/smush-webp\/2025\/10\/GDV_4_Bdroom_Villa_Luna_Nueva_Pool_16-scaled-2-391x260.jpeg.webp 391w, https:\/\/www.casadecampo.com.do\/wp-content\/smush-webp\/2025\/10\/GDV_4_Bdroom_Villa_Luna_Nueva_Pool_16-scaled-2-1536x1024.jpeg.webp 1536w, https:\/\/www.casadecampo.com.do\/wp-content\/smush-webp\/2025\/10\/GDV_4_Bdroom_Villa_Luna_Nueva_Pool_16-scaled-2-150x100.jpeg.webp 150w, https:\/\/www.casadecampo.com.do\/wp-content\/smush-webp\/2025\/10\/GDV_4_Bdroom_Villa_Luna_Nueva_Pool_16-scaled-2-600x400.jpeg.webp 600w, https:\/\/www.casadecampo.com.do\/wp-content\/smush-webp\/2025\/10\/GDV_4_Bdroom_Villa_Luna_Nueva_Pool_16-scaled-2-900x600.jpeg.webp 900w\" sizes=\"auto, (max-width: 1920px) 100vw, 1920px\" \/>\n                <span aria-hidden=\"true\" class=\"wp-block-cover__background has-background-dim wp-block-cover__gradient-background has-background-gradient\" style=\"background:rgba(0,0,0,0.04)\"><\/span>\n                <div class=\"wp-block-cover__inner-container\">\n                  <div class=\"wp-block-group details is-layout-flex is-content-align-flex-end is-content-justification-space-between is-content-alignment-flex-end has-secondary-color has-text-color has-link-color\" style=\"border-radius:12px\">\n                    <div class=\"wp-block-group left\">\n                      <h4 class=\"wp-block-heading has-text-align-left has-base-color has-text-color has-link-color has-large-font-size\" style=\"margin-top:0; line-height: 1;\">Luna<br>Nueva<\/h4>\n                                              <p class=\"has-base-color has-text-color has-link-color\" style=\"margin-bottom:0;\">Near Golf Villas<\/p>\n                                          <\/div>\n                    <div class=\"wp-block-group right\">\n                                              <p class=\"has-base-color has-text-align-right\" style=\"margin-bottom:0;\">Sleeps 9<\/p>\n                                                                    <p class=\"has-base-color has-text-align-right\" style=\"margin-bottom:0;\">Bedrooms 3<\/p>\n                                                                    <p class=\"has-base-color has-text-align-right\" style=\"margin-bottom:0;\">Bathrooms 3<\/p>\n                                          <\/div>\n                  <\/div>\n                <\/div>\n              <\/div>\n            <\/a>\n          <\/div>\n                  <div class=\"wp-block-column swiper-slide\">\n            <a class=\"wp-block-custom-group-link\" href=\"https:\/\/www.casadecampo.com.do\/es\/villas\/garden-villas\/villa-colibri\/\">\n              <div class=\"wp-block-cover aligncenter has-custom-content-position is-position-bottom-center\" style=\"border-radius:0px;\">\n                                  <p class=\"custom-pill is-style-light\" style=\"margin-bottom:0;\">Garden<\/p>\n                                <img loading=\"lazy\" decoding=\"async\" width=\"1350\" height=\"760\" class=\"wp-block-cover__image-background wp-image-85845 size-full\" alt=\"placeholder image\" src=\"https:\/\/www.casadecampo.com.do\/wp-content\/uploads\/2025\/10\/GDV-3-HABS-Villa-ColibrC3AD-3-1350x760-2.jpg\" data-object-fit=\"cover\" srcset=\"https:\/\/www.casadecampo.com.do\/wp-content\/uploads\/2025\/10\/GDV-3-HABS-Villa-ColibrC3AD-3-1350x760-2.jpg 1350w, https:\/\/www.casadecampo.com.do\/wp-content\/smush-webp\/2025\/10\/GDV-3-HABS-Villa-ColibrC3AD-3-1350x760-2-300x169.jpg.webp 300w, https:\/\/www.casadecampo.com.do\/wp-content\/smush-webp\/2025\/10\/GDV-3-HABS-Villa-ColibrC3AD-3-1350x760-2-1024x576.jpg.webp 1024w, https:\/\/www.casadecampo.com.do\/wp-content\/smush-webp\/2025\/10\/GDV-3-HABS-Villa-ColibrC3AD-3-1350x760-2-768x432.jpg.webp 768w\" sizes=\"auto, (max-width: 1350px) 100vw, 1350px\" \/>\n                <span aria-hidden=\"true\" class=\"wp-block-cover__background has-background-dim wp-block-cover__gradient-background has-background-gradient\" style=\"background:rgba(0,0,0,0.04)\"><\/span>\n                <div class=\"wp-block-cover__inner-container\">\n                  <div class=\"wp-block-group details is-layout-flex is-content-align-flex-end is-content-justification-space-between is-content-alignment-flex-end has-secondary-color has-text-color has-link-color\" style=\"border-radius:12px\">\n                    <div class=\"wp-block-group left\">\n                      <h4 class=\"wp-block-heading has-text-align-left has-base-color has-text-color has-link-color has-large-font-size\" style=\"margin-top:0; line-height: 1;\">Villa<br>Colibr\u00ed<\/h4>\n                                              <p class=\"has-base-color has-text-color has-link-color\" style=\"margin-bottom:0;\">Near Golf Villas<\/p>\n                                          <\/div>\n                    <div class=\"wp-block-group right\">\n                                              <p class=\"has-base-color has-text-align-right\" style=\"margin-bottom:0;\">Sleeps 9<\/p>\n                                                                    <p class=\"has-base-color has-text-align-right\" style=\"margin-bottom:0;\">Bedrooms 3<\/p>\n                                                                    <p class=\"has-base-color has-text-align-right\" style=\"margin-bottom:0;\">Bathrooms 3<\/p>\n                                          <\/div>\n                  <\/div>\n                <\/div>\n              <\/div>\n            <\/a>\n          <\/div>\n                  <div class=\"wp-block-column swiper-slide\">\n            <a class=\"wp-block-custom-group-link\" href=\"https:\/\/www.casadecampo.com.do\/es\/villas\/garden-villas\/casa-marina\/\">\n              <div class=\"wp-block-cover aligncenter has-custom-content-position is-position-bottom-center\" style=\"border-radius:0px;\">\n                                  <p class=\"custom-pill is-style-light\" style=\"margin-bottom:0;\">Garden<\/p>\n                                <img loading=\"lazy\" decoding=\"async\" width=\"1920\" height=\"1280\" class=\"wp-block-cover__image-background wp-image-1123 size-full\" alt=\"placeholder image\" src=\"https:\/\/www.casadecampo.com.do\/wp-content\/uploads\/2025\/09\/Casa-Marina_Garden_Villa.jpg\" data-object-fit=\"cover\" srcset=\"https:\/\/www.casadecampo.com.do\/wp-content\/uploads\/2025\/09\/Casa-Marina_Garden_Villa.jpg 1920w, https:\/\/www.casadecampo.com.do\/wp-content\/smush-webp\/2025\/09\/Casa-Marina_Garden_Villa-300x200.jpg.webp 300w, https:\/\/www.casadecampo.com.do\/wp-content\/smush-webp\/2025\/09\/Casa-Marina_Garden_Villa-1024x683.jpg.webp 1024w, https:\/\/www.casadecampo.com.do\/wp-content\/smush-webp\/2025\/09\/Casa-Marina_Garden_Villa-768x512.jpg.webp 768w, https:\/\/www.casadecampo.com.do\/wp-content\/smush-webp\/2025\/09\/Casa-Marina_Garden_Villa-391x260.jpg.webp 391w, https:\/\/www.casadecampo.com.do\/wp-content\/smush-webp\/2025\/09\/Casa-Marina_Garden_Villa-1536x1024.jpg.webp 1536w, https:\/\/www.casadecampo.com.do\/wp-content\/smush-webp\/2025\/09\/Casa-Marina_Garden_Villa-150x100.jpg.webp 150w, https:\/\/www.casadecampo.com.do\/wp-content\/smush-webp\/2025\/09\/Casa-Marina_Garden_Villa-600x400.jpg.webp 600w, https:\/\/www.casadecampo.com.do\/wp-content\/smush-webp\/2025\/09\/Casa-Marina_Garden_Villa-900x600.jpg.webp 900w\" sizes=\"auto, (max-width: 1920px) 100vw, 1920px\" \/>\n                <span aria-hidden=\"true\" class=\"wp-block-cover__background has-background-dim wp-block-cover__gradient-background has-background-gradient\" style=\"background:rgba(0,0,0,0.04)\"><\/span>\n                <div class=\"wp-block-cover__inner-container\">\n                  <div class=\"wp-block-group details is-layout-flex is-content-align-flex-end is-content-justification-space-between is-content-alignment-flex-end has-secondary-color has-text-color has-link-color\" style=\"border-radius:12px\">\n                    <div class=\"wp-block-group left\">\n                      <h4 class=\"wp-block-heading has-text-align-left has-base-color has-text-color has-link-color has-large-font-size\" style=\"margin-top:0; line-height: 1;\">Casa<br>Marina<\/h4>\n                                              <p class=\"has-base-color has-text-color has-link-color\" style=\"margin-bottom:0;\">Near Golf Villas<\/p>\n                                          <\/div>\n                    <div class=\"wp-block-group right\">\n                                              <p class=\"has-base-color has-text-align-right\" style=\"margin-bottom:0;\">Sleeps 9<\/p>\n                                                                    <p class=\"has-base-color has-text-align-right\" style=\"margin-bottom:0;\">Bedrooms 3<\/p>\n                                                                    <p class=\"has-base-color has-text-align-right\" style=\"margin-bottom:0;\">Bathrooms 3<\/p>\n                                          <\/div>\n                  <\/div>\n                <\/div>\n              <\/div>\n            <\/a>\n          <\/div>\n                  <div class=\"wp-block-column swiper-slide\">\n            <a class=\"wp-block-custom-group-link\" href=\"https:\/\/www.casadecampo.com.do\/es\/villas\/garden-villas\/villa-bambu\/\">\n              <div class=\"wp-block-cover aligncenter has-custom-content-position is-position-bottom-center\" style=\"border-radius:0px;\">\n                                  <p class=\"custom-pill is-style-light\" style=\"margin-bottom:0;\">Garden<\/p>\n                                <img loading=\"lazy\" decoding=\"async\" width=\"1350\" height=\"760\" class=\"wp-block-cover__image-background wp-image-85696 size-full\" alt=\"Casa de Campo Villa Interior Lounge Area With View\" src=\"https:\/\/www.casadecampo.com.do\/wp-content\/uploads\/2025\/10\/Garden-3Bdrm-Villa-Casa-BambC3BA-4-1350x760-2.jpg\" data-object-fit=\"cover\" srcset=\"https:\/\/www.casadecampo.com.do\/wp-content\/uploads\/2025\/10\/Garden-3Bdrm-Villa-Casa-BambC3BA-4-1350x760-2.jpg 1350w, https:\/\/www.casadecampo.com.do\/wp-content\/smush-webp\/2025\/10\/Garden-3Bdrm-Villa-Casa-BambC3BA-4-1350x760-2-300x169.jpg.webp 300w, https:\/\/www.casadecampo.com.do\/wp-content\/smush-webp\/2025\/10\/Garden-3Bdrm-Villa-Casa-BambC3BA-4-1350x760-2-1024x576.jpg.webp 1024w, https:\/\/www.casadecampo.com.do\/wp-content\/smush-webp\/2025\/10\/Garden-3Bdrm-Villa-Casa-BambC3BA-4-1350x760-2-768x432.jpg.webp 768w\" sizes=\"auto, (max-width: 1350px) 100vw, 1350px\" \/>\n                <span aria-hidden=\"true\" class=\"wp-block-cover__background has-background-dim wp-block-cover__gradient-background has-background-gradient\" style=\"background:rgba(0,0,0,0.04)\"><\/span>\n                <div class=\"wp-block-cover__inner-container\">\n                  <div class=\"wp-block-group details is-layout-flex is-content-align-flex-end is-content-justification-space-between is-content-alignment-flex-end has-secondary-color has-text-color has-link-color\" style=\"border-radius:12px\">\n                    <div class=\"wp-block-group left\">\n                      <h4 class=\"wp-block-heading has-text-align-left has-base-color has-text-color has-link-color has-large-font-size\" style=\"margin-top:0; line-height: 1;\">Casa<br>Bambu<\/h4>\n                                              <p class=\"has-base-color has-text-color has-link-color\" style=\"margin-bottom:0;\">Near Golf Villas<\/p>\n                                          <\/div>\n                    <div class=\"wp-block-group right\">\n                                              <p class=\"has-base-color has-text-align-right\" style=\"margin-bottom:0;\">Sleeps 9<\/p>\n                                                                    <p class=\"has-base-color has-text-align-right\" style=\"margin-bottom:0;\">Bedrooms 3<\/p>\n                                                                    <p class=\"has-base-color has-text-align-right\" style=\"margin-bottom:0;\">Bathrooms 3<\/p>\n                                          <\/div>\n                  <\/div>\n                <\/div>\n              <\/div>\n            <\/a>\n          <\/div>\n                  <div class=\"wp-block-column swiper-slide\">\n            <a class=\"wp-block-custom-group-link\" href=\"https:\/\/www.casadecampo.com.do\/es\/villas\/garden-villas\/villa-zen\/\">\n              <div class=\"wp-block-cover aligncenter has-custom-content-position is-position-bottom-center\" style=\"border-radius:0px;\">\n                                  <p class=\"custom-pill is-style-light\" style=\"margin-bottom:0;\">Garden<\/p>\n                                <img loading=\"lazy\" decoding=\"async\" width=\"1350\" height=\"760\" class=\"wp-block-cover__image-background wp-image-85705 size-full\" alt=\"Casa de Campo Villa Exterior With Garden|\" src=\"https:\/\/www.casadecampo.com.do\/wp-content\/uploads\/2025\/10\/3-BEDROOM-GARDEN-VILLA-ZEN-1-1350x760-2.jpg\" data-object-fit=\"cover\" srcset=\"https:\/\/www.casadecampo.com.do\/wp-content\/uploads\/2025\/10\/3-BEDROOM-GARDEN-VILLA-ZEN-1-1350x760-2.jpg 1350w, https:\/\/www.casadecampo.com.do\/wp-content\/smush-webp\/2025\/10\/3-BEDROOM-GARDEN-VILLA-ZEN-1-1350x760-2-300x169.jpg.webp 300w, https:\/\/www.casadecampo.com.do\/wp-content\/smush-webp\/2025\/10\/3-BEDROOM-GARDEN-VILLA-ZEN-1-1350x760-2-1024x576.jpg.webp 1024w, https:\/\/www.casadecampo.com.do\/wp-content\/smush-webp\/2025\/10\/3-BEDROOM-GARDEN-VILLA-ZEN-1-1350x760-2-768x432.jpg.webp 768w\" sizes=\"auto, (max-width: 1350px) 100vw, 1350px\" \/>\n                <span aria-hidden=\"true\" class=\"wp-block-cover__background has-background-dim wp-block-cover__gradient-background has-background-gradient\" style=\"background:rgba(0,0,0,0.04)\"><\/span>\n                <div class=\"wp-block-cover__inner-container\">\n                  <div class=\"wp-block-group details is-layout-flex is-content-align-flex-end is-content-justification-space-between is-content-alignment-flex-end has-secondary-color has-text-color has-link-color\" style=\"border-radius:12px\">\n                    <div class=\"wp-block-group left\">\n                      <h4 class=\"wp-block-heading has-text-align-left has-base-color has-text-color has-link-color has-large-font-size\" style=\"margin-top:0; line-height: 1;\">Villa<br>Zen<\/h4>\n                                              <p class=\"has-base-color has-text-color has-link-color\" style=\"margin-bottom:0;\">Near Golf Villas<\/p>\n                                          <\/div>\n                    <div class=\"wp-block-group right\">\n                                              <p class=\"has-base-color has-text-align-right\" style=\"margin-bottom:0;\">Sleeps 9<\/p>\n                                                                    <p class=\"has-base-color has-text-align-right\" style=\"margin-bottom:0;\">Bedrooms 3<\/p>\n                                                                    <p class=\"has-base-color has-text-align-right\" style=\"margin-bottom:0;\">Bathrooms 3<\/p>\n                                          <\/div>\n                  <\/div>\n                <\/div>\n              <\/div>\n            <\/a>\n          <\/div>\n                  <div class=\"wp-block-column swiper-slide\">\n            <a class=\"wp-block-custom-group-link\" href=\"https:\/\/www.casadecampo.com.do\/es\/villas\/garden-villas\/villa-golf-azul\/\">\n              <div class=\"wp-block-cover aligncenter has-custom-content-position is-position-bottom-center\" style=\"border-radius:0px;\">\n                                  <p class=\"custom-pill is-style-light\" style=\"margin-bottom:0;\">Garden<\/p>\n                                <img loading=\"lazy\" decoding=\"async\" width=\"1350\" height=\"760\" class=\"wp-block-cover__image-background wp-image-85745 size-full\" alt=\"Casa de Campo Villa Exterior Lounge Area\" src=\"https:\/\/www.casadecampo.com.do\/wp-content\/uploads\/2025\/10\/GDV-3-GOLF-AZUL-3-1350x760-2.jpg\" data-object-fit=\"cover\" srcset=\"https:\/\/www.casadecampo.com.do\/wp-content\/uploads\/2025\/10\/GDV-3-GOLF-AZUL-3-1350x760-2.jpg 1350w, https:\/\/www.casadecampo.com.do\/wp-content\/smush-webp\/2025\/10\/GDV-3-GOLF-AZUL-3-1350x760-2-300x169.jpg.webp 300w, https:\/\/www.casadecampo.com.do\/wp-content\/smush-webp\/2025\/10\/GDV-3-GOLF-AZUL-3-1350x760-2-1024x576.jpg.webp 1024w, https:\/\/www.casadecampo.com.do\/wp-content\/smush-webp\/2025\/10\/GDV-3-GOLF-AZUL-3-1350x760-2-768x432.jpg.webp 768w\" sizes=\"auto, (max-width: 1350px) 100vw, 1350px\" \/>\n                <span aria-hidden=\"true\" class=\"wp-block-cover__background has-background-dim wp-block-cover__gradient-background has-background-gradient\" style=\"background:rgba(0,0,0,0.04)\"><\/span>\n                <div class=\"wp-block-cover__inner-container\">\n                  <div class=\"wp-block-group details is-layout-flex is-content-align-flex-end is-content-justification-space-between is-content-alignment-flex-end has-secondary-color has-text-color has-link-color\" style=\"border-radius:12px\">\n                    <div class=\"wp-block-group left\">\n                      <h4 class=\"wp-block-heading has-text-align-left has-base-color has-text-color has-link-color has-large-font-size\" style=\"margin-top:0; line-height: 1;\">Villa<br>Golf Azul<\/h4>\n                                              <p class=\"has-base-color has-text-color has-link-color\" style=\"margin-bottom:0;\">Near Golf Villas<\/p>\n                                          <\/div>\n                    <div class=\"wp-block-group right\">\n                                              <p class=\"has-base-color has-text-align-right\" style=\"margin-bottom:0;\">Sleeps 9<\/p>\n                                                                    <p class=\"has-base-color has-text-align-right\" style=\"margin-bottom:0;\">Bedrooms 3<\/p>\n                                                                    <p class=\"has-base-color has-text-align-right\" style=\"margin-bottom:0;\">Bathrooms 3<\/p>\n                                          <\/div>\n                  <\/div>\n                <\/div>\n              <\/div>\n            <\/a>\n          <\/div>\n                  <div class=\"wp-block-column swiper-slide\">\n            <a class=\"wp-block-custom-group-link\" href=\"https:\/\/www.casadecampo.com.do\/es\/villas\/garden-villas\/villa-bonita\/\">\n              <div class=\"wp-block-cover aligncenter has-custom-content-position is-position-bottom-center\" style=\"border-radius:0px;\">\n                                  <p class=\"custom-pill is-style-light\" style=\"margin-bottom:0;\">Garden<\/p>\n                                <img loading=\"lazy\" decoding=\"async\" width=\"1350\" height=\"760\" class=\"wp-block-cover__image-background wp-image-85748 size-full\" alt=\"Casa de Campo Villa Exterior Entrance and Garden\" src=\"https:\/\/www.casadecampo.com.do\/wp-content\/uploads\/2025\/10\/4-BDR-GV-Bonita-19-1350x760-2.jpg\" data-object-fit=\"cover\" srcset=\"https:\/\/www.casadecampo.com.do\/wp-content\/uploads\/2025\/10\/4-BDR-GV-Bonita-19-1350x760-2.jpg 1350w, https:\/\/www.casadecampo.com.do\/wp-content\/smush-webp\/2025\/10\/4-BDR-GV-Bonita-19-1350x760-2-300x169.jpg.webp 300w, https:\/\/www.casadecampo.com.do\/wp-content\/smush-webp\/2025\/10\/4-BDR-GV-Bonita-19-1350x760-2-1024x576.jpg.webp 1024w, https:\/\/www.casadecampo.com.do\/wp-content\/smush-webp\/2025\/10\/4-BDR-GV-Bonita-19-1350x760-2-768x432.jpg.webp 768w\" sizes=\"auto, (max-width: 1350px) 100vw, 1350px\" \/>\n                <span aria-hidden=\"true\" class=\"wp-block-cover__background has-background-dim wp-block-cover__gradient-background has-background-gradient\" style=\"background:rgba(0,0,0,0.04)\"><\/span>\n                <div class=\"wp-block-cover__inner-container\">\n                  <div class=\"wp-block-group details is-layout-flex is-content-align-flex-end is-content-justification-space-between is-content-alignment-flex-end has-secondary-color has-text-color has-link-color\" style=\"border-radius:12px\">\n                    <div class=\"wp-block-group left\">\n                      <h4 class=\"wp-block-heading has-text-align-left has-base-color has-text-color has-link-color has-large-font-size\" style=\"margin-top:0; line-height: 1;\">Villa<br>Bonita<\/h4>\n                                              <p class=\"has-base-color has-text-color has-link-color\" style=\"margin-bottom:0;\">Near Golf Villas<\/p>\n                                          <\/div>\n                    <div class=\"wp-block-group right\">\n                                              <p class=\"has-base-color has-text-align-right\" style=\"margin-bottom:0;\">Sleeps 12<\/p>\n                                                                    <p class=\"has-base-color has-text-align-right\" style=\"margin-bottom:0;\">Bedrooms 4<\/p>\n                                                                    <p class=\"has-base-color has-text-align-right\" style=\"margin-bottom:0;\">Bathrooms 4<\/p>\n                                          <\/div>\n                  <\/div>\n                <\/div>\n              <\/div>\n            <\/a>\n          <\/div>\n                  <div class=\"wp-block-column swiper-slide\">\n            <a class=\"wp-block-custom-group-link\" href=\"https:\/\/www.casadecampo.com.do\/es\/villas\/garden-villas\/claro-de-luna\/\">\n              <div class=\"wp-block-cover aligncenter has-custom-content-position is-position-bottom-center\" style=\"border-radius:0px;\">\n                                  <p class=\"custom-pill is-style-light\" style=\"margin-bottom:0;\">Garden<\/p>\n                                <img loading=\"lazy\" decoding=\"async\" width=\"1920\" height=\"1292\" class=\"wp-block-cover__image-background wp-image-82826 size-full\" alt=\"placeholder image\" src=\"https:\/\/www.casadecampo.com.do\/wp-content\/uploads\/2021\/06\/GDV_4_Bdroom_Claro_de_Luna_Pool_-2.jpg\" data-object-fit=\"cover\" \/>\n                <span aria-hidden=\"true\" class=\"wp-block-cover__background has-background-dim wp-block-cover__gradient-background has-background-gradient\" style=\"background:rgba(0,0,0,0.04)\"><\/span>\n                <div class=\"wp-block-cover__inner-container\">\n                  <div class=\"wp-block-group details is-layout-flex is-content-align-flex-end is-content-justification-space-between is-content-alignment-flex-end has-secondary-color has-text-color has-link-color\" style=\"border-radius:12px\">\n                    <div class=\"wp-block-group left\">\n                      <h4 class=\"wp-block-heading has-text-align-left has-base-color has-text-color has-link-color has-large-font-size\" style=\"margin-top:0; line-height: 1;\">Claro<br>de Luna<\/h4>\n                                              <p class=\"has-base-color has-text-color has-link-color\" style=\"margin-bottom:0;\">Near Golf Villas<\/p>\n                                          <\/div>\n                    <div class=\"wp-block-group right\">\n                                              <p class=\"has-base-color has-text-align-right\" style=\"margin-bottom:0;\">Sleeps 12<\/p>\n                                                                    <p class=\"has-base-color has-text-align-right\" style=\"margin-bottom:0;\">Bedrooms 4<\/p>\n                                                                    <p class=\"has-base-color has-text-align-right\" style=\"margin-bottom:0;\">Bathrooms 4<\/p>\n                                          <\/div>\n                  <\/div>\n                <\/div>\n              <\/div>\n            <\/a>\n          <\/div>\n                  <div class=\"wp-block-column swiper-slide\">\n            <a class=\"wp-block-custom-group-link\" href=\"https:\/\/www.casadecampo.com.do\/es\/villas\/garden-villas\/villa-jardines\/\">\n              <div class=\"wp-block-cover aligncenter has-custom-content-position is-position-bottom-center\" style=\"border-radius:0px;\">\n                                  <p class=\"custom-pill is-style-light\" style=\"margin-bottom:0;\">Garden<\/p>\n                                <img loading=\"lazy\" decoding=\"async\" width=\"1800\" height=\"1000\" class=\"wp-block-cover__image-background wp-image-83980 size-full\" alt=\"placeholder image\" src=\"https:\/\/www.casadecampo.com.do\/wp-content\/uploads\/2019\/05\/villa-jardines-exterior.jpg\" data-object-fit=\"cover\" \/>\n                <span aria-hidden=\"true\" class=\"wp-block-cover__background has-background-dim wp-block-cover__gradient-background has-background-gradient\" style=\"background:rgba(0,0,0,0.04)\"><\/span>\n                <div class=\"wp-block-cover__inner-container\">\n                  <div class=\"wp-block-group details is-layout-flex is-content-align-flex-end is-content-justification-space-between is-content-alignment-flex-end has-secondary-color has-text-color has-link-color\" style=\"border-radius:12px\">\n                    <div class=\"wp-block-group left\">\n                      <h4 class=\"wp-block-heading has-text-align-left has-base-color has-text-color has-link-color has-large-font-size\" style=\"margin-top:0; line-height: 1;\">Villa<br>Jardines<\/h4>\n                                              <p class=\"has-base-color has-text-color has-link-color\" style=\"margin-bottom:0;\">Near Las Cerezas<\/p>\n                                          <\/div>\n                    <div class=\"wp-block-group right\">\n                                              <p class=\"has-base-color has-text-align-right\" style=\"margin-bottom:0;\">Sleeps 9<\/p>\n                                                                    <p class=\"has-base-color has-text-align-right\" style=\"margin-bottom:0;\">Bedrooms 3<\/p>\n                                                                    <p class=\"has-base-color has-text-align-right\" style=\"margin-bottom:0;\">Bathrooms 3<\/p>\n                                          <\/div>\n                  <\/div>\n                <\/div>\n              <\/div>\n            <\/a>\n          <\/div>\n                  <div class=\"wp-block-column swiper-slide\">\n            <a class=\"wp-block-custom-group-link\" href=\"https:\/\/www.casadecampo.com.do\/es\/villas\/garden-villas\/villa-azalea\/\">\n              <div class=\"wp-block-cover aligncenter has-custom-content-position is-position-bottom-center\" style=\"border-radius:0px;\">\n                                  <p class=\"custom-pill is-style-light\" style=\"margin-bottom:0;\">Garden<\/p>\n                                <img loading=\"lazy\" decoding=\"async\" width=\"1350\" height=\"760\" class=\"wp-block-cover__image-background wp-image-85797 size-full\" alt=\"Casa de Campo Villa Exterior With Pool and Lounge Area\" src=\"https:\/\/www.casadecampo.com.do\/wp-content\/uploads\/2025\/10\/villa-laguna-pool-1350x760-2.jpg\" data-object-fit=\"cover\" srcset=\"https:\/\/www.casadecampo.com.do\/wp-content\/uploads\/2025\/10\/villa-laguna-pool-1350x760-2.jpg 1350w, https:\/\/www.casadecampo.com.do\/wp-content\/smush-webp\/2025\/10\/villa-laguna-pool-1350x760-2-300x169.jpg.webp 300w, https:\/\/www.casadecampo.com.do\/wp-content\/smush-webp\/2025\/10\/villa-laguna-pool-1350x760-2-1024x576.jpg.webp 1024w, https:\/\/www.casadecampo.com.do\/wp-content\/smush-webp\/2025\/10\/villa-laguna-pool-1350x760-2-768x432.jpg.webp 768w\" sizes=\"auto, (max-width: 1350px) 100vw, 1350px\" \/>\n                <span aria-hidden=\"true\" class=\"wp-block-cover__background has-background-dim wp-block-cover__gradient-background has-background-gradient\" style=\"background:rgba(0,0,0,0.04)\"><\/span>\n                <div class=\"wp-block-cover__inner-container\">\n                  <div class=\"wp-block-group details is-layout-flex is-content-align-flex-end is-content-justification-space-between is-content-alignment-flex-end has-secondary-color has-text-color has-link-color\" style=\"border-radius:12px\">\n                    <div class=\"wp-block-group left\">\n                      <h4 class=\"wp-block-heading has-text-align-left has-base-color has-text-color has-link-color has-large-font-size\" style=\"margin-top:0; line-height: 1;\">Villa<br>Azalea<\/h4>\n                                              <p class=\"has-base-color has-text-color has-link-color\" style=\"margin-bottom:0;\">Near Las Pi\u00f1as<\/p>\n                                          <\/div>\n                    <div class=\"wp-block-group right\">\n                                              <p class=\"has-base-color has-text-align-right\" style=\"margin-bottom:0;\">Sleeps 12<\/p>\n                                                                    <p class=\"has-base-color has-text-align-right\" style=\"margin-bottom:0;\">Bedrooms 4<\/p>\n                                                                    <p class=\"has-base-color has-text-align-right\" style=\"margin-bottom:0;\">Bathrooms 4<\/p>\n                                          <\/div>\n                  <\/div>\n                <\/div>\n              <\/div>\n            <\/a>\n          <\/div>\n                  <div class=\"wp-block-column swiper-slide\">\n            <a class=\"wp-block-custom-group-link\" href=\"https:\/\/www.casadecampo.com.do\/es\/villas\/garden-villas\/villa-acqua\/\">\n              <div class=\"wp-block-cover aligncenter has-custom-content-position is-position-bottom-center\" style=\"border-radius:0px;\">\n                                  <p class=\"custom-pill is-style-light\" style=\"margin-bottom:0;\">Garden<\/p>\n                                <img loading=\"lazy\" decoding=\"async\" width=\"1800\" height=\"1000\" class=\"wp-block-cover__image-background wp-image-85816 size-full\" alt=\"Luxury Villa Acqua Pool at Casa de Campo Resort &amp; Villas in the Dominican Republic\" src=\"https:\/\/www.casadecampo.com.do\/wp-content\/uploads\/2025\/10\/classic-villa-acqua-16-1800x1000-2.jpg\" data-object-fit=\"cover\" srcset=\"https:\/\/www.casadecampo.com.do\/wp-content\/uploads\/2025\/10\/classic-villa-acqua-16-1800x1000-2.jpg 1800w, https:\/\/www.casadecampo.com.do\/wp-content\/smush-webp\/2025\/10\/classic-villa-acqua-16-1800x1000-2-300x167.jpg.webp 300w, https:\/\/www.casadecampo.com.do\/wp-content\/smush-webp\/2025\/10\/classic-villa-acqua-16-1800x1000-2-1024x569.jpg.webp 1024w, https:\/\/www.casadecampo.com.do\/wp-content\/smush-webp\/2025\/10\/classic-villa-acqua-16-1800x1000-2-768x427.jpg.webp 768w, https:\/\/www.casadecampo.com.do\/wp-content\/smush-webp\/2025\/10\/classic-villa-acqua-16-1800x1000-2-1536x853.jpg.webp 1536w\" sizes=\"auto, (max-width: 1800px) 100vw, 1800px\" \/>\n                <span aria-hidden=\"true\" class=\"wp-block-cover__background has-background-dim wp-block-cover__gradient-background has-background-gradient\" style=\"background:rgba(0,0,0,0.04)\"><\/span>\n                <div class=\"wp-block-cover__inner-container\">\n                  <div class=\"wp-block-group details is-layout-flex is-content-align-flex-end is-content-justification-space-between is-content-alignment-flex-end has-secondary-color has-text-color has-link-color\" style=\"border-radius:12px\">\n                    <div class=\"wp-block-group left\">\n                      <h4 class=\"wp-block-heading has-text-align-left has-base-color has-text-color has-link-color has-large-font-size\" style=\"margin-top:0; line-height: 1;\">Villa<br>Acqua<\/h4>\n                                              <p class=\"has-base-color has-text-color has-link-color\" style=\"margin-bottom:0;\">Near Vivero II<\/p>\n                                          <\/div>\n                    <div class=\"wp-block-group right\">\n                                              <p class=\"has-base-color has-text-align-right\" style=\"margin-bottom:0;\">Sleeps 9<\/p>\n                                                                    <p class=\"has-base-color has-text-align-right\" style=\"margin-bottom:0;\">Bedrooms 3<\/p>\n                                                                    <p class=\"has-base-color has-text-align-right\" style=\"margin-bottom:0;\">Bathrooms 3<\/p>\n                                          <\/div>\n                  <\/div>\n                <\/div>\n              <\/div>\n            <\/a>\n          <\/div>\n              <\/div>\n    <\/div>\n  <\/section>\n\n\n\n<div class=\"wp-block-columns is-layout-flex wp-container-core-columns-is-layout-671d0057 wp-block-columns-is-layout-flex\">\n<div class=\"wp-block-column is-layout-flow wp-block-column-is-layout-flow\">\n<div class=\"wp-block-group content-toggle has-global-padding is-layout-constrained wp-block-group-is-layout-constrained\">\n<div class=\"wp-block-buttons is-style-with-spacer is-horizontal is-content-justification-right is-layout-flex wp-container-core-buttons-is-layout-593751c1 wp-block-buttons-is-layout-flex\">\n<div class=\"wp-block-button content-toggle-button is-style-secondary\"><a class=\"wp-block-button__link wp-element-button\" style=\"border-style:none;border-width:0px;text-transform:capitalize\">Mostrar Caracter\u00edsticas Y Comodidades<\/a><\/div>\n\n\n\n<div class=\"wp-block-button is-style-primary-with-arrow\"><a class=\"wp-block-button__link wp-element-button\" href=\"https:\/\/www.casadecampo.com.do\/es\/villas\/garden-villas\/\" style=\"text-transform:capitalize\">Ver todas las villas Garden<\/a><\/div>\n<\/div>\n\n\n\n<div class=\"wp-block-group collapsible-content has-secondary-color has-text-color has-link-color wp-elements-26ae74142f26c164e514cd4d35753735 has-global-padding is-layout-constrained wp-block-group-is-layout-constrained\">\n<h2 class=\"wp-block-heading has-primary-color has-text-color has-link-color has-xx-large-font-size wp-elements-07e69fefb05c171e65495d444726ad90\">Caracter\u00edsticas<br>y comodidades<\/h2>\n\n\n\n<div class=\"wp-block-columns is-layout-flex wp-container-core-columns-is-layout-94a71afd wp-block-columns-is-layout-flex\">\n<div class=\"wp-block-column is-layout-flow wp-block-column-is-layout-flow\">\n<h2 class=\"wp-block-heading has-primary-color has-text-color has-link-color has-medium-font-size wp-elements-5e9174d46708e8c2c5c498f65582c3a2\">Los hu\u00e9spedes de nuestras Villas Garden disfrutan de los siguientes beneficios y servicios:<\/h2>\n\n\n\n<p><strong>Carritos de golf <\/strong>para transportarse dentro del resort. <\/p>\n\n\n\n<ul class=\"wp-block-list\">\n<li>Los hu\u00e9spedes de la villa de cuatro dormitorios disfrutan de dos carritos de golf de 4 pasajeros.<\/li>\n\n\n\n<li>Durante Navidad y A\u00f1o Nuevo, un carrito de golf podr\u00e1 ser sustituido por un coche de tama\u00f1o intermedio.<\/li>\n<\/ul>\n\n\n\n<p><strong>Desayuno diario<\/strong> preparado en la villa<\/p>\n\n\n\n<p><strong>Servicio de limpieza diario privado<\/strong> de 7:30 a.m. a 3:30 p.m.<\/p>\n\n\n\n<p><strong>Uso ilimitado del gimnasio<\/strong><\/p>\n\n\n\n<p><strong>WiFi gratis en la villa<\/strong><\/p>\n\n\n\n<p><strong>Detalle de bienvenida<\/strong>: Canasta dominicana que incluye: 3 botellas de Ron, surtido de botellas de refrescos, cervezas y agua, cesta de fruta de temporada<\/p>\n\n\n\n<p><strong>Check-in personalizado<\/strong> y orientaci\u00f3n en la villa<\/p>\n\n\n\n<p><strong>Servicio de Concierge<\/strong> para todas las reservas de eventos deportivos y restaurantes, u otra asistencia<\/p>\n<\/div>\n\n\n\n<div class=\"wp-block-column is-layout-flow wp-block-column-is-layout-flow\" style=\"flex-basis:240px\">\n<p class=\"has-primary-color has-text-color has-link-color wp-elements-d5649207b23e3150c076473b88b1edca\"><strong>Habitaciones con aire acondicionado<br>Parrilla de barbacoa<br>Muebles de exterior<br>\u00c1reas para comer<br>Jardines paisaj\u00edsticos<br>\u00c1rea de estacionamiento o marquesina<br>Televisor de pantalla plana<br>Sistema de sonido<br>Tel\u00e9fono interno<br>Wi-Fi gratis<br>Cocina completa<br>Refrigerador<br>Horno de microondas<br>Tostadora<br>Cafetera<br>Utensilios de cocina completos<br>Despertador<br>Secador de pelo<br>Plancha y tabla de planchar<br>Armario para lencer\u00eda<br>Lavadora y secadora<br><\/strong><\/p>\n\n\n\n<p>Para su seguridad:<\/p>\n\n\n\n<p class=\"has-primary-color has-text-color has-link-color wp-elements-76c9cc2a334eea954e0a85d6e3637584\"><strong>Detectores de humo<br>Detectores de mon\u00f3xido de carbono<br>Extintores de fuego<\/strong><\/p>\n<\/div>\n<\/div>\n<\/div>\n<\/div>\n<\/div>\n<\/div>\n<\/div>\n\n\n\n<div class=\"wp-block-group alignfull is-style-has-border-bottom has-global-padding is-layout-constrained wp-container-core-group-is-layout-db150ff9 wp-block-group-is-layout-constrained\" id=\"villa-finder\" style=\"padding-top:var(--wp--preset--spacing--large);padding-right:0;padding-bottom:var(--wp--preset--spacing--large);padding-left:0\">\n<div class=\"wp-block-group heading-title has-global-padding is-content-justification-center is-layout-constrained wp-container-core-group-is-layout-f603a271 wp-block-group-is-layout-constrained\" style=\"margin-bottom:0\">\n<h3 class=\"wp-block-heading has-text-align-center has-x-large-font-size\" style=\"margin-top:0;margin-bottom:var(--wp--preset--spacing--40);padding-top:0;padding-bottom:0;letter-spacing:-0.44px;line-height:1\">Buscador De Villa<\/h3>\n<\/div>\n\n\n\n  <section\n    class=\"custom-query-loop-with-filters villa-finder align wp-block-acf-villa-finder\" id=\"custom-query-loop-with-filters-block_8d68c9a1e5fc9d1965259ee16a74e437\"    data-shown=\"9\"\n  >\n    <div class=\"container\">\n      <div class=\"cpt-filters\">\n        <form class=\"cpt-filters-form\" action=\"https:\/\/www.casadecampo.com.do\/wp-admin\/admin-ajax.php\" method=\"post\" data-ajax-url=\"https:\/\/www.casadecampo.com.do\/wp-admin\/admin-ajax.php\">\n          <input type=\"hidden\" name=\"action\" value=\"villa_loop_filter\">\n          <input type=\"hidden\" name=\"cpt\" value=\"villas\">\n          <input type=\"hidden\" id=\"paged\" name=\"paged\" value=\"1\">\n                    <div class=\"filter-items inline\">\n            <div class=\"cpt-filter\">\n              <div class=\"form-input\">\n                <input type=\"text\" placeholder=\"Nombre de la Villa\" name=\"villa_name\" id=\"villa_name\">\n              <\/div>\n            <\/div>\n                          <div class=\"cpt-filter villa-category\">\n                <select class=\"custom-select\" name=\"villa_category[]\" multiple>\n                  <option value=\"\">Categor\u00eda de Villa<\/option>\n                                      <option value=\"classic-villas\">Cl\u00e1sica<\/option>\n                                      <option value=\"exclusive-villas\">Exclusivas<\/option>\n                                      <option value=\"garden-villas\">Garden<\/option>\n                                      <option value=\"oceanfront-villas\">Oceanfront<\/option>\n                                  <\/select>\n              <\/div>\n                                      <div class=\"cpt-filter\">\n                <select class=\"custom-select\" name=\"bedrooms\">\n                  <option value=\"\">Habitaciones<\/option>\n                                      <option value=\"1\">1<\/option>\n                                      <option value=\"2\">2<\/option>\n                                      <option value=\"3\">3<\/option>\n                                      <option value=\"4\">4<\/option>\n                                      <option value=\"5\">5<\/option>\n                                      <option value=\"6\">6<\/option>\n                                      <option value=\"7\">7<\/option>\n                                      <option value=\"8\">8<\/option>\n                                      <option value=\"9\">9<\/option>\n                                      <option value=\"10\">10<\/option>\n                                      <option value=\"11\">11<\/option>\n                                  <\/select>\n              <\/div>\n                        <div class=\"cpt-filter\">\n              <button id=\"filter-villas\" type=\"submit\" class=\"btn btn-primary\">Aplicar Filtro<\/button>\n            <\/div>\n          <\/div>\n        <\/form>\n      <\/div>\n      <div class=\"cpt-filter-results\" id=\"cpt-filters-result\">\n        <p class=\"villas-number\">\n          <span id=\"villas-found\" class=\"number\">71<\/span> Villas Encontradas        <\/p>\n        <p class=\"categories\">\n          Cl\u00e1sica, Exclusivas, Garden, Oceanfront        <\/p>\n      <\/div>\n      <!-- Empty results container that will be populated by JavaScript -->\n      <div class=\"cpt-template row\" id=\"villa-finder-results\">\n        <!-- Villas will be added here by JavaScript -->\n      <\/div>\n      \n      <!-- JSON data for JavaScript -->\n      <script \n        type=\"application\/json\" \n        data-villa-finder-posts \n        data-block-id=\"custom-query-loop-with-filters-block_8d68c9a1e5fc9d1965259ee16a74e437\"\n        data-initial-shown=\"9\"\n      >\n        [{\"ID\":98097,\"title\":\"Villa Tropicalia\",\"permalink\":\"https:\\\/\\\/www.casadecampo.com.do\\\/es\\\/villas\\\/classic-villas\\\/villa-tropicalia\\\/\",\"thumbnail_id\":98022,\"image_url\":\"https:\\\/\\\/www.casadecampo.com.do\\\/wp-content\\\/uploads\\\/2026\\\/03\\\/5bdr_Classic_Villa_Villa-Tropicalia_-58-1024x683.jpg\",\"image_alt\":\"\",\"has_thumbnail\":true,\"guest\":\"15\",\"bathrooms\":\"6\",\"bedrooms\":\"5\",\"primary_category\":\"Cl\\u00e1sica\",\"location\":\"Las Ca\\u00f1as\"},{\"ID\":97951,\"title\":\"Villa Arcoiris\",\"permalink\":\"https:\\\/\\\/www.casadecampo.com.do\\\/es\\\/villas\\\/exclusive-villas\\\/villa-arcoiris\\\/\",\"thumbnail_id\":97945,\"image_url\":\"https:\\\/\\\/www.casadecampo.com.do\\\/wp-content\\\/uploads\\\/2026\\\/03\\\/4bdr_Exclusive_Villa_Arcoiris_-7-1024x682.jpg\",\"image_alt\":\"\",\"has_thumbnail\":true,\"guest\":\"12\",\"bathrooms\":\"6\",\"bedrooms\":\"4\",\"primary_category\":\"Exclusivas\",\"location\":\"El Molino\"},{\"ID\":85929,\"title\":\"Villa Paradise\",\"permalink\":\"https:\\\/\\\/www.casadecampo.com.do\\\/es\\\/villas\\\/exclusive-villas\\\/villa-paradise\\\/\",\"thumbnail_id\":85928,\"image_url\":\"https:\\\/\\\/www.casadecampo.com.do\\\/wp-content\\\/uploads\\\/2025\\\/10\\\/5Bdr_Exc_Villa_Paradise_pool_view_-6-1024x683.jpg\",\"image_alt\":\"\",\"has_thumbnail\":true,\"guest\":\"15\",\"bathrooms\":\"7\",\"bedrooms\":\"5\",\"primary_category\":\"Exclusivas\",\"location\":\"\"},{\"ID\":85924,\"title\":\"Villa Aurora\",\"permalink\":\"https:\\\/\\\/www.casadecampo.com.do\\\/es\\\/villas\\\/exclusive-villas\\\/villa-aurora\\\/\",\"thumbnail_id\":73913,\"image_url\":\"https:\\\/\\\/www.casadecampo.com.do\\\/wp-content\\\/uploads\\\/2024\\\/07\\\/5Bdr_Exc_Villa_Aurora_49.jpeg\",\"image_alt\":\"\",\"has_thumbnail\":true,\"guest\":\"15\",\"bathrooms\":\"7\",\"bedrooms\":\"5\",\"primary_category\":\"Exclusivas\",\"location\":\"Las Ca\\u00f1as\"},{\"ID\":85922,\"title\":\"Villa Atias\",\"permalink\":\"https:\\\/\\\/www.casadecampo.com.do\\\/es\\\/villas\\\/exclusive-villas\\\/villa-atias\\\/\",\"thumbnail_id\":1321,\"image_url\":\"https:\\\/\\\/www.casadecampo.com.do\\\/wp-content\\\/uploads\\\/2025\\\/09\\\/6Bdr_Exc_Villa_Atias_Pool_View_01-1024x683.jpg\",\"image_alt\":\"\",\"has_thumbnail\":true,\"guest\":\"18\",\"bathrooms\":\"9\",\"bedrooms\":\"6\",\"primary_category\":\"Exclusivas\",\"location\":\"Rancho Arriba\"},{\"ID\":85920,\"title\":\"Casa So\\u00f1are\",\"permalink\":\"https:\\\/\\\/www.casadecampo.com.do\\\/es\\\/villas\\\/classic-villas\\\/casa-sonare\\\/\",\"thumbnail_id\":1130,\"image_url\":\"https:\\\/\\\/www.casadecampo.com.do\\\/wp-content\\\/uploads\\\/2025\\\/09\\\/5bdr_CLV_Casa_Sonares_pool_view_07-1024x682.jpeg\",\"image_alt\":\"\",\"has_thumbnail\":true,\"guest\":\"15\",\"bathrooms\":\"5\",\"bedrooms\":\"5\",\"primary_category\":\"Cl\\u00e1sica\",\"location\":\"Las Ca\\u00f1as\"},{\"ID\":85918,\"title\":\"Villa Refugio\",\"permalink\":\"https:\\\/\\\/www.casadecampo.com.do\\\/es\\\/villas\\\/exclusive-villas\\\/villa-refugio\\\/\",\"thumbnail_id\":69285,\"image_url\":\"https:\\\/\\\/www.casadecampo.com.do\\\/wp-content\\\/uploads\\\/2023\\\/12\\\/6Bdr_Exc_Villa_Refugio_pool_view_01.jpg\",\"image_alt\":\"\",\"has_thumbnail\":true,\"guest\":\"18\",\"bathrooms\":\"8\",\"bedrooms\":\"6\",\"primary_category\":\"Exclusivas\",\"location\":\"Las Ca\\u00f1as\"},{\"ID\":85916,\"title\":\"Villa El Descubrimiento\",\"permalink\":\"https:\\\/\\\/www.casadecampo.com.do\\\/es\\\/villas\\\/exclusive-villas\\\/villa-el-descubrimiento\\\/\",\"thumbnail_id\":69129,\"image_url\":\"https:\\\/\\\/www.casadecampo.com.do\\\/wp-content\\\/uploads\\\/2023\\\/12\\\/5Bdr_Exc_Villa_El_Descubrimiento_exterior_01.jpg\",\"image_alt\":\"\",\"has_thumbnail\":true,\"guest\":\"15\",\"bathrooms\":\"8\",\"bedrooms\":\"5\",\"primary_category\":\"Exclusivas\",\"location\":\"Las Palmas\"},{\"ID\":85914,\"title\":\"Villa Los Cedros\",\"permalink\":\"https:\\\/\\\/www.casadecampo.com.do\\\/es\\\/villas\\\/exclusive-villas\\\/villa-los-cedros\\\/\",\"thumbnail_id\":69037,\"image_url\":\"https:\\\/\\\/www.casadecampo.com.do\\\/wp-content\\\/uploads\\\/2023\\\/12\\\/5Bdr_Exc_Villa_Los_Cedros_pool_view_03.jpg\",\"image_alt\":\"\",\"has_thumbnail\":true,\"guest\":\"15\",\"bathrooms\":\"5.5\",\"bedrooms\":\"5\",\"primary_category\":\"Exclusivas\",\"location\":\"Vivero II\"},{\"ID\":85912,\"title\":\"Villa Florida\",\"permalink\":\"https:\\\/\\\/www.casadecampo.com.do\\\/es\\\/villas\\\/oceanfront-villas\\\/villa-florida\\\/\",\"thumbnail_id\":68724,\"image_url\":\"https:\\\/\\\/www.casadecampo.com.do\\\/wp-content\\\/uploads\\\/2023\\\/11\\\/6BDR_CL_Villa_Florida_pool_view_05.jpg\",\"image_alt\":\"\",\"has_thumbnail\":true,\"guest\":\"21\",\"bathrooms\":\"7\",\"bedrooms\":\"7\",\"primary_category\":\"Oceanfront\",\"location\":\"Costamar\"},{\"ID\":85910,\"title\":\"Villa Palmares\",\"permalink\":\"https:\\\/\\\/www.casadecampo.com.do\\\/es\\\/villas\\\/oceanfront-villas\\\/villa-palmares\\\/\",\"thumbnail_id\":68636,\"image_url\":\"https:\\\/\\\/www.casadecampo.com.do\\\/wp-content\\\/uploads\\\/2023\\\/11\\\/12BDR_OCF_Villa_Palmares_pool_view_02.jpg\",\"image_alt\":\"\",\"has_thumbnail\":true,\"guest\":\"36\",\"bathrooms\":\"14\",\"bedrooms\":\"12\",\"primary_category\":\"Oceanfront\",\"location\":\"Calet\\u00f3n\"},{\"ID\":85908,\"title\":\"Villa Amapola\",\"permalink\":\"https:\\\/\\\/www.casadecampo.com.do\\\/es\\\/villas\\\/exclusive-villas\\\/villa-amapola\\\/\",\"thumbnail_id\":1315,\"image_url\":\"https:\\\/\\\/www.casadecampo.com.do\\\/wp-content\\\/uploads\\\/2025\\\/09\\\/5bdr_Exc_Villa_Amapola_-pool_view-1024x575.jpg\",\"image_alt\":\"\",\"has_thumbnail\":true,\"guest\":\"15\",\"bathrooms\":\"7\",\"bedrooms\":\"5\",\"primary_category\":\"Exclusivas\",\"location\":\"Las Ca\\u00f1as\"},{\"ID\":85906,\"title\":\"Casa Sol de Oriente\",\"permalink\":\"https:\\\/\\\/www.casadecampo.com.do\\\/es\\\/villas\\\/classic-villas\\\/casa-sol-de-oriente\\\/\",\"thumbnail_id\":66674,\"image_url\":\"https:\\\/\\\/www.casadecampo.com.do\\\/wp-content\\\/uploads\\\/2023\\\/08\\\/4Bdr_CLV_Casa_Sol_de_Oriente_pool_02.jpg\",\"image_alt\":\"\",\"has_thumbnail\":true,\"guest\":\"12\",\"bathrooms\":\"4\",\"bedrooms\":\"4\",\"primary_category\":\"Cl\\u00e1sica\",\"location\":\"Las Ca\\u00f1as\"},{\"ID\":85902,\"title\":\"Villa Vista Verde\",\"permalink\":\"https:\\\/\\\/www.casadecampo.com.do\\\/es\\\/villas\\\/exclusive-villas\\\/villa-vista-verde\\\/\",\"thumbnail_id\":85903,\"image_url\":\"https:\\\/\\\/www.casadecampo.com.do\\\/wp-content\\\/uploads\\\/2025\\\/10\\\/4Bdr_Exc_Villa_Vista_Lagos_Pool_view_01-scaled-2-1024x768.jpg\",\"image_alt\":\"\",\"has_thumbnail\":true,\"guest\":\"12\",\"bathrooms\":\"6.5\",\"bedrooms\":\"6\",\"primary_category\":\"Exclusivas\",\"location\":\"Los Lagos\"},{\"ID\":85898,\"title\":\"Villa Renee\",\"permalink\":\"https:\\\/\\\/www.casadecampo.com.do\\\/es\\\/villas\\\/garden-villas\\\/villa-renee\\\/\",\"thumbnail_id\":65950,\"image_url\":\"https:\\\/\\\/www.casadecampo.com.do\\\/wp-content\\\/uploads\\\/2023\\\/07\\\/4BDR_GRV_Villa-Renee_Pool_View.jpg\",\"image_alt\":\"\",\"has_thumbnail\":true,\"guest\":\"9\",\"bathrooms\":\"3\",\"bedrooms\":\"3\",\"primary_category\":\"Garden\",\"location\":\"Barranca Sur\"},{\"ID\":85894,\"title\":\"Villa Brisa del Este\",\"permalink\":\"https:\\\/\\\/www.casadecampo.com.do\\\/es\\\/villas\\\/classic-villas\\\/villa-brisa-del-este\\\/\",\"thumbnail_id\":85895,\"image_url\":\"https:\\\/\\\/www.casadecampo.com.do\\\/wp-content\\\/uploads\\\/2025\\\/10\\\/4bdr_Cla_Brisa_del_este_pool_view-scaled-2-1024x576.jpeg\",\"image_alt\":\"\",\"has_thumbnail\":true,\"guest\":\"12\",\"bathrooms\":\"6\",\"bedrooms\":\"4\",\"primary_category\":\"Cl\\u00e1sica\",\"location\":\"Polo\"},{\"ID\":85890,\"title\":\"Casa Alba\",\"permalink\":\"https:\\\/\\\/www.casadecampo.com.do\\\/es\\\/villas\\\/oceanfront-villas\\\/casa-alba\\\/\",\"thumbnail_id\":682,\"image_url\":\"https:\\\/\\\/www.casadecampo.com.do\\\/wp-content\\\/uploads\\\/2025\\\/08\\\/6BDRM_OCF_Casa_Alba_Pool_view-1024x683.jpeg\",\"image_alt\":\"\",\"has_thumbnail\":true,\"guest\":\"12\",\"bathrooms\":\"9\",\"bedrooms\":\"6\",\"primary_category\":\"Oceanfront\",\"location\":\"Costamar\"},{\"ID\":85888,\"title\":\"Villa Vista Lagos\",\"permalink\":\"https:\\\/\\\/www.casadecampo.com.do\\\/es\\\/villas\\\/exclusive-villas\\\/villa-vista-lagos\\\/\",\"thumbnail_id\":92367,\"image_url\":\"https:\\\/\\\/www.casadecampo.com.do\\\/wp-content\\\/uploads\\\/2025\\\/10\\\/4Bdr_Exc_Villa_Vista_Lagos_pool_01-1024x683.jpg\",\"image_alt\":\"\",\"has_thumbnail\":true,\"guest\":\"15\",\"bathrooms\":\"5\",\"bedrooms\":\"5\",\"primary_category\":\"Exclusivas\",\"location\":\"Vista Lagos\"},{\"ID\":85886,\"title\":\"Casa Le Garnier\",\"permalink\":\"https:\\\/\\\/www.casadecampo.com.do\\\/es\\\/villas\\\/exclusive-villas\\\/casa-le-garnier\\\/\",\"thumbnail_id\":60072,\"image_url\":\"https:\\\/\\\/www.casadecampo.com.do\\\/wp-content\\\/uploads\\\/2022\\\/09\\\/Casa_Le_Garnier_Pool_view_5.jpeg\",\"image_alt\":\"\",\"has_thumbnail\":true,\"guest\":\"18\",\"bathrooms\":\"6.5\",\"bedrooms\":\"6\",\"primary_category\":\"Exclusivas\",\"location\":\"Cacique\"},{\"ID\":85884,\"title\":\"Villa Marsella\",\"permalink\":\"https:\\\/\\\/www.casadecampo.com.do\\\/es\\\/villas\\\/exclusive-villas\\\/villa-marsella\\\/\",\"thumbnail_id\":59773,\"image_url\":\"https:\\\/\\\/www.casadecampo.com.do\\\/wp-content\\\/uploads\\\/2022\\\/08\\\/Exc_5Brd_Villa_Marsella_Patio.jpeg\",\"image_alt\":\"\",\"has_thumbnail\":true,\"guest\":\"15\",\"bathrooms\":\"5\",\"bedrooms\":\"5\",\"primary_category\":\"Exclusivas\",\"location\":\"Los Lagos\"},{\"ID\":85878,\"title\":\"Luna Nueva\",\"permalink\":\"https:\\\/\\\/www.casadecampo.com.do\\\/es\\\/villas\\\/garden-villas\\\/luna-nueva\\\/\",\"thumbnail_id\":85879,\"image_url\":\"https:\\\/\\\/www.casadecampo.com.do\\\/wp-content\\\/uploads\\\/2025\\\/10\\\/GDV_4_Bdroom_Villa_Luna_Nueva_Pool_16-scaled-2-1024x683.jpeg\",\"image_alt\":\"\",\"has_thumbnail\":true,\"guest\":\"9\",\"bathrooms\":\"3\",\"bedrooms\":\"3\",\"primary_category\":\"Garden\",\"location\":\"Golf Villas\"},{\"ID\":85872,\"title\":\"Villa Ambar\",\"permalink\":\"https:\\\/\\\/www.casadecampo.com.do\\\/es\\\/villas\\\/exclusive-villas\\\/villa-ambar\\\/\",\"thumbnail_id\":85873,\"image_url\":\"https:\\\/\\\/www.casadecampo.com.do\\\/wp-content\\\/uploads\\\/2025\\\/10\\\/EXCLV_7_Bdroom_9_-Ambar_-Las-Colinas-9_-Aerial_02-scaled-2-1024x682.jpeg\",\"image_alt\":\"\",\"has_thumbnail\":true,\"guest\":\"21\",\"bathrooms\":\"7.5\",\"bedrooms\":\"7\",\"primary_category\":\"Exclusivas\",\"location\":\"Las Colinas\"},{\"ID\":85866,\"title\":\"Villa Angeles\",\"permalink\":\"https:\\\/\\\/www.casadecampo.com.do\\\/es\\\/villas\\\/exclusive-villas\\\/villa-angeles\\\/\",\"thumbnail_id\":85867,\"image_url\":\"https:\\\/\\\/www.casadecampo.com.do\\\/wp-content\\\/uploads\\\/2025\\\/10\\\/EXC_8_bdroom_Villa_Angeles_Pool_view_02-scaled-2-1024x683.jpeg\",\"image_alt\":\"\",\"has_thumbnail\":true,\"guest\":\"16\",\"bathrooms\":\"8\",\"bedrooms\":\"8\",\"primary_category\":\"Exclusivas\",\"location\":\"Las Lomas\"},{\"ID\":85861,\"title\":\"Villa Ana Melinda\",\"permalink\":\"https:\\\/\\\/www.casadecampo.com.do\\\/es\\\/villas\\\/exclusive-villas\\\/villa-ana-melinda\\\/\",\"thumbnail_id\":82555,\"image_url\":\"https:\\\/\\\/www.casadecampo.com.do\\\/wp-content\\\/uploads\\\/2020\\\/12\\\/Villa-Ana-Melind_10BDR_EXC_Pool-View-6-scaled.jpg\",\"image_alt\":\"\",\"has_thumbnail\":true,\"guest\":\"27\",\"bathrooms\":\"9\",\"bedrooms\":\"9\",\"primary_category\":\"Exclusivas\",\"location\":\"Vista Chavon\"},{\"ID\":85858,\"title\":\"Casa Stravaganza\",\"permalink\":\"https:\\\/\\\/www.casadecampo.com.do\\\/es\\\/villas\\\/oceanfront-villas\\\/casa-stravaganza\\\/\",\"thumbnail_id\":82472,\"image_url\":\"https:\\\/\\\/www.casadecampo.com.do\\\/wp-content\\\/uploads\\\/2020\\\/04\\\/OFV6BDRSTRAVAGANZA59.jpeg\",\"image_alt\":\"\",\"has_thumbnail\":true,\"guest\":\"18\",\"bathrooms\":\"6\",\"bedrooms\":\"6\",\"primary_category\":\"Oceanfront\",\"location\":\"Costamar\"},{\"ID\":85854,\"title\":\"Villa Majestic\",\"permalink\":\"https:\\\/\\\/www.casadecampo.com.do\\\/es\\\/villas\\\/classic-villas\\\/villa-majestic\\\/\",\"thumbnail_id\":1312,\"image_url\":\"https:\\\/\\\/www.casadecampo.com.do\\\/wp-content\\\/uploads\\\/2025\\\/09\\\/Classic-4-Bdrm-Villa-Majestic-1-1024x585.jpg\",\"image_alt\":\"\",\"has_thumbnail\":true,\"guest\":\"12\",\"bathrooms\":\"4\",\"bedrooms\":\"4\",\"primary_category\":\"Cl\\u00e1sica\",\"location\":\"Vivero\"},{\"ID\":85844,\"title\":\"Villa Colibr\\u00ed\",\"permalink\":\"https:\\\/\\\/www.casadecampo.com.do\\\/es\\\/villas\\\/garden-villas\\\/villa-colibri\\\/\",\"thumbnail_id\":85845,\"image_url\":\"https:\\\/\\\/www.casadecampo.com.do\\\/wp-content\\\/uploads\\\/2025\\\/10\\\/GDV-3-HABS-Villa-ColibrC3AD-3-1350x760-2-1024x576.jpg\",\"image_alt\":\"\",\"has_thumbnail\":true,\"guest\":\"9\",\"bathrooms\":\"3\",\"bedrooms\":\"3\",\"primary_category\":\"Garden\",\"location\":\"Golf Villas\"},{\"ID\":85838,\"title\":\"Villa Sugar\",\"permalink\":\"https:\\\/\\\/www.casadecampo.com.do\\\/es\\\/villas\\\/classic-villas\\\/villa-sugar\\\/\",\"thumbnail_id\":85839,\"image_url\":\"https:\\\/\\\/www.casadecampo.com.do\\\/wp-content\\\/uploads\\\/2025\\\/10\\\/4-BDRM-CLASSIC-VILLA-SUGAR-9-1350x760-2-1024x576.jpg\",\"image_alt\":\"\",\"has_thumbnail\":true,\"guest\":\"12\",\"bathrooms\":\"4\",\"bedrooms\":\"4\",\"primary_category\":\"Cl\\u00e1sica\",\"location\":\"Los Limones\"},{\"ID\":85832,\"title\":\"Villa Puerta Celeste\",\"permalink\":\"https:\\\/\\\/www.casadecampo.com.do\\\/es\\\/villas\\\/classic-villas\\\/villa-puerta-celeste\\\/\",\"thumbnail_id\":85833,\"image_url\":\"https:\\\/\\\/www.casadecampo.com.do\\\/wp-content\\\/uploads\\\/2025\\\/10\\\/4-BDRM-CLASSIC-VILLA-PUERTA-CELESTE-12-1350x760-2-1024x576.jpg\",\"image_alt\":\"\",\"has_thumbnail\":true,\"guest\":\"12\",\"bathrooms\":\"4\",\"bedrooms\":\"4\",\"primary_category\":\"Cl\\u00e1sica\",\"location\":\"La Terraza\"},{\"ID\":85859,\"title\":\"Casa Marina\",\"permalink\":\"https:\\\/\\\/www.casadecampo.com.do\\\/es\\\/villas\\\/garden-villas\\\/casa-marina\\\/\",\"thumbnail_id\":1123,\"image_url\":\"https:\\\/\\\/www.casadecampo.com.do\\\/wp-content\\\/uploads\\\/2025\\\/09\\\/Casa-Marina_Garden_Villa-1024x683.jpg\",\"image_alt\":\"\",\"has_thumbnail\":true,\"guest\":\"9\",\"bathrooms\":\"3\",\"bedrooms\":\"3\",\"primary_category\":\"Garden\",\"location\":\"Golf Villas\"},{\"ID\":85695,\"title\":\"Casa Bambu\",\"permalink\":\"https:\\\/\\\/www.casadecampo.com.do\\\/es\\\/villas\\\/garden-villas\\\/villa-bambu\\\/\",\"thumbnail_id\":85696,\"image_url\":\"https:\\\/\\\/www.casadecampo.com.do\\\/wp-content\\\/uploads\\\/2025\\\/10\\\/Garden-3Bdrm-Villa-Casa-BambC3BA-4-1350x760-2-1024x576.jpg\",\"image_alt\":\"Casa de Campo Villa Interior Lounge Area With View\",\"has_thumbnail\":true,\"guest\":\"9\",\"bathrooms\":\"3\",\"bedrooms\":\"3\",\"primary_category\":\"Garden\",\"location\":\"Golf Villas\"},{\"ID\":85698,\"title\":\"Villa Marfil\",\"permalink\":\"https:\\\/\\\/www.casadecampo.com.do\\\/es\\\/villas\\\/classic-villas\\\/villa-marfil\\\/\",\"thumbnail_id\":85699,\"image_url\":\"https:\\\/\\\/www.casadecampo.com.do\\\/wp-content\\\/uploads\\\/2025\\\/10\\\/5-BDRM-CLASSIC-VILLA-MARFIL-2-min-1350x760-2-1024x576.jpg\",\"image_alt\":\"Casa de Campo Villa Exterior With Pool and Lounge Area|\",\"has_thumbnail\":true,\"guest\":\"15\",\"bathrooms\":\"5\",\"bedrooms\":\"5\",\"primary_category\":\"Cl\\u00e1sica\",\"location\":\"Los Limones\"},{\"ID\":85701,\"title\":\"Villa Nerissa\",\"permalink\":\"https:\\\/\\\/www.casadecampo.com.do\\\/es\\\/villas\\\/oceanfront-villas\\\/villa-nerissa\\\/\",\"thumbnail_id\":85702,\"image_url\":\"https:\\\/\\\/www.casadecampo.com.do\\\/wp-content\\\/uploads\\\/2025\\\/10\\\/4-BEDROOM-OCEAN-FRONT-VILLA-NERISSA-1-1350x760-2-1024x576.jpg\",\"image_alt\":\"Casa de Campo Villa Exterior With Pool and Lounge Area|\",\"has_thumbnail\":true,\"guest\":\"12\",\"bathrooms\":\"4\",\"bedrooms\":\"4\",\"primary_category\":\"Oceanfront\",\"location\":\"Costa Verde\"},{\"ID\":85704,\"title\":\"Villa Zen\",\"permalink\":\"https:\\\/\\\/www.casadecampo.com.do\\\/es\\\/villas\\\/garden-villas\\\/villa-zen\\\/\",\"thumbnail_id\":85705,\"image_url\":\"https:\\\/\\\/www.casadecampo.com.do\\\/wp-content\\\/uploads\\\/2025\\\/10\\\/3-BEDROOM-GARDEN-VILLA-ZEN-1-1350x760-2-1024x576.jpg\",\"image_alt\":\"Casa de Campo Villa Exterior With Garden|\",\"has_thumbnail\":true,\"guest\":\"9\",\"bathrooms\":\"3\",\"bedrooms\":\"3\",\"primary_category\":\"Garden\",\"location\":\"Golf Villas\"},{\"ID\":85707,\"title\":\"Villa Esplendor\",\"permalink\":\"https:\\\/\\\/www.casadecampo.com.do\\\/es\\\/villas\\\/exclusive-villas\\\/villa-esplendor\\\/\",\"thumbnail_id\":84182,\"image_url\":\"https:\\\/\\\/www.casadecampo.com.do\\\/wp-content\\\/uploads\\\/2019\\\/05\\\/Esplendor_Exclusive_Villa.jpg\",\"image_alt\":\"\",\"has_thumbnail\":true,\"guest\":\"24\",\"bathrooms\":\"8\",\"bedrooms\":\"8\",\"primary_category\":\"Exclusivas\",\"location\":\"R\\u00edo Arriba\"},{\"ID\":85708,\"title\":\"Villa Flamboyan\",\"permalink\":\"https:\\\/\\\/www.casadecampo.com.do\\\/es\\\/villas\\\/classic-villas\\\/villa-flamboyan\\\/\",\"thumbnail_id\":85709,\"image_url\":\"https:\\\/\\\/www.casadecampo.com.do\\\/wp-content\\\/uploads\\\/2025\\\/10\\\/4-BDRM-CLASSIC-VILLA-FLAMBOYAN-1-min-1350x760-2-1024x576.jpg\",\"image_alt\":\"Casa de Campo Villa Exterior Entrance and Garden|Casa de Campo Resort & Villas Villa Del Campo 4-Bedroom Luxury Villa in The Dominican Republic\",\"has_thumbnail\":true,\"guest\":\"12\",\"bathrooms\":\"4\",\"bedrooms\":\"4\",\"primary_category\":\"Cl\\u00e1sica\",\"location\":\"Barranca Sur\"},{\"ID\":85721,\"title\":\"Villa Mar y Palma\",\"permalink\":\"https:\\\/\\\/www.casadecampo.com.do\\\/es\\\/villas\\\/oceanfront-villas\\\/villa-mar-palma\\\/\",\"thumbnail_id\":83805,\"image_url\":\"https:\\\/\\\/www.casadecampo.com.do\\\/wp-content\\\/uploads\\\/2019\\\/05\\\/HERO-5-BDRM-OCEANFRONT-VILLA-MAR-PALMA.jpg\",\"image_alt\":\"\",\"has_thumbnail\":true,\"guest\":\"15\",\"bathrooms\":\"5\",\"bedrooms\":\"5\",\"primary_category\":\"Oceanfront\",\"location\":\"Costa Verde\"},{\"ID\":85723,\"title\":\"Villa Gray\",\"permalink\":\"https:\\\/\\\/www.casadecampo.com.do\\\/es\\\/villas\\\/classic-villas\\\/villa-gray\\\/\",\"thumbnail_id\":85724,\"image_url\":\"https:\\\/\\\/www.casadecampo.com.do\\\/wp-content\\\/uploads\\\/2025\\\/10\\\/CV-5BDRM-Villa-Gray-2-1350x760-2-1024x576.jpg\",\"image_alt\":\"Casa de Campo Villa Exterior Entrance\",\"has_thumbnail\":true,\"guest\":\"12\",\"bathrooms\":\"4\",\"bedrooms\":\"4\",\"primary_category\":\"Cl\\u00e1sica\",\"location\":\"Vivero\"},{\"ID\":85726,\"title\":\"Villa Alondra\",\"permalink\":\"https:\\\/\\\/www.casadecampo.com.do\\\/es\\\/villas\\\/classic-villas\\\/villa-alondra\\\/\",\"thumbnail_id\":85727,\"image_url\":\"https:\\\/\\\/www.casadecampo.com.do\\\/wp-content\\\/uploads\\\/2025\\\/10\\\/CLASSIC-4BEDROOM-VILLA-ALONDRA-4-1350x760-2-1024x576.jpg\",\"image_alt\":\"Casa de Campo Villa Exterior Entrance and Garden\",\"has_thumbnail\":true,\"guest\":\"12\",\"bathrooms\":\"4\",\"bedrooms\":\"4\",\"primary_category\":\"Cl\\u00e1sica\",\"location\":\"Los Tamarindos\"},{\"ID\":85732,\"title\":\"Villa Paz\",\"permalink\":\"https:\\\/\\\/www.casadecampo.com.do\\\/es\\\/villas\\\/classic-villas\\\/villa-paz\\\/\",\"thumbnail_id\":85733,\"image_url\":\"https:\\\/\\\/www.casadecampo.com.do\\\/wp-content\\\/uploads\\\/2025\\\/10\\\/4-BEDROOM-CLASSIC-VILLA-PAZ-12-min-1350x760-2-1024x576.jpg\",\"image_alt\":\"Casa de Campo Villa Exterior With Private Pool and Lounge Area\",\"has_thumbnail\":true,\"guest\":\"12\",\"bathrooms\":\"4\",\"bedrooms\":\"4\",\"primary_category\":\"Cl\\u00e1sica\",\"location\":\"Los Lagos\"},{\"ID\":85735,\"title\":\"Villa Colosal\",\"permalink\":\"https:\\\/\\\/www.casadecampo.com.do\\\/es\\\/villas\\\/exclusive-villas\\\/villa-colosal\\\/\",\"thumbnail_id\":85736,\"image_url\":\"https:\\\/\\\/www.casadecampo.com.do\\\/wp-content\\\/uploads\\\/2025\\\/10\\\/EXCLUSIVE-VILLA-COLOSAL-21-1350x760-2-1024x576.jpg\",\"image_alt\":\"Casa de Campo Villa Exterior Tennis Court and Gardens\",\"has_thumbnail\":true,\"guest\":\"30\",\"bathrooms\":\"10\",\"bedrooms\":\"10\",\"primary_category\":\"Exclusivas\",\"location\":\"Barranca Este\"},{\"ID\":85738,\"title\":\"Villa Sarah Mar\\u00eda\",\"permalink\":\"https:\\\/\\\/www.casadecampo.com.do\\\/es\\\/villas\\\/exclusive-villas\\\/villa-sarah-maria\\\/\",\"thumbnail_id\":85739,\"image_url\":\"https:\\\/\\\/www.casadecampo.com.do\\\/wp-content\\\/uploads\\\/2025\\\/10\\\/6-BDROOM-EXCLUSIVE-VILLA-SARAH-MARIA-26-1350x760-2-1024x576.jpg\",\"image_alt\":\"Casa de Campo Villa Exterior Entrance\",\"has_thumbnail\":true,\"guest\":\"18\",\"bathrooms\":\"6\",\"bedrooms\":\"6\",\"primary_category\":\"Exclusivas\",\"location\":\"Barranca Este\"},{\"ID\":85741,\"title\":\"Villa Taina\",\"permalink\":\"https:\\\/\\\/www.casadecampo.com.do\\\/es\\\/villas\\\/oceanfront-villas\\\/villa-taina\\\/\",\"thumbnail_id\":85742,\"image_url\":\"https:\\\/\\\/www.casadecampo.com.do\\\/wp-content\\\/uploads\\\/2025\\\/10\\\/OFront-5habs.-Villa-Taina-3-1350x760-2-1024x576.jpg\",\"image_alt\":\"Casa de Campo Villa Exterior With Pool and Lounge Area\",\"has_thumbnail\":true,\"guest\":\"15\",\"bathrooms\":\"5\",\"bedrooms\":\"5\",\"primary_category\":\"Oceanfront\",\"location\":\"Costamar\"},{\"ID\":85744,\"title\":\"Villa Golf Azul\",\"permalink\":\"https:\\\/\\\/www.casadecampo.com.do\\\/es\\\/villas\\\/garden-villas\\\/villa-golf-azul\\\/\",\"thumbnail_id\":85745,\"image_url\":\"https:\\\/\\\/www.casadecampo.com.do\\\/wp-content\\\/uploads\\\/2025\\\/10\\\/GDV-3-GOLF-AZUL-3-1350x760-2-1024x576.jpg\",\"image_alt\":\"Casa de Campo Villa Exterior Lounge Area\",\"has_thumbnail\":true,\"guest\":\"9\",\"bathrooms\":\"3\",\"bedrooms\":\"3\",\"primary_category\":\"Garden\",\"location\":\"Golf Villas\"},{\"ID\":85747,\"title\":\"Villa Bonita\",\"permalink\":\"https:\\\/\\\/www.casadecampo.com.do\\\/es\\\/villas\\\/garden-villas\\\/villa-bonita\\\/\",\"thumbnail_id\":85748,\"image_url\":\"https:\\\/\\\/www.casadecampo.com.do\\\/wp-content\\\/uploads\\\/2025\\\/10\\\/4-BDR-GV-Bonita-19-1350x760-2-1024x576.jpg\",\"image_alt\":\"Casa de Campo Villa Exterior Entrance and Garden\",\"has_thumbnail\":true,\"guest\":\"12\",\"bathrooms\":\"4\",\"bedrooms\":\"4\",\"primary_category\":\"Garden\",\"location\":\"Golf Villas\"},{\"ID\":85750,\"title\":\"Casa del Rocio\",\"permalink\":\"https:\\\/\\\/www.casadecampo.com.do\\\/es\\\/villas\\\/classic-villas\\\/casa-del-rocio\\\/\",\"thumbnail_id\":85751,\"image_url\":\"https:\\\/\\\/www.casadecampo.com.do\\\/wp-content\\\/uploads\\\/2025\\\/10\\\/5-BDRM-VILLA-CLASICA-CASA-DEL-ROCIO-1-min-1350x760-2-1024x576.jpg\",\"image_alt\":\"Casa de Campo Villa Exterior Entrance and Garden\",\"has_thumbnail\":true,\"guest\":\"15\",\"bathrooms\":\"5\",\"bedrooms\":\"5\",\"primary_category\":\"Cl\\u00e1sica\",\"location\":\"Vivero II\"},{\"ID\":85753,\"title\":\"Claro de Luna\",\"permalink\":\"https:\\\/\\\/www.casadecampo.com.do\\\/es\\\/villas\\\/garden-villas\\\/claro-de-luna\\\/\",\"thumbnail_id\":82826,\"image_url\":\"https:\\\/\\\/www.casadecampo.com.do\\\/wp-content\\\/uploads\\\/2021\\\/06\\\/GDV_4_Bdroom_Claro_de_Luna_Pool_-2.jpg\",\"image_alt\":\"\",\"has_thumbnail\":true,\"guest\":\"12\",\"bathrooms\":\"4\",\"bedrooms\":\"4\",\"primary_category\":\"Garden\",\"location\":\"Golf Villas\"},{\"ID\":85761,\"title\":\"Villa La Laguna del Mar\",\"permalink\":\"https:\\\/\\\/www.casadecampo.com.do\\\/es\\\/villas\\\/oceanfront-villas\\\/villa-la-laguna-del-mar\\\/\",\"thumbnail_id\":83929,\"image_url\":\"https:\\\/\\\/www.casadecampo.com.do\\\/wp-content\\\/uploads\\\/2019\\\/05\\\/6-BDROOM-OCEANFRONT-VILLA-LA-LAGUNA-DEL-MAR-6.jpg\",\"image_alt\":\"\",\"has_thumbnail\":true,\"guest\":\"24\",\"bathrooms\":\"8\",\"bedrooms\":\"8\",\"primary_category\":\"Oceanfront\",\"location\":\"Punta Minitas\"},{\"ID\":85762,\"title\":\"Villa Infinidad\",\"permalink\":\"https:\\\/\\\/www.casadecampo.com.do\\\/es\\\/villas\\\/oceanfront-villas\\\/villa-infinidad\\\/\",\"thumbnail_id\":83582,\"image_url\":\"https:\\\/\\\/www.casadecampo.com.do\\\/wp-content\\\/uploads\\\/2019\\\/04\\\/OCEANFRONT-INFINIDAD-1-min2.jpg\",\"image_alt\":\"\",\"has_thumbnail\":true,\"guest\":\"12\",\"bathrooms\":\"4\",\"bedrooms\":\"4\",\"primary_category\":\"Oceanfront\",\"location\":\"Punta \\u00c1guila\"},{\"ID\":85766,\"title\":\"Villa Las Fuentes\",\"permalink\":\"https:\\\/\\\/www.casadecampo.com.do\\\/es\\\/villas\\\/exclusive-villas\\\/villa-las-fuentes\\\/\",\"thumbnail_id\":85767,\"image_url\":\"https:\\\/\\\/www.casadecampo.com.do\\\/wp-content\\\/uploads\\\/2025\\\/10\\\/Casa-de-Campo-Villa-Las-Fuentes-Exterior-1057528-1350x760-2-1024x576.jpg\",\"image_alt\":\"Casa de Campo Villa Exterior Entrance and Garden with Golf Carts\",\"has_thumbnail\":true,\"guest\":\"12\",\"bathrooms\":\"4\",\"bedrooms\":\"4\",\"primary_category\":\"Exclusivas\",\"location\":\"Los Naranjos\"},{\"ID\":85769,\"title\":\"Villa Vogue\",\"permalink\":\"https:\\\/\\\/www.casadecampo.com.do\\\/es\\\/villas\\\/exclusive-villas\\\/villa-vogue\\\/\",\"thumbnail_id\":85770,\"image_url\":\"https:\\\/\\\/www.casadecampo.com.do\\\/wp-content\\\/uploads\\\/2025\\\/10\\\/Exclusive-Villa-Vogue-5-Bdroom-4-1350x760-2-1024x576.jpg\",\"image_alt\":\"Casa de Campo Villa Exterior With Pool and Lounge Area\",\"has_thumbnail\":true,\"guest\":\"15\",\"bathrooms\":\"5\",\"bedrooms\":\"5\",\"primary_category\":\"Exclusivas\",\"location\":\"Las Palmas\"},{\"ID\":85772,\"title\":\"Villa Balinese\",\"permalink\":\"https:\\\/\\\/www.casadecampo.com.do\\\/es\\\/villas\\\/exclusive-villas\\\/villa-balinese\\\/\",\"thumbnail_id\":85773,\"image_url\":\"https:\\\/\\\/www.casadecampo.com.do\\\/wp-content\\\/uploads\\\/2025\\\/10\\\/5-BDRM-EXV-Balinesa-38-1350x760-2-1024x576.jpg\",\"image_alt\":\"Casa de Campo Villa Exterior Entrance and Garden\",\"has_thumbnail\":true,\"guest\":\"15\",\"bathrooms\":\"5\",\"bedrooms\":\"5\",\"primary_category\":\"Exclusivas\",\"location\":\"Punta \\u00c1guila\"},{\"ID\":85775,\"title\":\"Villa Lago de Los Cisnes\",\"permalink\":\"https:\\\/\\\/www.casadecampo.com.do\\\/es\\\/villas\\\/exclusive-villas\\\/villa-lago-de-los-cisnes\\\/\",\"thumbnail_id\":83988,\"image_url\":\"https:\\\/\\\/www.casadecampo.com.do\\\/wp-content\\\/uploads\\\/2019\\\/05\\\/4-BDROOM-EXCLUSIVE-VILLA-LAGO-DE-LOS-CISNES-15.jpg\",\"image_alt\":\"\",\"has_thumbnail\":true,\"guest\":\"12\",\"bathrooms\":\"4\",\"bedrooms\":\"4\",\"primary_category\":\"Exclusivas\",\"location\":\"\"},{\"ID\":85776,\"title\":\"Villa Aitana\",\"permalink\":\"https:\\\/\\\/www.casadecampo.com.do\\\/es\\\/villas\\\/exclusive-villas\\\/villa-aitana\\\/\",\"thumbnail_id\":83986,\"image_url\":\"https:\\\/\\\/www.casadecampo.com.do\\\/wp-content\\\/uploads\\\/2019\\\/05\\\/exclusive-villa-4-bdroom-aitana-6.jpg\",\"image_alt\":\"\",\"has_thumbnail\":true,\"guest\":\"12\",\"bathrooms\":\"4\",\"bedrooms\":\"4\",\"primary_category\":\"Exclusivas\",\"location\":\"Punta \\u00c1guila\"},{\"ID\":85777,\"title\":\"Villa Morelia\",\"permalink\":\"https:\\\/\\\/www.casadecampo.com.do\\\/es\\\/villas\\\/exclusive-villas\\\/villa-morelia\\\/\",\"thumbnail_id\":82401,\"image_url\":\"https:\\\/\\\/www.casadecampo.com.do\\\/wp-content\\\/uploads\\\/2020\\\/04\\\/Las-Palmeras-Palmas-32-3.jpg\",\"image_alt\":\"Villa Morelis beautiful pool\",\"has_thumbnail\":true,\"guest\":\"21\",\"bathrooms\":\"6\",\"bedrooms\":\"7\",\"primary_category\":\"Exclusivas\",\"location\":\"Las Palmas\"},{\"ID\":85780,\"title\":\"Villa Jardines\",\"permalink\":\"https:\\\/\\\/www.casadecampo.com.do\\\/es\\\/villas\\\/garden-villas\\\/villa-jardines\\\/\",\"thumbnail_id\":83980,\"image_url\":\"https:\\\/\\\/www.casadecampo.com.do\\\/wp-content\\\/uploads\\\/2019\\\/05\\\/villa-jardines-exterior.jpg\",\"image_alt\":\"\",\"has_thumbnail\":true,\"guest\":\"9\",\"bathrooms\":\"3\",\"bedrooms\":\"3\",\"primary_category\":\"Garden\",\"location\":\"Las Cerezas\"},{\"ID\":85781,\"title\":\"Villa Olivo\",\"permalink\":\"https:\\\/\\\/www.casadecampo.com.do\\\/es\\\/villas\\\/classic-villas\\\/villa-olivo\\\/\",\"thumbnail_id\":85782,\"image_url\":\"https:\\\/\\\/www.casadecampo.com.do\\\/wp-content\\\/uploads\\\/2025\\\/10\\\/CLV_5_Bdroom_Villa-Olivo_Exterior-2_12-scaled-2-1024x682.jpg\",\"image_alt\":\"Classic 5 Bedroom Villa Olivo Exterior\",\"has_thumbnail\":true,\"guest\":\"15\",\"bathrooms\":\"5\",\"bedrooms\":\"5\",\"primary_category\":\"Cl\\u00e1sica\",\"location\":\"Las Ca\\u00f1as\"},{\"ID\":85784,\"title\":\"Villa Aquaria\",\"permalink\":\"https:\\\/\\\/www.casadecampo.com.do\\\/es\\\/villas\\\/classic-villas\\\/villa-aquaria\\\/\",\"thumbnail_id\":85785,\"image_url\":\"https:\\\/\\\/www.casadecampo.com.do\\\/wp-content\\\/uploads\\\/2025\\\/10\\\/classic-villa-5-bdroom-AQUARIA-71-1350x760-2-1024x576.jpg\",\"image_alt\":\"Casa de Campo Villa Exterior With Pool and Lounge Area\",\"has_thumbnail\":true,\"guest\":\"15\",\"bathrooms\":\"5\",\"bedrooms\":\"5\",\"primary_category\":\"Cl\\u00e1sica\",\"location\":\"Los Tamarindos\"},{\"ID\":85787,\"title\":\"Villa Mariposa\",\"permalink\":\"https:\\\/\\\/www.casadecampo.com.do\\\/es\\\/villas\\\/classic-villas\\\/villa-mariposa\\\/\",\"thumbnail_id\":98123,\"image_url\":\"https:\\\/\\\/www.casadecampo.com.do\\\/wp-content\\\/uploads\\\/2015\\\/10\\\/5bdr_Classic_Villa_Villa_Mariposa_-5-1024x683.jpg\",\"image_alt\":\"\",\"has_thumbnail\":true,\"guest\":\"15\",\"bathrooms\":\"5\",\"bedrooms\":\"5\",\"primary_category\":\"Cl\\u00e1sica\",\"location\":\"Las Ca\\u00f1as\"},{\"ID\":85791,\"title\":\"Villa Estrella\",\"permalink\":\"https:\\\/\\\/www.casadecampo.com.do\\\/es\\\/villas\\\/classic-villas\\\/villa-estrella\\\/\",\"thumbnail_id\":84023,\"image_url\":\"https:\\\/\\\/www.casadecampo.com.do\\\/wp-content\\\/uploads\\\/2019\\\/05\\\/villa-estrella-pool.jpg\",\"image_alt\":\"\",\"has_thumbnail\":true,\"guest\":\"15\",\"bathrooms\":\"5\",\"bedrooms\":\"5\",\"primary_category\":\"Cl\\u00e1sica\",\"location\":\"Los Mangos\"},{\"ID\":85792,\"title\":\"Villa Marmol\",\"permalink\":\"https:\\\/\\\/www.casadecampo.com.do\\\/es\\\/villas\\\/classic-villas\\\/villa-marmol\\\/\",\"thumbnail_id\":84044,\"image_url\":\"https:\\\/\\\/www.casadecampo.com.do\\\/wp-content\\\/uploads\\\/2019\\\/05\\\/villa-marmol-pool.jpg\",\"image_alt\":\"\",\"has_thumbnail\":true,\"guest\":\"15\",\"bathrooms\":\"5\",\"bedrooms\":\"5\",\"primary_category\":\"Cl\\u00e1sica\",\"location\":\"Las Ca\\u00f1as\"},{\"ID\":85796,\"title\":\"Villa Azalea\",\"permalink\":\"https:\\\/\\\/www.casadecampo.com.do\\\/es\\\/villas\\\/garden-villas\\\/villa-azalea\\\/\",\"thumbnail_id\":85797,\"image_url\":\"https:\\\/\\\/www.casadecampo.com.do\\\/wp-content\\\/uploads\\\/2025\\\/10\\\/villa-laguna-pool-1350x760-2-1024x576.jpg\",\"image_alt\":\"Casa de Campo Villa Exterior With Pool and Lounge Area\",\"has_thumbnail\":true,\"guest\":\"12\",\"bathrooms\":\"4\",\"bedrooms\":\"4\",\"primary_category\":\"Garden\",\"location\":\"Las Pi\\u00f1as\"},{\"ID\":85802,\"title\":\"Villa Los Altillos\",\"permalink\":\"https:\\\/\\\/www.casadecampo.com.do\\\/es\\\/villas\\\/exclusive-villas\\\/villa-los-altillos\\\/\",\"thumbnail_id\":85803,\"image_url\":\"https:\\\/\\\/www.casadecampo.com.do\\\/wp-content\\\/uploads\\\/2025\\\/10\\\/HERO-7-BDROOM-EXCLUSIVE-LOS-ALTILLOS-1350x760-2-1024x576.jpg\",\"image_alt\":\"Casa de Campo Villa Exterior With Private Pool and Lounge Area\",\"has_thumbnail\":true,\"guest\":\"21\",\"bathrooms\":\"7\",\"bedrooms\":\"7\",\"primary_category\":\"Exclusivas\",\"location\":\"Las Colinas\"},{\"ID\":85801,\"title\":\"Villa Alegre\",\"permalink\":\"https:\\\/\\\/www.casadecampo.com.do\\\/es\\\/villas\\\/classic-villas\\\/villa-alegre\\\/\",\"thumbnail_id\":84066,\"image_url\":\"https:\\\/\\\/www.casadecampo.com.do\\\/wp-content\\\/uploads\\\/2019\\\/05\\\/villa-alegre-exterior.jpg\",\"image_alt\":\"\",\"has_thumbnail\":true,\"guest\":\"12\",\"bathrooms\":\"4\",\"bedrooms\":\"4\",\"primary_category\":\"Cl\\u00e1sica\",\"location\":\"Los Lagos\"},{\"ID\":85805,\"title\":\"Villa Lienzo\",\"permalink\":\"https:\\\/\\\/www.casadecampo.com.do\\\/es\\\/villas\\\/classic-villas\\\/villa-lienzo\\\/\",\"thumbnail_id\":85806,\"image_url\":\"https:\\\/\\\/www.casadecampo.com.do\\\/wp-content\\\/uploads\\\/2025\\\/10\\\/villa-lienzo-pool-1350x760-2-1024x576.jpg\",\"image_alt\":\"Casa de Campo Villa Exterior With Pool and Lounge Area\",\"has_thumbnail\":true,\"guest\":\"15\",\"bathrooms\":\"5\",\"bedrooms\":\"5\",\"primary_category\":\"Cl\\u00e1sica\",\"location\":\"Las Ca\\u00f1as\"},{\"ID\":85826,\"title\":\"Villa Toscano\",\"permalink\":\"https:\\\/\\\/www.casadecampo.com.do\\\/es\\\/villas\\\/classic-villas\\\/villa-toscano-4\\\/\",\"thumbnail_id\":85827,\"image_url\":\"https:\\\/\\\/www.casadecampo.com.do\\\/wp-content\\\/uploads\\\/2025\\\/10\\\/CLASSIC-5BDROOM-VILLA-TOSCANO-NUEVA-2-1350x760-2-1024x576.jpg\",\"image_alt\":\"Casa de Campo Villa Exterior With Pool and Lounge Area\",\"has_thumbnail\":true,\"guest\":\"15\",\"bathrooms\":\"5\",\"bedrooms\":\"5\",\"primary_category\":\"Cl\\u00e1sica\",\"location\":\"Los Mangos\"},{\"ID\":85808,\"title\":\"Villa Los Pinos\",\"permalink\":\"https:\\\/\\\/www.casadecampo.com.do\\\/es\\\/villas\\\/classic-villas\\\/villa-los-pinos\\\/\",\"thumbnail_id\":84108,\"image_url\":\"https:\\\/\\\/www.casadecampo.com.do\\\/wp-content\\\/uploads\\\/2019\\\/05\\\/villa-los-pinos-exterior.jpg\",\"image_alt\":\"\",\"has_thumbnail\":true,\"guest\":\"12\",\"bathrooms\":\"4\",\"bedrooms\":\"4\",\"primary_category\":\"Cl\\u00e1sica\",\"location\":\"Los Limones\"},{\"ID\":85809,\"title\":\"Casa Bella\",\"permalink\":\"https:\\\/\\\/www.casadecampo.com.do\\\/es\\\/villas\\\/classic-villas\\\/casa-bella\\\/\",\"thumbnail_id\":85810,\"image_url\":\"https:\\\/\\\/www.casadecampo.com.do\\\/wp-content\\\/uploads\\\/2025\\\/10\\\/4-BDRM-CLASSIC-CASA-BELLA-MIN-1-1350x760-2-1024x576.jpg\",\"image_alt\":\"Casa de Campo Villa Exterior Entrance and Garden\",\"has_thumbnail\":true,\"guest\":\"12\",\"bathrooms\":\"4\",\"bedrooms\":\"4\",\"primary_category\":\"Cl\\u00e1sica\",\"location\":\"Las Pi\\u00f1as\"},{\"ID\":85815,\"title\":\"Villa Acqua\",\"permalink\":\"https:\\\/\\\/www.casadecampo.com.do\\\/es\\\/villas\\\/garden-villas\\\/villa-acqua\\\/\",\"thumbnail_id\":85816,\"image_url\":\"https:\\\/\\\/www.casadecampo.com.do\\\/wp-content\\\/uploads\\\/2025\\\/10\\\/classic-villa-acqua-16-1800x1000-2-1024x569.jpg\",\"image_alt\":\"Luxury Villa Acqua Pool at Casa de Campo Resort & Villas in the Dominican Republic\",\"has_thumbnail\":true,\"guest\":\"9\",\"bathrooms\":\"3\",\"bedrooms\":\"3\",\"primary_category\":\"Garden\",\"location\":\"Vivero II\"},{\"ID\":85818,\"title\":\"Villa Coralina\",\"permalink\":\"https:\\\/\\\/www.casadecampo.com.do\\\/es\\\/villas\\\/classic-villas\\\/villa-coralina\\\/\",\"thumbnail_id\":85819,\"image_url\":\"https:\\\/\\\/www.casadecampo.com.do\\\/wp-content\\\/uploads\\\/2025\\\/10\\\/Villa_Coralina_pool_02-scaled-2-1024x683.jpeg\",\"image_alt\":\"\",\"has_thumbnail\":true,\"guest\":\"12\",\"bathrooms\":\"4\",\"bedrooms\":\"4\",\"primary_category\":\"Cl\\u00e1sica\",\"location\":\"Las Ca\\u00f1as\"},{\"ID\":85821,\"title\":\"Villa Del Campo\",\"permalink\":\"https:\\\/\\\/www.casadecampo.com.do\\\/es\\\/villas\\\/classic-villas\\\/villa-del-campo\\\/\",\"thumbnail_id\":85822,\"image_url\":\"https:\\\/\\\/www.casadecampo.com.do\\\/wp-content\\\/uploads\\\/2025\\\/10\\\/Classic-Villa-Del-Campo-4-Bdroom-14-1350x760-2-1024x576.png\",\"image_alt\":\"Casa de Campo Resort & Villas Villa Del Campo 4-Bedroom Luxury Villa in The Dominican Republic\",\"has_thumbnail\":true,\"guest\":\"12\",\"bathrooms\":\"4\",\"bedrooms\":\"4\",\"primary_category\":\"Cl\\u00e1sica\",\"location\":\"Vivero\"}]      <\/script>\n      <div class=\"button-holder\">\n        <a href=\"#more-villas\" id=\"more-villas\" class=\"btn btn-primary\">Ver M\u00e1s Villas<\/a>\n      <\/div>\n    <\/div>\n  <\/section><\/div>\n<\/div>\n\n\n\n<div class=\"wp-block-group is-style-has-border-bottom has-global-padding is-content-justification-center is-layout-constrained wp-container-core-group-is-layout-97f39bbf wp-block-group-is-layout-constrained\" style=\"padding-top:var(--wp--preset--spacing--120);padding-right:0;padding-bottom:var(--wp--preset--spacing--120);padding-left:0\">\n<div class=\"wp-block-columns is-layout-flex wp-container-core-columns-is-layout-b987c810 wp-block-columns-is-layout-flex\">\n<div class=\"wp-block-column is-layout-flow wp-block-column-is-layout-flow\" style=\"padding-bottom:var(--wp--preset--spacing--24)\">\n<h3 class=\"wp-block-heading has-x-large-font-size\">Preguntas <br>Frecuentes<\/h3>\n<\/div>\n\n\n\n<div class=\"wp-block-column is-layout-flow wp-block-column-is-layout-flow\">\n<section id=\"accordion-block-block_ccb60140a224c039c741d9098ef57cd7\" class=\"accordion-block\">\n\n  <ul class=\"accordion-wrapper\">\n  \n      <li class=\"accordionItem\">\n        <h3>\u00bfLas villas en Casa de Campo tienen habitaciones con balc\u00f3n privado? <span class=\"indecator\"><\/span><\/h3>\n        <ul>\n            <li>\n                <p><p>S\u00ed, algunas villas de Casa de Campo ofrecen habitaciones en el segundo piso con balcones privados. Aseg\u00farese de consultar nuestro Buscador de Villas para encontrar la habitaci\u00f3n que se ajuste a sus necesidades. No dejes de consultar nuestro Buscador de Villas para encontrar la villa perfecta para tus necesidades.<\/p>\n<\/p>\n            <\/li>\n        <\/ul>\n    <\/li>\n      <li class=\"accordionItem\">\n        <h3>\u00bfTienen las Villas de Casa de Campo habitaciones con buenas vistas? <span class=\"indecator\"><\/span><\/h3>\n        <ul>\n            <li>\n                <p><div class=\"wpb_column vc_column_container vc_col-sm-8\">\n<div class=\"vc_column-inner\">\n<div class=\"wpb_wrapper\">\n<div class=\"vc_toggle vc_toggle_default vc_toggle_color_default vc_toggle_size_md vc_toggle_active\">\n<div class=\"vc_toggle_content\">\n<p>S\u00ed, muchas de nuestras villas en Casa de Campo se encuentran cerca de impresionantes campos de golf y jardines bien cuidados; otras tienen impresionantes vistas a acantilados o al R\u00edo Chav\u00f3n. Algunas villas est\u00e1n orientadas hacia nuestra llamativa Marina o hacia el azul celeste del Mar Caribe. As\u00ed que dependiendo de cada ubicaci\u00f3n usted podr\u00e1 disfrutar de impresionantes vistas del hermoso paisaje de La Romana a lo largo de las 3,000 hect\u00e1reas de nuestro resort. Aseg\u00farese de consultar nuestro Buscador de Villas para encontrar la habitaci\u00f3n que se ajuste a sus necesidades. No dejes de consultar nuestro Buscador de Villas para encontrar la villa perfecta para tus necesidades.<\/p>\n<\/div>\n<\/div>\n<div class=\"vc_toggle vc_toggle_default vc_toggle_color_default vc_toggle_size_md\"><\/div>\n<div class=\"vc_toggle vc_toggle_default vc_toggle_color_default vc_toggle_size_md\"><\/div>\n<div class=\"vc_toggle vc_toggle_default vc_toggle_color_default vc_toggle_size_md\"><\/div>\n<div class=\"vc_toggle vc_toggle_default vc_toggle_color_default vc_toggle_size_md\"><\/div>\n<div class=\"vc_toggle vc_toggle_default vc_toggle_color_default vc_toggle_size_md\"><\/div>\n<div class=\"vc_toggle vc_toggle_default vc_toggle_color_default vc_toggle_size_md\"><\/div>\n<div class=\"vc_toggle vc_toggle_default vc_toggle_color_default vc_toggle_size_md\"><\/div>\n<div class=\"vc_toggle vc_toggle_default vc_toggle_color_default vc_toggle_size_md\"><\/div>\n<div class=\"wpb_raw_code wpb_raw_js\">\n<div class=\"wpb_wrapper\"><\/div>\n<\/div>\n<\/div>\n<\/div>\n<\/div>\n<\/p>\n            <\/li>\n        <\/ul>\n    <\/li>\n      <li class=\"accordionItem\">\n        <h3>\u00bfSon buenas las villas de Casa de Campo para una escapada rom\u00e1ntica? <span class=\"indecator\"><\/span><\/h3>\n        <ul>\n            <li>\n                <p><p>S\u00ed, nuestras villas proveen el entorno perfecto y apartado para una escapada rom\u00e1ntica, con piscinas privadas en cada villa, e incluso algunas con Jacuzzi. Ofrecemos comodidades de primera calidad, personal dedicado y una amplia gama de instalaciones y actividades dentro del complejo para disfrutar en pareja. Usted y su pareja pueden elegir la villa perfecta consultando nuestro Buscador de villas, y nuestro personal tendr\u00e1 el honor de ayudarlo a planificar todos los detalles para unas vacaciones rom\u00e1nticas perfectas.<\/p>\n<\/p>\n            <\/li>\n        <\/ul>\n    <\/li>\n      <li class=\"accordionItem\">\n        <h3>\u00bfLas Villas de Casa de Campo son buenas para las familias? <span class=\"indecator\"><\/span><\/h3>\n        <ul>\n            <li>\n                <p><p>\u00a1S\u00ed, las villas en Casa de Campo son la mejor opci\u00f3n para vacaciones familiares e intergeneracionales! Este tipo de alojamiento provee experiencias \u00fanicas para todos los miembros de la familia, con espacios interiores y exteriores para reunirse y almorzar, piscinas para jugar y relajarse, y una gran variedad de actividades en el resort que permitir\u00e1n a todos disfrutar de su tiempo juntos en su propia casa privada. Incluso algunas villas cuentan con rincones especiales como canchas de baloncesto y tenis, salas de billar, home theaters completos y m\u00e1s. Aseg\u00farese de consultar nuestro Buscador de villas para encontrar la villa perfecta para sus necesidades.<\/p>\n<\/p>\n            <\/li>\n        <\/ul>\n    <\/li>\n      <li class=\"accordionItem\">\n        <h3>\u00bfEst\u00e1 incluido el desayuno en las Villas de Casa de Campo? <span class=\"indecator\"><\/span><\/h3>\n        <ul>\n            <li>\n                <p><p>S\u00ed, todas las villas incluyen un desayuno completo estilo Americano, preparado en su propia villa por el personal experto que tambi\u00e9n se encargar\u00e1 de todas sus necesidades.<\/p>\n<\/p>\n            <\/li>\n        <\/ul>\n    <\/li>\n      <li class=\"accordionItem\">\n        <h3>\u00bfCu\u00e1ntas habitaciones tiene cada villa? \u00bfCu\u00e1ntas personas pueden dormir en cada habitaci\u00f3n? <span class=\"indecator\"><\/span><\/h3>\n        <ul>\n            <li>\n                <p><p>Las villas en Casa de Campo var\u00edan desde 3 hasta 10 habitaciones, con capacidad para grupos de todos los tama\u00f1os. Favor tomar en cuenta que la capacidad m\u00e1xima por habitaci\u00f3n es de 2 adultos y 2 ni\u00f1os (de 4 a 12 a\u00f1os) Consulte nuestro Buscador de Villas en l\u00ednea para descubrir la villa perfecta para su familia o grupo, o contacte a nuestros Especialistas en Villas, quienes se har\u00e1 cargo de sus necesidades.<\/p>\n<\/p>\n            <\/li>\n        <\/ul>\n    <\/li>\n      <li class=\"accordionItem\">\n        <h3>\u00bfCu\u00e1ntos ba\u00f1os tiene cada villa? <span class=\"indecator\"><\/span><\/h3>\n        <ul>\n            <li>\n                <p><p>Cada habitaci\u00f3n de cada villa en Casa de Campo tiene un ba\u00f1o privado con accesorios y art\u00edculos de higiene de alta calidad, buena iluminaci\u00f3n y un secador de pelo. Nuestro Buscador de Villas le ayudar\u00e1 a verificar la cantidad de habitaciones y ba\u00f1os en cada villa, o si prefiere hablar con alguien, nuestros Especialistas en Villas le esperan para encargarse de sus necesidades.&#8221;<\/p>\n<\/p>\n            <\/li>\n        <\/ul>\n    <\/li>\n      <li class=\"accordionItem\">\n        <h3>Todas las villas cuentan con piscina privada? <span class=\"indecator\"><\/span><\/h3>\n        <ul>\n            <li>\n                <p><p>S\u00ed, todas las villas tienen su propia piscina privada con \u00e1reas adyacentes al aire libre, ideales para comidas grupales, tomar el sol, relajarse y estar en contacto con la naturaleza. Las \u00e1reas de la piscina est\u00e1n equipadas con chaise-lounges. Adem\u00e1s, algunas villas tambi\u00e9n cuentan con Jacuzzi con calentadores opcionales y chaise-lounges adicionales. Los jardines que rodean la piscina est\u00e1n muy bien cuidadas, creando un escenario natural perfecto.   <\/p>\n<\/p>\n            <\/li>\n        <\/ul>\n    <\/li>\n      <li class=\"accordionItem\">\n        <h3>\u00bfTodas las villas incluyen servicio de ama de llaves y mayordomo? <span class=\"indecator\"><\/span><\/h3>\n        <ul>\n            <li>\n                <p><div class=\"wpb_column vc_column_container vc_col-sm-8\">\n<div class=\"vc_column-inner\">\n<div class=\"wpb_wrapper\">\n<div class=\"vc_toggle vc_toggle_default vc_toggle_color_default vc_toggle_size_md vc_toggle_active\">\n<div class=\"vc_toggle_content\">\n<p>Las Villas Garden cuentan con servicio de ama de llaves, mientras que las villas Cl\u00e1sicas, Exclusivas y Oceanfront ofrecen servicio de ama de llaves y mayordomo.<\/p>\n<\/div>\n<\/div>\n<div class=\"vc_toggle vc_toggle_default vc_toggle_color_default vc_toggle_size_md\"><\/div>\n<div class=\"wpb_raw_code wpb_raw_js\">\n<div class=\"wpb_wrapper\"><\/div>\n<\/div>\n<\/div>\n<\/div>\n<\/div>\n<\/p>\n            <\/li>\n        <\/ul>\n    <\/li>\n      <li class=\"accordionItem\">\n        <h3>\u00bfCu\u00e1les son los rangos de precios de las villas? <span class=\"indecator\"><\/span><\/h3>\n        <ul>\n            <li>\n                <p><p>Las villas en Casa de Campo pueden ser sorprendentemente asequibles Aunque los precios finales dependen de la temporada, la mayor\u00eda de las villas var\u00edan de US$750 a US$13,000 m\u00e1s impuestos por villa por noche. Reserve con anticipaci\u00f3n y directamente en nuestro sitio web para obtener los mejores ahorros.<\/p>\n<\/p>\n            <\/li>\n        <\/ul>\n    <\/li>\n      <li class=\"accordionItem\">\n        <h3>\u00bfPuedo reservar m\u00e1s de una habitaci\u00f3n con una reserva? <span class=\"indecator\"><\/span><\/h3>\n        <ul>\n            <li>\n                <p><p>Si, directamente a trav\u00e9s de nuestro sitio web puede reservar 3 habitaciones o villas bajo una misma reserva Si necesita ayuda, nuestro equipo dedicado est\u00e1 disponible para ayudarle con cualquier pregunta o consulta. A continuaci\u00f3n se encuentran sus datos de contacto:<br \/>\nReservas de hotel (n\u00famero gratuito desde los EE. UU.): <a href=\"tel:(866)%20860-5472\">866-356-5844<\/a> \/ <a href=\"mailto:res1@ccampo.com.do\">res1@ccampo.com.do<\/a><br \/>\nReservas de hotel (n\u00famero gratuito en la Rep\u00fablica Dominicana): <a href=\"tel:1-809-523-8698\">1-809-200-1304<\/a><br \/>\nReservas de villas: (n\u00famero gratuito desde EE. UU.): <a href=\"tel:(866)%20860-5472\">(866) 860-5472<\/a><\/p>\n<\/p>\n            <\/li>\n        <\/ul>\n    <\/li>\n      <li class=\"accordionItem\">\n        <h3>\u00bfComo reservo solicitudes especiales como una cama king o una habitaci\u00f3n para no fumadores? <span class=\"indecator\"><\/span><\/h3>\n        <ul>\n            <li>\n                <p><p>Al reservar directamente a trav\u00e9s de nuestro sitio web, puede escoger un tipo de habitaci\u00f3n espec\u00edfica. Todas nuestras habitaciones est\u00e1n sujetas a disponibilidad, lo que significa que se asignar\u00e1 el tipo de cama al momento del check-in. Si tiene una solicitud especial puede anotarla en la secci\u00f3n Detalles y preferencias adicionales en el paso DETALLES DEL HU\u00c9SPED de la reservaci\u00f3n. Si necesita m\u00e1s ayuda, nuestro equipo dedicado est\u00e1 disponible para ayudarle con cualquier pregunta o consulta.    A continuacion se encuentran sus datos de contacto:<br \/>\nReservas de hotel (n\u00famero gratuito desde EE.UU.): <a href=\"tel:866-860-5472\">866-860-5472<\/a> \/ <a href=\"mailto:res1@ccampo.com.do\">res1@ccampo.com.do<\/a><br \/>\nReservas de hotel (n\u00famero gratuito en la RD): <a href=\"tel:1-809-523-8698\">1-809-523-8698<\/a><br \/>\nReservas de villas: (n\u00famero gratuito desde EE.UU.): <a href=\"tel:(866)%20860-5472\">(866) 860-5472<\/a><\/p>\n<\/p>\n            <\/li>\n        <\/ul>\n    <\/li>\n      <li class=\"accordionItem\">\n        <h3>\u00bfOfrecen habitaciones \/ suites conectadas? <span class=\"indecator\"><\/span><\/h3>\n        <ul>\n            <li>\n                <p><p>Tenemos habitaciones conectadas disponibles a petici\u00f3n. Al reservar a trav\u00e9s del sitio web directo, puede solicitar habitaciones conectadas en la seccion Detalles y preferencias adicionales en el paso DETALLES DE HU\u00c9SPEDES durante el proceso de reserva. Si necesita m\u00e1s ayuda, nuestro equipo dedicado est\u00e1 disponible para ayudarle con cualquier pregunta o consulta. A continuaci\u00f3n figuran sus datos de contacto:<br \/>\nReservas de Hotel (n\u00famero gratuito desde EE.UU.): <a href=\"tel:866-860-5472\">866-860-5472<\/a> \/ res1@ccampo.com.do<br \/>\nReservas de hotel (n\u00famero gratuito en la RD): <a href=\"tel:%201-809-523-8698\">1-809-523-8698<\/a><br \/>\nReservas de villas: (n\u00famero gratuito desde EE.UU.): <a href=\"tel:(866)%20860-5472\">(866) 860-5472<\/a><\/p>\n<\/p>\n            <\/li>\n        <\/ul>\n    <\/li>\n      <li class=\"accordionItem\">\n        <h3>\u00bfQu\u00e9 diferencia a Casa de Campo de otros complejos? <span class=\"indecator\"><\/span><\/h3>\n        <ul>\n            <li>\n                <p><p>Casa de Campo es un destino dentro de un destino que se extiende por 7.000 acres tropicales, nuestras 315 habitaciones y suites est\u00e1n rodeadas de jardines y vistas al campo de golf. TODAS las habitaciones y villas incluyen carritos de golf de 4 pasajeros de cortes\u00eda que los hu\u00e9spedes pueden usar para explorar la propiedad durante su estad\u00eda. El complejo cuenta con una playa exclusiva con deportes acu\u00e1ticos, un complejo familiar de piscinas y el elegante Minitas Beach Club &amp; Restaurant, 8 restaurantes gourmet internacionales, 2 camiones de comida y 7 bares y salones. Tambi\u00e9n puede disfrutar de 63 hoyos de golf de campeonato, incluido el campo de golf Caribe: Teeth of the Dog, la marina m\u00e1s grande del Caribe, que incluye tiendas y restaurantes, un Centro Ecuestre que alberga torneos de polo de clase mundial, un Centro de Tenis con 13 canchas de Har-tru y 10 canchas iluminadas para jugar de noche, y un Centro de Tiro de 250 acres con m\u00e1s de 200 estaciones. Para los m\u00e1s peque\u00f1os, ofrecemos programas infantiles supervisados para todas las edades que incluye m\u00faltiples actividades. Y por \u00faltimo, pero no menos importante, el pueblo de Altos de Chavn con tiendas, restaurantes y un anfiteatro con capacidad para 5,000 personas que alberga artistas de renombre.<\/p>\n<\/p>\n            <\/li>\n        <\/ul>\n    <\/li>\n      <li class=\"accordionItem\">\n        <h3>\u00bfCasa de Campo ofrece lugares al aire libre para funciones grupales? <span class=\"indecator\"><\/span><\/h3>\n        <ul>\n            <li>\n                <p><p>S\u00ed, Casa de Campo tiene varios lugares \u00fanicos al aire libre perfectos para eventos grupales privados como recepciones, bodas, cenas, ceremonias de premiaci\u00f3n, actividades de trabajo en equipo, celebraciones sociales y mucho m\u00e1s. Algunas opciones \u00fanicas incluyen el \u00e1rea de piscina de Minitas Beach Club, el campo de pr\u00e1ctica de Teeth of the Dog\u00ae , la terraza de la piscina del resort, el Centro Ecuestre, el Safari Club en el Centro de Tiro, el Centro de Tenis y el nuevo Marina Riverside Center, por nombrar algunos. Y, por supuesto, est\u00e1 Altos de Chav\u00f3n, con su amplia variedad de espacios al aire libre que incluyen plazas, terrazas, restaurantes y su impresionante anfiteatro.  <\/p>\n<\/p>\n            <\/li>\n        <\/ul>\n    <\/li>\n      <li class=\"accordionItem\">\n        <h3>\u00bfCu\u00e1les opciones de alojamiento est\u00e1n disponibles para grupos que asistan a un evento en Casa de Campo? <span class=\"indecator\"><\/span><\/h3>\n        <ul>\n            <li>\n                <p><p>Al reservar su grupo puede elegir entre todas las habitaciones, suites y categor\u00edas de villas disponibles en el complejo. Desde nuestras habitaciones est\u00e1ndar, las Superior Casita, Elite, Suites de una y dos habitaciones, las lujosas Suites Premier, as\u00ed como tambi\u00e9n nuestras exclusivas villas privadas de lujo que var\u00edan de 3 a 12 habitaciones y se complementan con servicio privado de ama de llaves y mayordomo, piscina y jacuzzi Todas las opciones de habitaciones incluyen un carrito de golf durante la duraci\u00f3n de su estad\u00eda. Su planificador de grupo asignado le ayudar\u00e1 a determinar las opciones de habitaci\u00f3n adecuadas para sus asistentes.<\/p>\n<\/p>\n            <\/li>\n        <\/ul>\n    <\/li>\n      <li class=\"accordionItem\">\n        <h3>\u00bfQu\u00e9 galardones han ganado los campo de golf de Casa de Campo? <span class=\"indecator\"><\/span><\/h3>\n        <ul>\n            <li>\n                <p><p>Casa de Campo se enorgullece de haber recibido incontables premios y reconocimientos en el mundo del golf. Estos son solo algunos de los m\u00e1s recientes: <\/p>\n<ul>\n<li>N\u00famero 83 en los &#8220;World Top 100 Courses&#8221; 2025-2026 de la revista GOLF<\/li>\n<li>Teeth of the Dog, puesto # 54 en los Mejores 100 campos de golf de Golf Digest\u2019s World\u2019s Top 100 Courses<\/li>\n<li>Los 10 Mejores de USA Today: Teeth of the Dog, n.\u00b0 5. Mejor campo de golf del Caribe<\/li>\n<li>Los mejores 2025 de Golfweek: Los 100 mejores campos internacionales<\/li>\n<li>Los Mejores Campos de Golf Digest en Rep\u00fablica Dominicana: Teeth of the Dog (n.\u00b0 2), Dye Fore (n.\u00b0 5), Links (n.\u00b0 7), La Romana Country Club (n.\u00b0 8)<\/li>\n<li>Revista LINKS: Los 100 LINKS: Teeth of the Dog, n.\u00b0 26.<\/li>\n<li>Mejor Hotel de Golf del Caribe y de Rep\u00fablica Dominicana, seg\u00fan los World Golf Awards 2024 (World Golf Awards)<\/li>\n<\/ul>\n<\/p>\n            <\/li>\n        <\/ul>\n    <\/li>\n      <li class=\"accordionItem\">\n        <h3>\u00bfHay alguna atracc\u00f3n o actividad cerca del resort que podamos visitar en familia? <span class=\"indecator\"><\/span><\/h3>\n        <ul>\n            <li>\n                <p><p><span data-sheets-value=\"{\"1\":2,\"2\":\"Casa de Campo Resort is located on a property of more than 3,000 acres, where the only thing you will need is time to enjoy it all. Within our property, you can do countless activities such as tennis, clay pigeon shooting, horseback riding, the best golf courses, including Teeth of the Dog\u00ae, #1 in the Caribbean, a complete Spa and Wellness center, and more. If you want to know more about the Dominican Republic, excursions to Santo Domingo, Cueva de las Maravillas, and the Artisanal Cigar Factory are available, as well as buggies and ziplining for the more adventurous.\"}\" data-sheets-userformat=\"{\"2\":11073,\"3\":{\"1\":0},\"9\":1,\"11\":4,\"12\":0,\"14\":{\"1\":2,\"2\":0},\"16\":12}\">Casa de Campo Resort &amp; Villas est\u00e1 ubicado en una propiedad de m\u00e1s de 3,000 hect\u00e1reas, donde lo \u00fanico que le faltar\u00e1 es tiempo para disfrutarlo todo. Dentro de nuestra propiedad, puede realizar un sinn\u00famero de actividades como tenis, tiro al plato, paseos a caballo, los mejores campos de golf, incluyendo Teeth of the Dog\u00ae, en #1 del Caribe, un completo centro de Spa y Bienestar, y m\u00e1s. Si desea conocer m\u00e1s de la Rep\u00fablica Dominicana, tenemos excursiones disponibles a Santo Domingo, Cueva de las Maravillas y la F\u00e1brica de Cigarros Artesanales, as\u00ed como buggies y zipline para los m\u00e1s aventureros.<\/span><\/p>\n<\/p>\n            <\/li>\n        <\/ul>\n    <\/li>\n      <li class=\"accordionItem\">\n        <h3>\u00bfQu\u00e9 actividades espec\u00edficas para ni\u00f1os peque\u00f1os ofrecen? <span class=\"indecator\"><\/span><\/h3>\n        <ul>\n            <li>\n                <p><p><span data-sheets-value=\"{\"1\":2,\"2\":\"There are all kinds of things for both the young and the young at heart at Casa de Campo Resort &amp; Villas. We have supervised programs for toddlers, children 4 to 7, and until 17 years old. You can choose from full or half-day programs. Kids will play on the playground, enjoy arts and crafts, puppet shows, musical games, and more.\"}\" data-sheets-userformat=\"{\"2\":11073,\"3\":{\"1\":0},\"9\":1,\"11\":4,\"12\":0,\"14\":{\"1\":2,\"2\":0},\"16\":12}\">Hay todo tipo de cosas tanto para los j\u00f3venes como para los j\u00f3venes de coraz\u00f3n en Casa de Campo Resort &amp; Villas. Contamos con programas supervisados para infantes, ni\u00f1os de 4 a 7 a\u00f1os y hasta los 17 a\u00f1os. Puede elegir entre programas de d\u00eda completo o de medio d\u00eda. Los ni\u00f1os jugar\u00e1n en el patio de recreo, disfrutar\u00e1n de manualidades, espect\u00e1culos de t\u00edteres, juegos musicales y m\u00e1s.   <\/span><\/p>\n<\/p>\n            <\/li>\n        <\/ul>\n    <\/li>\n      <li class=\"accordionItem\">\n        <h3>\u00bfEs posible reservar los servicios de ni\u00f1eras? <span class=\"indecator\"><\/span><\/h3>\n        <ul>\n            <li>\n                <p><p><span data-sheets-value=\"{\"1\":2,\"2\":\"Of course! We have a specialized team of babysitters who attend the required time even in the rooms or villas. We request ages and hours in order to provide better assistance. The cost is US$26.00 per hour.\"}\" data-sheets-userformat=\"{\"2\":11011,\"3\":{\"1\":0},\"4\":{\"1\":2,\"2\":16777215},\"11\":4,\"12\":0,\"14\":{\"1\":2,\"2\":0},\"16\":12}\">\u00a1Por supuesto! Contamos con un equipo especializado de ni\u00f1eras que atienden el tiempo requerido incluso en las habitaciones o villas. Solicitamos edades y horarios para brindar una mejor atenci\u00f3n. El costo es de US$26.00 por hora.<\/span><\/p>\n<\/p>\n            <\/li>\n        <\/ul>\n    <\/li>\n      <li class=\"accordionItem\">\n        <h3>\u00bfCu\u00e1nto cuesta tener un chef en la villa? <span class=\"indecator\"><\/span><\/h3>\n        <ul>\n            <li>\n                <p><p><span data-sheets-value=\"{\"1\":2,\"2\":\"The cost for the Chef's service is US$315.00 + taxes. The dishes to choose from have an extra cost and are broken down in our price list. We send the menu and in turn, you can choose the dishes for the number of people you want. Once marked everything required for dinner send it to us for scheduling. The service must be booked at least 48 hours in advance to verify the availability of our chefs. \"}\" data-sheets-userformat=\"{\"2\":11011,\"3\":{\"1\":0},\"4\":{\"1\":2,\"2\":16777215},\"11\":4,\"12\":0,\"14\":{\"1\":2,\"2\":0},\"16\":12}\">El costo del servicio del Chef es de US$315.00 + impuestos. Los platos a elegir tienen un coste extra y est\u00e1n desglosados en nuestra lista de precios. Te enviamos el men\u00fa ya su vez, puedes elegir los platos para el n\u00famero de personas que quieras. Una vez marcado todo lo necesario para la cena nos lo env\u00eda para programarlo. El servicio debe ser reservado con al menos 48 horas de anticipaci\u00f3n para verificar la disponibilidad de nuestros chefs.     <\/span><\/p>\n<\/p>\n            <\/li>\n        <\/ul>\n    <\/li>\n      <li class=\"accordionItem\">\n        <h3>\u00bfCu\u00e1ntas personas pueden alojarse en una habitaci\u00f3n? <span class=\"indecator\"><\/span><\/h3>\n        <ul>\n            <li>\n                <p><p><span data-sheets-value=\"{\"1\":2,\"2\":\"Maximum occupancy in our rooms and villas is two adults + two children per room. \"}\" data-sheets-userformat=\"{\"2\":11139,\"3\":{\"1\":0},\"4\":{\"1\":2,\"2\":16777215},\"10\":2,\"11\":4,\"12\":0,\"14\":{\"1\":2,\"2\":0},\"16\":12}\">La ocupaci\u00f3n m\u00e1xima en nuestras habitaciones y villas es de dos adultos + dos ni\u00f1os por habitaci\u00f3n. <\/span><\/p>\n<\/p>\n            <\/li>\n        <\/ul>\n    <\/li>\n      <li class=\"accordionItem\">\n        <h3>\u00bfC\u00f3mo hago solicitudes especiales como una cama king o una habitaci\u00f3n para no fumadores? <span class=\"indecator\"><\/span><\/h3>\n        <ul>\n            <li>\n                <p><p>Al reservar directamente a trav\u00e9s de nuestro sitio web, puede escoger un tipo de habitaci\u00f3n espec\u00edfica. Todas nuestras habitaciones est\u00e1n sujetas a disponibilidad, lo que significa que se asignar\u00e1 el tipo de cama al momento del check-in. Si tiene una solicitud especial puede anotarla en la secci\u00f3n Detalles y preferencias adicionales en el paso DETALLES DEL HU\u00c9SPED de la reservaci\u00f3n. Si necesita m\u00e1s ayuda, nuestro equipo dedicado est\u00e1 disponible para ayudarle con cualquier pregunta o consulta.<\/p>\n<p>A continuacion se encuentran sus datos de contacto:<\/p>\n<p>Reservas de hotel (n\u00famero gratuito desde EE.UU.): <a href=\"tel:%20866-860-5472\">866-860-5472<\/a> \/ <a href=\"mailto:res1@ccampo.com.do\">res1@ccampo.com.do<\/a><br \/>\nReservas de hotel (n\u00famero gratuito en la RD): <a href=\"tel:1-809-523-8698\">1-809-523-8698<\/a><br \/>\nReservas de villas: (n\u00famero gratuito desde EE.UU.): <a href=\"tel:(866)%20860-5472\">(866) 860-5472<\/a><\/p>\n<\/p>\n            <\/li>\n        <\/ul>\n    <\/li>\n       <\/ul>\n  \n<\/section><\/div>\n<\/div>\n<\/div>\n\n\n\n<div class=\"wp-block-group alignwide columns-heading-with-text-cta is-style-default, is-style-has-border-bottom has-global-padding is-content-justification-center is-layout-constrained wp-block-group-is-layout-constrained\" style=\"padding-top:var(--wp--preset--spacing--56);padding-bottom:var(--wp--preset--spacing--72)\">\n<div class=\"wp-block-columns alignwide is-layout-flex wp-container-core-columns-is-layout-b987c810 wp-block-columns-is-layout-flex\">\n<div class=\"wp-block-column is-layout-flow wp-block-column-is-layout-flow\">\n<h2 class=\"wp-block-heading has-xx-large-font-size\">Dise\u00f1o excepcional, un acceso privilegiado<\/h2>\n<\/div>\n\n\n\n<div class=\"wp-block-column is-layout-flow wp-block-column-is-layout-flow\">\n<p class=\"has-secondary-color has-text-color has-link-color wp-elements-72a3faed90b0a097de42bd1f89e9d19f\">Descubra la infraestructura tur\u00edstica m\u00e1s completa del Caribe, dise\u00f1ada para recibir a la aviaci\u00f3n privada y a los mega-yates con absoluta discreci\u00f3n. Desde nuestro puerto deportivo de aguas profundas hasta exclusivas villas frente al mar, ofrecemos un santuario impecable para quienes viajan\u2014y viven\u2014sin renunciar a nada. <\/p>\n\n\n\n<div class=\"wp-block-buttons is-style-with-spacer is-horizontal is-layout-flex wp-container-core-buttons-is-layout-4b479778 wp-block-buttons-is-layout-flex\">\n<div class=\"wp-block-button is-style-primary-with-user-icon\"><a class=\"wp-block-button__link wp-element-button\" href=\"https:\/\/www.casadecampo.com.do\/es\/curated-lifestyle\/\" style=\"text-transform:capitalize\">Explore propuestas exclusivas<\/a><\/div>\n<\/div>\n<\/div>\n<\/div>\n<\/div>\n\n\n\n<div class=\"wp-block-group alignwide columns-heading-with-text-cta is-style-has-border-bottom has-global-padding is-content-justification-center is-layout-constrained wp-block-group-is-layout-constrained\" style=\"padding-top:var(--wp--preset--spacing--56);padding-bottom:var(--wp--preset--spacing--120)\">\n<div class=\"wp-block-columns alignwide is-layout-flex wp-container-core-columns-is-layout-b987c810 wp-block-columns-is-layout-flex\">\n<div class=\"wp-block-column is-layout-flow wp-block-column-is-layout-flow\" style=\"padding-bottom:var(--wp--preset--spacing--24)\">\n<h2 class=\"wp-block-heading has-x-large-font-size\">Formulario<br>de Contacto<\/h2>\n<\/div>\n\n\n\n<div class=\"wp-block-column is-layout-flow wp-block-column-is-layout-flow\">\n<p class=\"has-secondary-color has-text-color has-link-color wp-elements-a9058cbe6b5c1c43621001ecb3a4c1b8\">\u00bfTiene preguntas o necesita ayuda para planificar su estad\u00eda? Nuestro equipo est\u00e1 aqu\u00ed para asistirle con la disponibilidad de villas, reservaciones y arreglos personalizados\u2014no dude en contactarnos.<\/p>\n\n\n\n<p>Llamada gratuita desde EE. UU.: <a href=\"tel:+1 (855) 657-5955\">+1 (855) 657-5955<\/a><br>Local: <a href=\"tel:+1 (809) 523-8698\">+1 (809) 523-8698<\/a><\/p>\n\n\n\n<div class=\"wp-block-buttons is-horizontal is-content-justification-left is-layout-flex wp-container-core-buttons-is-layout-5ff15a76 wp-block-buttons-is-layout-flex\">\n<div class=\"wp-block-button is-style-primary-with-user-icon\"><a class=\"wp-block-button__link wp-element-button\" href=\"https:\/\/www.casadecampo.com.do\/es\/villa-contact\/\" style=\"text-transform:capitalize\">Contacte Al Especialista En Villas<\/a><\/div>\n<\/div>\n<\/div>\n<\/div>\n<\/div>\n\n\n\n<div class=\"wp-block-group is-style-has-border-bottom has-global-padding is-layout-constrained wp-block-group-is-layout-constrained\" style=\"border-top-style:none;border-top-width:0px;border-right-style:none;border-right-width:0px;border-bottom-color:var(--wp--preset--color--quinary);border-bottom-style:none;border-bottom-width:0px;border-left-style:none;border-left-width:0px;padding-top:var(--wp--preset--spacing--120);padding-bottom:var(--wp--preset--spacing--120)\">\n<h2 class=\"wp-block-heading has-text-align-center has-large-font-size\" style=\"margin-top:0;margin-bottom:var(--wp--preset--spacing--8)\">Reg\u00edstrese para recibir nuestras \u00faltimas ofertas y actualizaciones.<\/h2>\n\n\n\n<p class=\"has-text-align-center has-black-color has-text-color has-link-color wp-elements-ace55d6a1e4e5f96c25c0fb4f3471f1d\" style=\"margin-top:0;margin-bottom:0\">No se pierdan las novedades que a\u00fan est\u00e1n por venir. Respetamos su privacidad. <\/p>\n\n\n\n<!-- SIGN-UP FORM -->\n<script type=\"text\/javascript\" src=\"\/\/contact-api.inguest.com\/bundles\/revinatecontactapi\/js\/revinate-form.js?v=1\"><\/script>\n<div class=\"email-signup\">\n  <div class=\"subscription-form-wrapper\">\n    <div class=\"subscription-form-message\"><\/div>\n    <form id=\"revinate_contact_api_form\" class=\"subscription-form\" onsubmit=\"handleRevFormSubmit()\">\n      <div class=\"form-group\">\n        <div class=\"subscription-form-field\">\n          <input name=\"email\" type=\"email\" aria-label=\"Email\" class=\"large form-control\" tabindex=\"49\" placeholder=\"Correo Electr\u00f3nico\" autocomplete=\"off\" required=\"\"\/>\n        <\/div>\n        <div class=\"subscription-form-submit\">\n          <button type=\"submit\" class=\"btn btn-primary btn-primary-with-arrow\" tabindex=\"50\">Suscr\u00edbase al bolet\u00edn<\/button>\n        <\/div>\n      <\/div>\n      <div class=\"subscription-form-checkbox\">\n        <label for=\"email-sign-up-terms\">\n          <input type=\"checkbox\" name=\"email-sign-up-terms\" id=\"email-sign-up-terms\" required=\"\"\/>\n          <span>Al registrarse, acepta nuestra <a href=\"https:\/\/www.casadecampo.com.do\/es\/resources\/privacy-policy\/\">Pol\u00edtica de Privacidad<\/a>.<\/span>\n        <\/label>\n      <\/div>\n    <\/form>\n  <\/div>\n<\/div>\n<script>\n  const currentLanguage = document.documentElement.lang.substring(0, 2);\n  const reinvateForm = document.querySelector(\".subscription-form\");\n  const reinvateFormInput = document.querySelector(\n    \".subscription-form-field input[type='email']\"\n  );\n  const reinvateFormSubmit = document.querySelector(\n    \".subscription-form-submit button[type='submit']\"\n  );\n  const reinvateFormMessage = document.querySelector(\n    \".subscription-form-message\"\n  );\n  const reinvateConfig = {\n    en: {\n      token: \"376ff420-b4b0-41b2-ab17-3b5b5f3ebaf3\",\n      content: {\n        successMessage: {\n          title: \"Thank you for subscribing!\",\n          body: \"We will be in touch soon.\",\n        },\n        failedMessage: {\n          title: \"Submission failed.\",\n          body: \"Please try again.\",\n        },\n        submitButton: \"Sign Up\",\n        input: {\n          label: \"Email\",\n          placeholder: \"Your email address...\",\n        },\n      },\n    },\n    es: {\n      token: \"82751c63-cff9-47fb-9a21-e554c02dacdb\",\n      content: {\n        successMessage: {\n          title: \"\u00a1Gracias por suscribirse!\",\n          body: \"Estaremos en contacto pronto.\",\n        },\n        failedMessage: {\n          title: \"Algo sali\u00f3 mal.\",\n          body: \"Por favor int\u00e9ntelo de nuevo.\",\n        },\n        submitButton: \"Suscr\u00edbase al bolet\u00edn\",\n        input: {\n          label: \"Correo electr\u00f3nico\",\n          placeholder: \"Correo electr\u00f3nico...\",\n        },\n      },\n    },\n  };\n  reinvateForm.setAttribute(\"token\", reinvateConfig[currentLanguage].token);\n  reinvateFormInput.setAttribute(\n    \"aria-label\",\n    reinvateConfig[currentLanguage].content.input.label\n  );\n  reinvateFormInput.setAttribute(\n    \"placeholder\",\n    reinvateConfig[currentLanguage].content.input.placeholder\n  );\n  reinvateFormSubmit.innerHTML =\n    reinvateConfig[currentLanguage].content.submitButton;\n  function handleRevFormSubmit() {\n    event.preventDefault();\n    reinvateFormMessage.style.display = \"none\";\n    revFormOnSubmit();\n    const checkSubmissionInterval = setInterval(() => {\n      if (reinvateFormSubmit.textContent.toLowerCase() === \"submitted\") {\n        reinvateForm.style.display = \"none\";\n        reinvateFormMessage.innerHTML = `\n              <h5>${reinvateConfig[currentLanguage].content.successMessage.title}\n              <p>${reinvateConfig[currentLanguage].content.successMessage.body}\n            `;\n        reinvateFormMessage.style.display = \"block\";\n        clearInterval(checkSubmissionInterval);\n      }\n      if (reinvateFormSubmit.textContent.toLowerCase() === \"failed\") {\n        reinvateFormMessage.innerHTML = `\n              <h5>${reinvateConfig[currentLanguage].content.failedMessage.title}\n              <p>${reinvateConfig[currentLanguage].content.failedMessage.body}\n            `;\n        reinvateFormMessage.style.display = \"block\";\n        reinvateFormSubmit.innerHTML = \"Subscribed to Newsletter\";\n        clearInterval(checkSubmissionInterval);\n      }\n    }, 100);\n  }\n  function getCookie(name) {\n    const value = `; ${document.cookie}`;\n    const parts = value.split(`; ${name}=`);\n    if (parts.length === 2) return parts.pop().split(\";\").shift();\n  }\n<\/script>\n<!-- END SIGN-UP FORM -->\n\n\n\n<p class=\"has-text-align-center has-septenary-color has-text-color has-link-color has-body-extra-small-font-size wp-elements-546f9c8cdc7707a7a6ab255e57f31f1f\" style=\"margin-top:var(--wp--preset--spacing--32)\">Podr\u00e1 darse de baja en cualquier momento.<\/p>\n<\/div>\n","protected":false},"excerpt":{"rendered":"<p>Villas En La Rep\u00fablica Dominicana El exclusivo portafolio de villas en Casa de Campo es mundialmente reconocido entre el selecto grupo de celebridades, socialites y viajeros corporativos. Viva una experiencia excepcional en Casa de Campo Resort &amp; Villas, aloj\u00e1ndose en una exclusiva villa de lujo. Seleccione entre elegantes villas con jard\u00edn o disfrute de una [&hellip;]<\/p>\n","protected":false},"author":3,"featured_media":0,"parent":0,"menu_order":0,"comment_status":"closed","ping_status":"closed","template":"","meta":{"_acf_changed":false,"footnotes":""},"class_list":["post-94049","page","type-page","status-publish","hentry"],"acf":[],"yoast_head":"<!-- This site is optimized with the Yoast SEO plugin v27.2 - https:\/\/yoast.com\/product\/yoast-seo-wordpress\/ -->\n<title>Villas de Lujo Para Alquilar en la Rep\u00fablica Dominicana | Casa de Campo<\/title>\n<meta name=\"description\" content=\"Reserve una lujosa villa en Casa de Campo y disfrute imponentes vistas, personal a su servicio, piscina y mucho m\u00e1s. Aproveche las mejores tarifas.\" \/>\n<meta name=\"robots\" content=\"index, follow, max-snippet:-1, max-image-preview:large, max-video-preview:-1\" \/>\n<link rel=\"canonical\" href=\"https:\/\/www.casadecampo.com.do\/es\/villas\/\" \/>\n<meta property=\"og:locale\" content=\"es_ES\" \/>\n<meta property=\"og:type\" content=\"article\" \/>\n<meta property=\"og:title\" content=\"Villas de Lujo Para Alquilar en la Rep\u00fablica Dominicana | Casa de Campo\" \/>\n<meta property=\"og:description\" content=\"Reserve una lujosa villa en Casa de Campo y disfrute imponentes vistas, personal a su servicio, piscina y mucho m\u00e1s. Aproveche las mejores tarifas.\" \/>\n<meta property=\"og:url\" content=\"https:\/\/www.casadecampo.com.do\/es\/villas\/\" \/>\n<meta property=\"og:site_name\" content=\"Casa de Campo\" \/>\n<meta property=\"article:modified_time\" content=\"2026-04-16T15:00:12+00:00\" \/>\n<meta property=\"og:image\" content=\"https:\/\/www.casadecampo.com.do\/wp-content\/uploads\/2025\/09\/60ed406108ff9c21322bbe330986073da39d0de3-1024x683.jpg\" \/>\n\t<meta property=\"og:image:width\" content=\"1024\" \/>\n\t<meta property=\"og:image:height\" content=\"683\" \/>\n\t<meta property=\"og:image:type\" content=\"image\/jpeg\" \/>\n<meta name=\"twitter:card\" content=\"summary_large_image\" \/>\n<meta name=\"twitter:label1\" content=\"Tiempo de lectura\" \/>\n\t<meta name=\"twitter:data1\" content=\"7 minutos\" \/>\n<!-- \/ Yoast SEO plugin. -->","yoast_head_json":{"title":"Villas de Lujo Para Alquilar en la Rep\u00fablica Dominicana | Casa de Campo","description":"Reserve una lujosa villa en Casa de Campo y disfrute imponentes vistas, personal a su servicio, piscina y mucho m\u00e1s. Aproveche las mejores tarifas.","robots":{"index":"index","follow":"follow","max-snippet":"max-snippet:-1","max-image-preview":"max-image-preview:large","max-video-preview":"max-video-preview:-1"},"canonical":"https:\/\/www.casadecampo.com.do\/es\/villas\/","og_locale":"es_ES","og_type":"article","og_title":"Villas de Lujo Para Alquilar en la Rep\u00fablica Dominicana | Casa de Campo","og_description":"Reserve una lujosa villa en Casa de Campo y disfrute imponentes vistas, personal a su servicio, piscina y mucho m\u00e1s. Aproveche las mejores tarifas.","og_url":"https:\/\/www.casadecampo.com.do\/es\/villas\/","og_site_name":"Casa de Campo","article_modified_time":"2026-04-16T15:00:12+00:00","og_image":[{"width":1024,"height":683,"url":"https:\/\/www.casadecampo.com.do\/wp-content\/uploads\/2025\/09\/60ed406108ff9c21322bbe330986073da39d0de3-1024x683.jpg","type":"image\/jpeg"}],"twitter_card":"summary_large_image","twitter_misc":{"Tiempo de lectura":"7 minutos"},"schema":{"@context":"https:\/\/schema.org","@graph":[{"@type":"WebPage","@id":"https:\/\/www.casadecampo.com.do\/es\/villas\/","url":"https:\/\/www.casadecampo.com.do\/es\/villas\/","name":"Villas de Lujo Para Alquilar en la Rep\u00fablica Dominicana | Casa de Campo","isPartOf":{"@id":"https:\/\/www.casadecampo.com.do\/es\/#website"},"primaryImageOfPage":{"@id":"https:\/\/www.casadecampo.com.do\/es\/villas\/#primaryimage"},"image":{"@id":"https:\/\/www.casadecampo.com.do\/es\/villas\/#primaryimage"},"thumbnailUrl":"https:\/\/www.casadecampo.com.do\/wp-content\/uploads\/2025\/09\/60ed406108ff9c21322bbe330986073da39d0de3.jpg","datePublished":"2025-07-14T13:31:00+00:00","dateModified":"2026-04-16T15:00:12+00:00","description":"Reserve una lujosa villa en Casa de Campo y disfrute imponentes vistas, personal a su servicio, piscina y mucho m\u00e1s. Aproveche las mejores tarifas.","breadcrumb":{"@id":"https:\/\/www.casadecampo.com.do\/es\/villas\/#breadcrumb"},"inLanguage":"es","potentialAction":[{"@type":"ReadAction","target":["https:\/\/www.casadecampo.com.do\/es\/villas\/"]}]},{"@type":"ImageObject","inLanguage":"es","@id":"https:\/\/www.casadecampo.com.do\/es\/villas\/#primaryimage","url":"https:\/\/www.casadecampo.com.do\/wp-content\/uploads\/2025\/09\/60ed406108ff9c21322bbe330986073da39d0de3.jpg","contentUrl":"https:\/\/www.casadecampo.com.do\/wp-content\/uploads\/2025\/09\/60ed406108ff9c21322bbe330986073da39d0de3.jpg"},{"@type":"BreadcrumbList","@id":"https:\/\/www.casadecampo.com.do\/es\/villas\/#breadcrumb","itemListElement":[{"@type":"ListItem","position":1,"name":"Inicio","item":"https:\/\/www.casadecampo.com.do\/es\/"},{"@type":"ListItem","position":2,"name":"Villas"}]},{"@type":"WebSite","@id":"https:\/\/www.casadecampo.com.do\/es\/#website","url":"https:\/\/www.casadecampo.com.do\/es\/","name":"Casa de Campo","description":"The most exclusive resort in the Caribbean","publisher":{"@id":"https:\/\/www.casadecampo.com.do\/es\/#organization"},"potentialAction":[{"@type":"SearchAction","target":{"@type":"EntryPoint","urlTemplate":"https:\/\/www.casadecampo.com.do\/es\/?s={search_term_string}"},"query-input":{"@type":"PropertyValueSpecification","valueRequired":true,"valueName":"search_term_string"}}],"inLanguage":"es"},{"@type":"Organization","@id":"https:\/\/www.casadecampo.com.do\/es\/#organization","name":"Casa de Campo Resort & Villas","url":"https:\/\/www.casadecampo.com.do\/es\/","logo":{"@type":"ImageObject","inLanguage":"es","@id":"https:\/\/www.casadecampo.com.do\/es\/#\/schema\/logo\/image\/","url":"https:\/\/www.casadecampo.com.do\/wp-content\/uploads\/2025\/09\/cdc-favicon.png","contentUrl":"https:\/\/www.casadecampo.com.do\/wp-content\/uploads\/2025\/09\/cdc-favicon.png","width":1024,"height":1009,"caption":"Casa de Campo Resort & Villas"},"image":{"@id":"https:\/\/www.casadecampo.com.do\/es\/#\/schema\/logo\/image\/"}}]}},"_links":{"self":[{"href":"https:\/\/www.casadecampo.com.do\/es\/wp-json\/wp\/v2\/pages\/94049","targetHints":{"allow":["GET"]}}],"collection":[{"href":"https:\/\/www.casadecampo.com.do\/es\/wp-json\/wp\/v2\/pages"}],"about":[{"href":"https:\/\/www.casadecampo.com.do\/es\/wp-json\/wp\/v2\/types\/page"}],"author":[{"embeddable":true,"href":"https:\/\/www.casadecampo.com.do\/es\/wp-json\/wp\/v2\/users\/3"}],"replies":[{"embeddable":true,"href":"https:\/\/www.casadecampo.com.do\/es\/wp-json\/wp\/v2\/comments?post=94049"}],"version-history":[{"count":0,"href":"https:\/\/www.casadecampo.com.do\/es\/wp-json\/wp\/v2\/pages\/94049\/revisions"}],"wp:attachment":[{"href":"https:\/\/www.casadecampo.com.do\/es\/wp-json\/wp\/v2\/media?parent=94049"}],"curies":[{"name":"wp","href":"https:\/\/api.w.org\/{rel}","templated":true}]}}