{"id":98171,"date":"2026-03-27T11:50:52","date_gmt":"2026-03-27T15:50:52","guid":{"rendered":"https:\/\/www.casadecampo.com.do\/?post_type=packages&#038;p=98171"},"modified":"2026-04-24T12:50:52","modified_gmt":"2026-04-24T16:50:52","slug":"casa-de-campo-fashion-week","status":"publish","type":"packages","link":"https:\/\/www.casadecampo.com.do\/es\/vacation-packages-offers\/casa-de-campo-fashion-week\/","title":{"rendered":"1er Fashion Week Casa de Campo"},"content":{"rendered":"\n<div class=\"wp-block-cover alignfull sub-hero-banner\" style=\"min-height:100vh;aspect-ratio:unset;\"><span aria-hidden=\"true\" class=\"wp-block-cover__background has-background-dim-0 has-background-dim\" style=\"background-color:#252525\"><\/span><img loading=\"lazy\" decoding=\"async\" width=\"2222\" height=\"936\" src=\"https:\/\/www.casadecampo.com.do\/wp-content\/uploads\/2026\/03\/Web_Save-the-Date_CdC-Fashion-Week-2026.jpg\" class=\"wp-block-cover__image-background wp-post-image\" alt=\"\" data-object-fit=\"cover\" srcset=\"https:\/\/www.casadecampo.com.do\/wp-content\/uploads\/2026\/03\/Web_Save-the-Date_CdC-Fashion-Week-2026.jpg 2222w, https:\/\/www.casadecampo.com.do\/wp-content\/smush-webp\/2026\/03\/Web_Save-the-Date_CdC-Fashion-Week-2026-300x126.jpg.webp 300w, https:\/\/www.casadecampo.com.do\/wp-content\/smush-webp\/2026\/03\/Web_Save-the-Date_CdC-Fashion-Week-2026-1024x431.jpg.webp 1024w, https:\/\/www.casadecampo.com.do\/wp-content\/smush-webp\/2026\/03\/Web_Save-the-Date_CdC-Fashion-Week-2026-768x324.jpg.webp 768w, https:\/\/www.casadecampo.com.do\/wp-content\/smush-webp\/2026\/03\/Web_Save-the-Date_CdC-Fashion-Week-2026-1536x647.jpg.webp 1536w, https:\/\/www.casadecampo.com.do\/wp-content\/smush-webp\/2026\/03\/Web_Save-the-Date_CdC-Fashion-Week-2026-2048x863.jpg.webp 2048w\" sizes=\"auto, (max-width: 2222px) 100vw, 2222px\" \/><div class=\"wp-block-cover__inner-container is-layout-flow wp-block-cover-is-layout-flow\"><div class=\"yoast-breadcrumbs is-style-centre-justified\"><span><span><a href=\"https:\/\/www.casadecampo.com.do\/es\/\">Inicio<\/a><\/span> <span class=\"separator\"><\/span> <span class=\"breadcrumb_last\" aria-current=\"page\">1er Fashion Week Casa de Campo<\/span><\/span><\/div><\/div><\/div>\n\n<div class=\"wp-block-group alignfull marquee has-base-background-color has-background has-global-padding is-layout-constrained wp-block-group-is-layout-constrained\" style=\"border-top-style:none;border-top-width:0px;border-right-style:none;border-right-width:0px;border-bottom-color:var(--wp--preset--color--senary);border-bottom-width:1px;border-left-style:none;border-left-width:0px;padding-top:var(--wp--preset--spacing--32);padding-bottom:var(--wp--preset--spacing--32)\">\n<div class=\"wp-block-group rail is-content-justification-center is-nowrap is-layout-flex wp-container-core-group-is-layout-23441af8 wp-block-group-is-layout-flex\">\n<div class=\"wp-block-group item is-nowrap is-layout-flex wp-container-core-group-is-layout-65cc082e wp-block-group-is-layout-flex\" style=\"padding-top:0;padding-bottom:0\">\n<p style=\"text-transform:uppercase\">Ana Redman Pablo<\/p>\n<\/div>\n\n\n\n<div class=\"wp-block-group item is-nowrap is-layout-flex wp-container-core-group-is-layout-65cc082e wp-block-group-is-layout-flex\" style=\"padding-top:0;padding-bottom:0\">\n<p style=\"text-transform:uppercase\">Custo Barcelona<\/p>\n<\/div>\n\n\n\n<div class=\"wp-block-group item is-nowrap is-layout-flex wp-container-core-group-is-layout-65cc082e wp-block-group-is-layout-flex\" style=\"padding-top:0;padding-bottom:0\">\n<p style=\"text-transform:uppercase\">Gaby alvarez<\/p>\n<\/div>\n\n\n\n<div class=\"wp-block-group item is-nowrap is-layout-flex wp-container-core-group-is-layout-65cc082e wp-block-group-is-layout-flex\" style=\"padding-top:0;padding-bottom:0\">\n<p style=\"text-transform:uppercase\">Jacqueline THen<\/p>\n<\/div>\n\n\n\n<div class=\"wp-block-group item is-nowrap is-layout-flex wp-container-core-group-is-layout-65cc082e wp-block-group-is-layout-flex\" style=\"padding-top:0;padding-bottom:0\">\n<p style=\"text-transform:uppercase\">JC Lagares<\/p>\n<\/div>\n\n\n\n<div class=\"wp-block-group item is-nowrap is-layout-flex wp-container-core-group-is-layout-65cc082e wp-block-group-is-layout-flex\" style=\"padding-top:0;padding-bottom:0\">\n<p style=\"text-transform:uppercase\">Jenny polanco<\/p>\n<\/div>\n\n\n\n<div class=\"wp-block-group item is-nowrap is-layout-flex wp-container-core-group-is-layout-65cc082e wp-block-group-is-layout-flex\" style=\"padding-top:0;padding-bottom:0\">\n<p style=\"text-transform:uppercase\">Luis Antonio<\/p>\n<\/div>\n\n\n\n<div class=\"wp-block-group item is-nowrap is-layout-flex wp-container-core-group-is-layout-65cc082e wp-block-group-is-layout-flex\" style=\"padding-top:0;padding-bottom:0\">\n<p style=\"text-transform:uppercase\">oriette domenech<\/p>\n<\/div>\n\n\n\n<div class=\"wp-block-group item is-nowrap is-layout-flex wp-container-core-group-is-layout-65cc082e wp-block-group-is-layout-flex\" style=\"padding-top:0;padding-bottom:0\">\n<p style=\"text-transform:uppercase\">Rafael rivero<\/p>\n<\/div>\n\n\n\n<div class=\"wp-block-group item is-nowrap is-layout-flex wp-container-core-group-is-layout-65cc082e wp-block-group-is-layout-flex\" style=\"padding-top:0;padding-bottom:0\">\n<p style=\"text-transform:uppercase\">the 2nd skin<\/p>\n<\/div>\n<\/div>\n<\/div>\n\n<div class=\"wp-block-group alignwide columns-heading-with-text-cta is-style-has-border-bottom has-global-padding is-content-justification-center is-layout-constrained wp-block-group-is-layout-constrained\" style=\"padding-top:var(--wp--preset--spacing--regular);padding-bottom:var(--wp--preset--spacing--large)\">\n<div class=\"wp-block-columns alignwide is-layout-flex wp-container-core-columns-is-layout-28f84493 wp-block-columns-is-layout-flex\">\n<div class=\"wp-block-column is-layout-flow wp-block-column-is-layout-flow\">\n<h1 class=\"wp-block-heading has-xx-large-font-size\" style=\"margin-bottom:var(--wp--preset--spacing--24)\">1er Fashion Week Casa de Campo<\/h1>\n\n\n\n<h2 class=\"wp-block-heading has-tertiary-color has-text-color has-link-color has-caption-font-size wp-elements-83e94c29201d11996f81e11409c246f1\" style=\"margin-top:0;margin-bottom:var(--wp--preset--spacing--24)\">Donde el para\u00edso se encuentra con el estilo<\/h2>\n<\/div>\n\n\n\n<div class=\"wp-block-column is-layout-flow wp-block-column-is-layout-flow\">\n<p class=\"has-secondary-color has-text-color has-link-color wp-elements-51f62a991e7b200f766fcacb89a3007d\">Celebre el debut de Casa de Campo Fashion Week con una estad\u00eda especialmente dise\u00f1ada que combina moda de clase mundial, experiencias culturales y la hospitalidad caracter\u00edstica de Casa de Campo Resort &amp; Villas. Durante un fin de semana inmersivo, disfrute de presentaciones exclusivas de pasarela, acceso cercano a dise\u00f1adores y una programaci\u00f3n que incluye bienestar, arte y conversaciones inspiradoras\u2014todo en uno de los resorts de lujo m\u00e1s emblem\u00e1ticos del Caribe.<\/p>\n\n\n\n<p class=\"has-secondary-color has-text-color has-link-color wp-elements-f83d7930f92d6b4bc5cf558a60643caf\"><br\/>Viva la moda no solo en la pasarela, sino tambi\u00e9n a trav\u00e9s de todo el destino.<\/p>\n\n\n\n<p class=\"has-secondary-color has-text-color has-link-color wp-elements-f1782aeebcb6439d436f0e679d725642\"><\/p>\n\n\n\n<div class=\"wp-block-group tooltip-set has-global-padding is-layout-constrained wp-block-group-is-layout-constrained\">\n<div class=\"wp-block-group is-content-justification-space-between is-nowrap is-layout-flex wp-container-core-group-is-layout-a117c11d wp-block-group-is-layout-flex\" style=\"border-bottom-color:var(--wp--preset--color--senary);border-bottom-width:1px;margin-top:0;margin-bottom:20px;padding-top:0;padding-bottom:var(--wp--preset--spacing--24)\">\n<h4 class=\"wp-block-heading has-medium-font-size\">Desde $499<\/h4>\n\n\n\n<p class=\"has-text-align-right has-secondary-color has-text-color has-link-color wp-elements-b4fca78eec62a986f4a88e13c212a72a\">Por Persona, Por Noche<\/p>\n<\/div>\n\n\n\n<div class=\"wp-block-group is-content-justification-space-between is-nowrap is-layout-flex wp-container-core-group-is-layout-230d37b2 wp-block-group-is-layout-flex\" style=\"border-bottom-color:var(--wp--preset--color--senary);border-bottom-width:1px;margin-top:0;margin-bottom:var(--wp--preset--spacing--24);padding-top:0;padding-bottom:20px\">\n<h4 class=\"wp-block-heading has-medium-font-size\">Fechas para viajar<\/h4>\n\n\n\n<p class=\"has-text-align-right has-secondary-color has-text-color has-link-color wp-elements-14c1913fa8332317a1bb741346e62180\">4 &#8211; 9 de junio, 2026<\/p>\n<\/div>\n<\/div>\n\n\n\n<div class=\"wp-block-group tooltip-wrap-btn has-global-padding is-layout-constrained wp-block-group-is-layout-constrained\">\n<div class=\"wp-block-buttons is-style-with-spacer is-horizontal is-content-justification-left is-layout-flex wp-container-core-buttons-is-layout-5ff15a76 wp-block-buttons-is-layout-flex\">\n<div class=\"wp-block-button is-style-text-only\"><a class=\"wp-block-button__link wp-element-button\" href=\"&lt;!--[CDATA[#terms]]--&gt;\" style=\"text-transform:capitalize\">Ver T\u00e9rminos y Condiciones<\/a><\/div>\n\n\n\n<div class=\"wp-block-button is-style-primary-with-calendar\"><a class=\"wp-block-button__link wp-element-button\" href=\"https:\/\/reservations.casadecampo.com.do\/?adult=2&amp;chain=28516&amp;hotel=36012&amp;rate=S18&amp;arrive=2026-06-04&amp;nights=3&amp;locale=es-ES\" style=\"text-transform:capitalize\">Reservar<\/a><\/div>\n<\/div>\n<\/div>\n<\/div>\n<\/div>\n<\/div>\n\n<div class=\"wp-block-group columns-heading-with-image-heading-subheading-text-and-cta is-style-has-border-bottom has-global-padding is-content-justification-center is-layout-constrained wp-block-group-is-layout-constrained\" style=\"margin-top:0;margin-bottom:0;padding-top:var(--wp--preset--spacing--120);padding-bottom:var(--wp--preset--spacing--120)\">\n<div class=\"wp-block-columns is-layout-flex wp-container-core-columns-is-layout-79d6dacc wp-block-columns-is-layout-flex\">\n<div class=\"wp-block-column is-vertically-aligned-center is-layout-flow wp-block-column-is-layout-flow\">\n<figure class=\"wp-block-image size-full aspect-ratio-Portrait\"><img loading=\"lazy\" decoding=\"async\" width=\"1800\" height=\"1199\" src=\"https:\/\/www.casadecampo.com.do\/wp-content\/uploads\/2019\/05\/Minitas-Family-Pool-aerial.jpg\" alt=\"Piscina familiar en Playa Minitas, Casa de Campo Resort y Villas, en el Caribe\" class=\"wp-image-40786\" style=\"aspect-ratio:496 \/ 596;object-fit:cover\"\/><\/figure>\n<\/div>\n\n\n\n<div class=\"wp-block-column is-vertically-aligned-center content-column is-layout-flow wp-block-column-is-layout-flow\">\n<div class=\"wp-block-group has-global-padding is-content-justification-left is-layout-constrained wp-container-core-group-is-layout-12dd3699 wp-block-group-is-layout-constrained\">\n<h2 class=\"wp-block-heading has-tertiary-color has-text-color has-link-color has-caption-font-size wp-elements-5cf2049b914ce54f2fd42ce202270316\" style=\"margin-top:var(--wp--preset--spacing--16);margin-bottom:var(--wp--preset--spacing--16)\">Una Experiencia Exclusiva<\/h2>\n\n\n\n<h2 class=\"wp-block-heading has-text-align-left has-f-48-font-size\">Paquete Incluye<\/h2>\n\n\n\n<ul class=\"wp-block-list\">\n<li>Alojamiento de Lujo<br\/>Hosp\u00e9dese en Casa de Campo Resort &amp; Villas con <strong>plan todo incluido<\/strong>, que ofrece gastronom\u00eda excepcional, bebidas premium y acceso a las amenidades del resort.<\/li>\n\n\n\n<li><strong>Dos Desfiles de Moda Exclusivos<\/strong><br\/>Asista a las presentaciones principales de la Semana de la Moda de Casa de Campo, en la que dise\u00f1adores visionarios presentar\u00e1n sus colecciones m\u00e1s recientes.<\/li>\n\n\n\n<li><strong>Recepci\u00f3n de Bienvenida y Exhibici\u00f3n de Arte<\/strong><br\/>Inicie la experiencia el jueves por la noche con una recepci\u00f3n de bienvenida y una exhibici\u00f3n art\u00edstica que celebra la conexi\u00f3n entre moda, cultura y creatividad.<\/li>\n\n\n\n<li><strong>Educational Sessions<\/strong><br\/>Participate in inspiring sessions on Friday and Saturday featuring designers, industry experts, and thought leaders exploring fashion, creativity, and entrepreneurship.<\/li>\n\n\n\n<li><strong>Programaci\u00f3n de Bienestar<\/strong><br\/>Comience cada<strong> ma\u00f1ana con clases de yoga o pilates<\/strong>, dise\u00f1adas para equilibrar energ\u00eda, creatividad y bienestar durante el evento.<\/li>\n\n\n\n<li><strong>Encuentro con Dise\u00f1adores<\/strong><br\/>Disfrute de un exclusivo meet &amp; greet con todos los dise\u00f1adores participantes, una oportunidad para conectar, conversar y conocer de cerca la inspiraci\u00f3n detr\u00e1s de sus colecciones.<\/li>\n<\/ul>\n<\/div>\n<\/div>\n<\/div>\n<\/div>\n\n<div class=\"wp-block-group columns-heading-with-image-heading-subheading-text-and-cta is-style-has-border-bottom has-global-padding is-content-justification-center is-layout-constrained wp-block-group-is-layout-constrained\" style=\"margin-top:0;margin-bottom:0;padding-top:var(--wp--preset--spacing--120);padding-bottom:var(--wp--preset--spacing--120)\">\n<div class=\"wp-block-columns is-layout-flex wp-container-core-columns-is-layout-79d6dacc wp-block-columns-is-layout-flex\">\n<div class=\"wp-block-column is-vertically-aligned-center content-column is-layout-flow wp-block-column-is-layout-flow\">\n<div class=\"wp-block-group has-global-padding is-content-justification-left is-layout-constrained wp-container-core-group-is-layout-12dd3699 wp-block-group-is-layout-constrained\">\n<h2 class=\"wp-block-heading has-tertiary-color has-text-color has-link-color has-caption-font-size wp-elements-ce9ef39e2b8fd97ff30018ca6555ae8d\" style=\"margin-top:var(--wp--preset--spacing--16);margin-bottom:var(--wp--preset--spacing--16)\">Donde el arte se encuentra con el lujo<\/h2>\n\n\n\n<h2 class=\"wp-block-heading has-text-align-left has-f-48-font-size\">Un Destino de Moda en el Caribe<\/h2>\n\n\n\n<p>Con el encanto mediterr\u00e1neo de Altos de Chav\u00f3n, playas espectaculares y una vibrante escena cultural, Casa de Campo ofrece el escenario perfecto donde la moda, el arte y la creatividad internacional se encuentran.<\/p>\n<\/div>\n\n\n\n<div class=\"wp-block-group accordion has-global-padding is-layout-constrained wp-block-group-is-layout-constrained\">\n<details class=\"wp-block-details is-layout-flow wp-block-details-is-layout-flow\" open><summary>D\u00eda Uno<\/summary>\n<p>\u2014 Exposici\u00f3n fotogr\u00e1fica de Jes\u00fas Cordero en Galer\u00eda Altos de Chav\u00f3n<br\/>\u2014 Encuentro exclusivo con artistas y dise\u00f1adores<\/p>\n\n\n\n<p><\/p>\n<\/details>\n\n\n\n<details class=\"wp-block-details is-layout-flow wp-block-details-is-layout-flow\"><summary>D\u00eda Dos<\/summary>\n<p>\u2014 Yoga, pilates, salud y bienestar en la ma\u00f1ana<br\/>\u2014 Seminario \u201cDesigners Talks\u201d en el Centro de Conferencias Flamboy\u00e1n<br\/>\u2014 Desfile de modas en Marina Riverside Center, ubicado en la Marina Casa de Campo<br\/>\u2014 Tiempo libre para disfrutar de los restaurantes del resort <\/p>\n\n\n\n<p><\/p>\n<\/details>\n\n\n\n<details class=\"wp-block-details is-layout-flow wp-block-details-is-layout-flow\"><summary>D\u00eda Tres<\/summary>\n<p>\u2014 Yoga, pilates, salud y bienestar en la ma\u00f1ana<br\/>\u2014 Seminario \u201cDesigners Talks\u201d en el Centro de Conferencias Flamboy\u00e1n<br\/>\u2014 Desfile de modas en Marina Riverside Center, ubicado en la Marina Casa de Campo<br\/>\u2014 Cena \/ After Party en Minitas Beach Club <\/p>\n\n\n\n<p><\/p>\n<\/details>\n\n\n\n<details class=\"wp-block-details is-layout-flow wp-block-details-is-layout-flow\"><summary>D\u00eda Cuatro<\/summary>\n<p>\u2014 Presentaci\u00f3n de colecciones de dise\u00f1adores + Brunch con champ\u00e1n<\/p>\n\n\n\n<p><\/p>\n<\/details>\n\n\n\n<details class=\"wp-block-details is-layout-flow wp-block-details-is-layout-flow\"><summary>D\u00eda Cinco<\/summary>\n<p>\u2014 Salida del hotel y traslado al aeropuerto <\/p>\n\n\n\n<p><\/p>\n<\/details>\n<\/div>\n<\/div>\n\n\n\n<div class=\"wp-block-column is-vertically-aligned-center is-layout-flow wp-block-column-is-layout-flow\">\n<figure class=\"wp-block-image size-full aspect-ratio-Portrait\"><img loading=\"lazy\" decoding=\"async\" width=\"680\" height=\"550\" src=\"https:\/\/www.casadecampo.com.do\/wp-content\/uploads\/2025\/10\/altos-de-chavon-front1-680x550-1.jpg\" alt=\"\" class=\"wp-image-93175\" style=\"aspect-ratio:496 \/ 596;object-fit:cover\" srcset=\"https:\/\/www.casadecampo.com.do\/wp-content\/uploads\/2025\/10\/altos-de-chavon-front1-680x550-1.jpg 680w, https:\/\/www.casadecampo.com.do\/wp-content\/smush-webp\/2025\/10\/altos-de-chavon-front1-680x550-1-300x243.jpg.webp 300w\" sizes=\"auto, (max-width: 680px) 100vw, 680px\" \/><\/figure>\n<\/div>\n<\/div>\n<\/div>\n\n<div class=\"wp-block-group columns-heading-with-image-heading-subheading-text-and-cta is-style-has-border-bottom has-global-padding is-content-justification-center is-layout-constrained wp-block-group-is-layout-constrained\" style=\"margin-top:0;margin-bottom:0;padding-top:var(--wp--preset--spacing--120);padding-bottom:var(--wp--preset--spacing--120)\">\n<div class=\"wp-block-columns is-layout-flex wp-container-core-columns-is-layout-79d6dacc wp-block-columns-is-layout-flex\">\n<div class=\"wp-block-column is-vertically-aligned-center is-layout-flow wp-block-column-is-layout-flow\">\n<figure class=\"wp-block-image size-full aspect-ratio-Portrait\"><img loading=\"lazy\" decoding=\"async\" width=\"2444\" height=\"2560\" src=\"https:\/\/www.casadecampo.com.do\/wp-content\/smush-webp\/2026\/03\/AdobeStock_1175221018_FONDO-1-scaled.jpg.webp\" alt=\"\" class=\"wp-image-98604\" style=\"aspect-ratio:496 \/ 596;object-fit:cover\" srcset=\"https:\/\/www.casadecampo.com.do\/wp-content\/smush-webp\/2026\/03\/AdobeStock_1175221018_FONDO-1-scaled.jpg.webp 2444w, https:\/\/www.casadecampo.com.do\/wp-content\/smush-webp\/2026\/03\/AdobeStock_1175221018_FONDO-1-286x300.jpg.webp 286w, https:\/\/www.casadecampo.com.do\/wp-content\/smush-webp\/2026\/03\/AdobeStock_1175221018_FONDO-1-978x1024.jpg.webp 978w, https:\/\/www.casadecampo.com.do\/wp-content\/smush-webp\/2026\/03\/AdobeStock_1175221018_FONDO-1-768x805.jpg.webp 768w, https:\/\/www.casadecampo.com.do\/wp-content\/smush-webp\/2026\/03\/AdobeStock_1175221018_FONDO-1-1466x1536.jpg.webp 1466w, https:\/\/www.casadecampo.com.do\/wp-content\/smush-webp\/2026\/03\/AdobeStock_1175221018_FONDO-1-1955x2048.jpg.webp 1955w\" sizes=\"auto, (max-width: 2444px) 100vw, 2444px\" \/><\/figure>\n<\/div>\n\n\n\n<div class=\"wp-block-column is-vertically-aligned-center content-column is-layout-flow wp-block-column-is-layout-flow\">\n<div class=\"wp-block-group has-global-padding is-content-justification-left is-layout-constrained wp-container-core-group-is-layout-12dd3699 wp-block-group-is-layout-constrained\">\n<h2 class=\"wp-block-heading has-tertiary-color has-text-color has-link-color has-caption-font-size wp-elements-4437200df17206041ad9339e83f20ade\" style=\"margin-top:var(--wp--preset--spacing--16);margin-bottom:var(--wp--preset--spacing--16)\">DESCUBRA M\u00c1S<\/h2>\n\n\n\n<h2 class=\"wp-block-heading has-text-align-left has-f-48-font-size\">Boletos por dia<\/h2>\n\n\n\n<p>Su entrada diaria le brinda acceso exclusivo a los desfiles de moda del d\u00eda que elijas, adem\u00e1s de un programa selecto con presentaciones de dise\u00f1adores y experiencias culturales. Descubre colecciones de talentos internacionales y sum\u00e9rjase en la creatividad y la sofisticaci\u00f3n que definen esta experiencia. <\/p>\n\n\n\n<div class=\"wp-block-buttons is-layout-flex wp-block-buttons-is-layout-flex\">\n<div class=\"wp-block-button\"><a class=\"wp-block-button__link wp-element-button\" href=\"&lt;!--[CDATA[https:\/\/uepatickets.com\/tickets\/en\/entradas-entradas-evento-casa-de-campo-fashion-week-2026]]--&gt;\">Comprar Boletas<\/a><\/div>\n<\/div>\n<\/div>\n<\/div>\n<\/div>\n<\/div>\n\n<div id=\"rooms\" class=\"wp-block-group carousel-cover-images-with-heading-paragraph-badge is-style-has-border-bottom has-global-padding is-content-justification-center is-layout-constrained wp-container-core-group-is-layout-4e790d6a wp-block-group-is-layout-constrained\" style=\"padding-top:var(--wp--preset--spacing--140);padding-right:0;padding-bottom:var(--wp--preset--spacing--140);padding-left:0\">\n<div class=\"wp-block-group heading-title has-global-padding is-layout-constrained wp-block-group-is-layout-constrained\" style=\"margin-bottom:var(--wp--preset--spacing--54)\">\n<h3 class=\"wp-block-heading has-text-align-center has-xx-large-font-size\" style=\"margin-top:0;margin-bottom:0;padding-top:0;padding-bottom:0;line-height:1\">Habitaciones y Suites<\/h3>\n<\/div>\n\n\n\n<div class=\"wp-block-columns columns-carousel-2 show-carousel-nav slide-spacing-small is-layout-flex wp-container-core-columns-is-layout-6902203c wp-block-columns-is-layout-flex\" style=\"margin-bottom:var(--wp--preset--spacing--48)\">\n<div class=\"wp-block-column is-layout-flow wp-block-column-is-layout-flow\">\n<a class=\"wp-block-custom-group-link\" href=\"https:\/\/www.casadecampo.com.do\/es\/rooms\/elite\/suites\/\">\n<div class=\"wp-block-cover aligncenter has-custom-content-position is-position-bottom-left has-aspect-ratio aspect-ratio-portrait-narrow\" style=\"border-radius:0px;padding-top:var(--wp--preset--spacing--32);padding-right:var(--wp--preset--spacing--32);padding-bottom:var(--wp--preset--spacing--32);padding-left:var(--wp--preset--spacing--32);min-height:440px;aspect-ratio:551 \/ 748;min-height:unset;\"><img loading=\"lazy\" decoding=\"async\" width=\"1800\" height=\"1200\" class=\"wp-block-cover__image-background wp-image-40643 size-full\" alt=\"Elite Dominican Republic Resort Hotel Suite at Casa de Campo Resort &amp; Villas.\" src=\"https:\/\/www.casadecampo.com.do\/wp-content\/uploads\/2019\/05\/18-Elite-Suite1.jpg\" data-object-fit=\"cover\"\/><span aria-hidden=\"true\" class=\"wp-block-cover__background has-background-dim wp-block-cover__gradient-background has-background-gradient\" style=\"background:linear-gradient(180deg,rgba(7,146,227,0) 1%,rgba(0,0,0,0.14) 44%,rgb(0,0,0) 100%)\"><\/span><div class=\"wp-block-cover__inner-container is-layout-flow wp-block-cover-is-layout-flow aspect-ratio-portrait-narrow\">\n<div class=\"wp-block-group alignwide box has-base-color has-text-color has-link-color wp-elements-5204bdcae96a6263b4316eadce08266b has-global-padding is-layout-constrained wp-block-group-is-layout-constrained\" style=\"border-radius:12px\">\n<h3 class=\"wp-block-heading has-text-align-center has-base-color has-text-color has-link-color has-medium-font-size wp-elements-2bbfd4df4d9fa14eafd50341c7d9ffca\" style=\"margin-top:0;margin-bottom:var(--wp--preset--spacing--8)\">Suites Elite<\/h3>\n<\/div>\n<\/div><\/div>\n<\/a>\n<\/div>\n\n\n\n<div class=\"wp-block-column is-layout-flow wp-block-column-is-layout-flow\">\n<a class=\"wp-block-custom-group-link\" href=\"https:\/\/www.casadecampo.com.do\/es\/rooms\/elite\/rooms\/\">\n<div class=\"wp-block-cover aligncenter has-custom-content-position is-position-bottom-left has-aspect-ratio aspect-ratio-portrait-narrow\" style=\"border-radius:0px;padding-top:var(--wp--preset--spacing--32);padding-right:var(--wp--preset--spacing--32);padding-bottom:var(--wp--preset--spacing--32);padding-left:var(--wp--preset--spacing--32);min-height:440px;aspect-ratio:551 \/ 748;min-height:unset;\"><img loading=\"lazy\" decoding=\"async\" width=\"575\" height=\"720\" class=\"wp-block-cover__image-background wp-image-1610 size-full\" alt=\"\" src=\"https:\/\/www.casadecampo.com.do\/wp-content\/uploads\/2025\/09\/11-Elite-Patio-Double2-1-1.jpg\" data-object-fit=\"cover\" srcset=\"https:\/\/www.casadecampo.com.do\/wp-content\/uploads\/2025\/09\/11-Elite-Patio-Double2-1-1.jpg 575w, https:\/\/www.casadecampo.com.do\/wp-content\/smush-webp\/2025\/09\/11-Elite-Patio-Double2-1-1-240x300.jpg.webp 240w\" sizes=\"auto, (max-width: 575px) 100vw, 575px\" \/><span aria-hidden=\"true\" class=\"wp-block-cover__background has-background-dim wp-block-cover__gradient-background has-background-gradient\" style=\"background:linear-gradient(180deg,rgba(7,146,227,0) 1%,rgba(0,0,0,0.14) 44%,rgb(0,0,0) 100%)\"><\/span><div class=\"wp-block-cover__inner-container is-layout-flow wp-block-cover-is-layout-flow aspect-ratio-portrait-narrow\">\n<div class=\"wp-block-group has-base-color has-text-color has-link-color wp-elements-f4b94bae0fc88afaabb008f6c15fa1ce has-global-padding is-content-justification-center is-layout-constrained wp-container-core-group-is-layout-9ba44c2e wp-block-group-is-layout-constrained\" style=\"border-radius:12px\">\n<h3 class=\"wp-block-heading has-text-align-left has-base-color has-text-color has-link-color has-medium-font-size wp-elements-bb57b61629c450019f6ba63338a06cba\" style=\"margin-top:0;margin-bottom:var(--wp--preset--spacing--8)\">Habitaciones Elite<\/h3>\n<\/div>\n<\/div><\/div>\n<\/a>\n<\/div>\n\n\n\n<div class=\"wp-block-column is-layout-flow wp-block-column-is-layout-flow\">\n<a class=\"wp-block-custom-group-link\" href=\"https:\/\/www.casadecampo.com.do\/es\/rooms\/superior-casitas\/\">\n<div class=\"wp-block-cover aligncenter has-custom-content-position is-position-bottom-left has-aspect-ratio aspect-ratio-portrait-narrow\" style=\"border-radius:0px;padding-top:var(--wp--preset--spacing--32);padding-right:var(--wp--preset--spacing--32);padding-bottom:var(--wp--preset--spacing--32);padding-left:var(--wp--preset--spacing--32);min-height:440px;aspect-ratio:551 \/ 748;min-height:unset;\"><img loading=\"lazy\" decoding=\"async\" width=\"575\" height=\"720\" class=\"wp-block-cover__image-background wp-image-1613 size-full\" alt=\"\" src=\"https:\/\/www.casadecampo.com.do\/wp-content\/uploads\/2025\/09\/6_-Superior-Casita-Single-1-1.jpg\" data-object-fit=\"cover\" srcset=\"https:\/\/www.casadecampo.com.do\/wp-content\/uploads\/2025\/09\/6_-Superior-Casita-Single-1-1.jpg 575w, https:\/\/www.casadecampo.com.do\/wp-content\/smush-webp\/2025\/09\/6_-Superior-Casita-Single-1-1-240x300.jpg.webp 240w\" sizes=\"auto, (max-width: 575px) 100vw, 575px\" \/><span aria-hidden=\"true\" class=\"wp-block-cover__background has-background-dim wp-block-cover__gradient-background has-background-gradient\" style=\"background:linear-gradient(180deg,rgba(7,146,227,0) 1%,rgba(0,0,0,0.14) 44%,rgb(0,0,0) 100%)\"><\/span><div class=\"wp-block-cover__inner-container is-layout-flow wp-block-cover-is-layout-flow aspect-ratio-portrait-narrow\">\n<div class=\"wp-block-group has-base-color has-text-color has-link-color wp-elements-6380270d63c735cce494901b2cc2c3be has-global-padding is-content-justification-center is-layout-constrained wp-container-core-group-is-layout-9ba44c2e wp-block-group-is-layout-constrained\" style=\"border-radius:12px\">\n<h3 class=\"wp-block-heading has-text-align-left has-base-color has-text-color has-link-color has-medium-font-size wp-elements-3a94dd4392cf527519c51fef39dfbca3\" style=\"margin-top:0;margin-bottom:var(--wp--preset--spacing--8)\">Superior Casitas.<\/h3>\n<\/div>\n<\/div><\/div>\n<\/a>\n<\/div>\n<\/div>\n<\/div>\n\n<div id=\"suites\" class=\"wp-block-group carousel-cover-images-with-heading-paragraph-badge is-style-has-border-bottom has-global-padding is-content-justification-center is-layout-constrained wp-container-core-group-is-layout-4e790d6a wp-block-group-is-layout-constrained\" style=\"padding-top:var(--wp--preset--spacing--140);padding-right:0;padding-bottom:var(--wp--preset--spacing--140);padding-left:0\">\n<div class=\"wp-block-group heading-title has-global-padding is-layout-constrained wp-block-group-is-layout-constrained\" style=\"margin-bottom:var(--wp--preset--spacing--54)\">\n<h3 class=\"wp-block-heading has-text-align-center has-xx-large-font-size\" style=\"margin-top:0;margin-bottom:0;padding-top:0;padding-bottom:0;line-height:1\">Suites Premier<\/h3>\n<\/div>\n\n\n\n<div class=\"wp-block-columns columns-carousel-2 show-carousel-nav slide-spacing-small is-layout-flex wp-container-core-columns-is-layout-6902203c wp-block-columns-is-layout-flex\" style=\"margin-bottom:var(--wp--preset--spacing--48)\">\n<div class=\"wp-block-column is-layout-flow wp-block-column-is-layout-flow\">\n<a class=\"wp-block-custom-group-link\" href=\"https:\/\/www.casadecampo.com.do\/es\/rooms\/premier\/presidential-suite\/\">\n<div class=\"wp-block-cover aligncenter has-custom-content-position is-position-bottom-left has-aspect-ratio aspect-ratio-portrait-narrow\" style=\"border-radius:0px;padding-top:var(--wp--preset--spacing--32);padding-right:var(--wp--preset--spacing--32);padding-bottom:var(--wp--preset--spacing--32);padding-left:var(--wp--preset--spacing--32);min-height:440px;aspect-ratio:551 \/ 748;min-height:unset;\"><img loading=\"lazy\" decoding=\"async\" width=\"1920\" height=\"1280\" class=\"wp-block-cover__image-background wp-image-92971 size-full\" alt=\"Premier Presidential Suite entryway\" src=\"https:\/\/www.casadecampo.com.do\/wp-content\/uploads\/2025\/10\/Premier_Presidential_suite_entrance.jpg\" data-object-fit=\"cover\" srcset=\"https:\/\/www.casadecampo.com.do\/wp-content\/uploads\/2025\/10\/Premier_Presidential_suite_entrance.jpg 1920w, https:\/\/www.casadecampo.com.do\/wp-content\/smush-webp\/2025\/10\/Premier_Presidential_suite_entrance-300x200.jpg.webp 300w, https:\/\/www.casadecampo.com.do\/wp-content\/smush-webp\/2025\/10\/Premier_Presidential_suite_entrance-1024x683.jpg.webp 1024w, https:\/\/www.casadecampo.com.do\/wp-content\/smush-webp\/2025\/10\/Premier_Presidential_suite_entrance-768x512.jpg.webp 768w, https:\/\/www.casadecampo.com.do\/wp-content\/smush-webp\/2025\/10\/Premier_Presidential_suite_entrance-391x260.jpg.webp 391w, https:\/\/www.casadecampo.com.do\/wp-content\/smush-webp\/2025\/10\/Premier_Presidential_suite_entrance-1536x1024.jpg.webp 1536w, https:\/\/www.casadecampo.com.do\/wp-content\/smush-webp\/2025\/10\/Premier_Presidential_suite_entrance-150x100.jpg.webp 150w, https:\/\/www.casadecampo.com.do\/wp-content\/smush-webp\/2025\/10\/Premier_Presidential_suite_entrance-600x400.jpg.webp 600w, https:\/\/www.casadecampo.com.do\/wp-content\/smush-webp\/2025\/10\/Premier_Presidential_suite_entrance-900x600.jpg.webp 900w\" sizes=\"auto, (max-width: 1920px) 100vw, 1920px\" \/><span aria-hidden=\"true\" class=\"wp-block-cover__background has-background-dim wp-block-cover__gradient-background has-background-gradient\" style=\"background:linear-gradient(180deg,rgba(7,146,227,0) 1%,rgba(0,0,0,0.14) 44%,rgb(0,0,0) 100%)\"><\/span><div class=\"wp-block-cover__inner-container is-layout-flow wp-block-cover-is-layout-flow aspect-ratio-portrait-narrow\">\n<div class=\"wp-block-group has-base-color has-text-color has-link-color wp-elements-fe3d03e7018f04a41a387643f94f2a4b has-global-padding is-layout-constrained wp-block-group-is-layout-constrained\" style=\"border-radius:12px\">\n<h3 class=\"wp-block-heading has-text-align-left has-base-color has-text-color has-link-color has-medium-font-size wp-elements-023a2571cdb0388d0f1b286d9436d723\" style=\"margin-top:0;margin-bottom:var(--wp--preset--spacing--8)\">Suite Presidencial Premiers<\/h3>\n<\/div>\n<\/div><\/div>\n<\/a>\n<\/div>\n\n\n\n<div class=\"wp-block-column is-layout-flow wp-block-column-is-layout-flow\">\n<a class=\"wp-block-custom-group-link\" href=\"https:\/\/www.casadecampo.com.do\/es\/rooms\/premier\/suites\/\">\n<div class=\"wp-block-cover aligncenter has-custom-content-position is-position-bottom-left has-aspect-ratio aspect-ratio-portrait-narrow\" style=\"border-radius:0px;padding-top:var(--wp--preset--spacing--32);padding-right:var(--wp--preset--spacing--32);padding-bottom:var(--wp--preset--spacing--32);padding-left:var(--wp--preset--spacing--32);min-height:440px;aspect-ratio:551 \/ 748;min-height:unset;\"><img loading=\"lazy\" decoding=\"async\" width=\"575\" height=\"720\" class=\"wp-block-cover__image-background wp-image-1606 size-full\" alt=\"\" src=\"https:\/\/www.casadecampo.com.do\/wp-content\/uploads\/2025\/09\/Premier_Suite_living_area_02-1-1-1.jpg\" data-object-fit=\"cover\" srcset=\"https:\/\/www.casadecampo.com.do\/wp-content\/uploads\/2025\/09\/Premier_Suite_living_area_02-1-1-1.jpg 575w, https:\/\/www.casadecampo.com.do\/wp-content\/smush-webp\/2025\/09\/Premier_Suite_living_area_02-1-1-1-240x300.jpg.webp 240w\" sizes=\"auto, (max-width: 575px) 100vw, 575px\" \/><span aria-hidden=\"true\" class=\"wp-block-cover__background has-background-dim wp-block-cover__gradient-background has-background-gradient\" style=\"background:linear-gradient(180deg,rgba(7,146,227,0) 1%,rgba(0,0,0,0.14) 44%,rgb(0,0,0) 100%)\"><\/span><div class=\"wp-block-cover__inner-container is-layout-flow wp-block-cover-is-layout-flow aspect-ratio-portrait-narrow\">\n<div class=\"wp-block-group has-base-color has-text-color has-link-color wp-elements-818be8b2ad4be881eb0fe5f69eed3c92 has-global-padding is-content-justification-center is-layout-constrained wp-container-core-group-is-layout-9ba44c2e wp-block-group-is-layout-constrained\" style=\"border-radius:12px\">\n<h3 class=\"wp-block-heading has-text-align-left has-base-color has-text-color has-link-color has-medium-font-size wp-elements-6fb08a51887d9f6d68f8886696c67cbd\" style=\"margin-top:0;margin-bottom:var(--wp--preset--spacing--8)\">Suites Premier<\/h3>\n<\/div>\n<\/div><\/div>\n<\/a>\n<\/div>\n\n\n\n<div class=\"wp-block-column is-layout-flow wp-block-column-is-layout-flow\">\n<a class=\"wp-block-custom-group-link\" href=\"https:\/\/www.casadecampo.com.do\/es\/rooms\/premier\/jr-suites\/\">\n<div class=\"wp-block-cover aligncenter has-custom-content-position is-position-bottom-left has-aspect-ratio aspect-ratio-portrait-narrow\" style=\"border-radius:0px;padding-top:var(--wp--preset--spacing--32);padding-right:var(--wp--preset--spacing--32);padding-bottom:var(--wp--preset--spacing--32);padding-left:var(--wp--preset--spacing--32);min-height:440px;aspect-ratio:551 \/ 748;min-height:unset;\"><img loading=\"lazy\" decoding=\"async\" width=\"575\" height=\"720\" class=\"wp-block-cover__image-background wp-image-1608 size-full\" alt=\"\" src=\"https:\/\/www.casadecampo.com.do\/wp-content\/uploads\/2025\/09\/Premier-Jr-Suite_balcony_single_bedroom_01-1-1-1.jpg\" data-object-fit=\"cover\" srcset=\"https:\/\/www.casadecampo.com.do\/wp-content\/uploads\/2025\/09\/Premier-Jr-Suite_balcony_single_bedroom_01-1-1-1.jpg 575w, https:\/\/www.casadecampo.com.do\/wp-content\/smush-webp\/2025\/09\/Premier-Jr-Suite_balcony_single_bedroom_01-1-1-1-240x300.jpg.webp 240w\" sizes=\"auto, (max-width: 575px) 100vw, 575px\" \/><span aria-hidden=\"true\" class=\"wp-block-cover__background has-background-dim wp-block-cover__gradient-background has-background-gradient\" style=\"background:linear-gradient(180deg,rgba(7,146,227,0) 1%,rgba(0,0,0,0.14) 44%,rgb(0,0,0) 100%)\"><\/span><div class=\"wp-block-cover__inner-container is-layout-flow wp-block-cover-is-layout-flow aspect-ratio-portrait-narrow\">\n<div class=\"wp-block-group has-base-color has-text-color has-link-color wp-elements-a2ff74119d35a053884a584fac767376 has-global-padding is-content-justification-center is-layout-constrained wp-container-core-group-is-layout-9ba44c2e wp-block-group-is-layout-constrained\" style=\"border-radius:12px\">\n<h3 class=\"wp-block-heading has-text-align-left has-base-color has-text-color has-link-color has-medium-font-size wp-elements-1502e2104f404b014ed27c75df1fd725\" style=\"margin-top:0;margin-bottom:var(--wp--preset--spacing--8)\">Suite Premier Jr. <\/h3>\n<\/div>\n<\/div><\/div>\n<\/a>\n<\/div>\n<\/div>\n<\/div>\n\n<div id=\"terms\" class=\"wp-block-group columns-heading-with-text-cta is-style-has-border-bottom has-global-padding is-content-justification-center is-layout-constrained wp-block-group-is-layout-constrained\" style=\"padding-top:var(--wp--preset--spacing--regular);padding-bottom:var(--wp--preset--spacing--large)\">\n<div class=\"wp-block-columns is-layout-flex wp-container-core-columns-is-layout-b987c810 wp-block-columns-is-layout-flex\">\n<div class=\"wp-block-column is-layout-flow wp-block-column-is-layout-flow\">\n<h2 class=\"wp-block-heading has-large-font-size\">T\u00e9rminos y Condiciones<\/h2>\n<\/div>\n\n\n\n<div class=\"wp-block-column is-layout-flow wp-block-column-is-layout-flow\">\n<div class=\"wp-block-group has-global-padding is-layout-constrained wp-block-group-is-layout-constrained\">\n<ul class=\"wp-block-list\">\n<li>Aplican restricciones en fechas<\/li>\n\n\n\n<li>Las tarifas indicadas no incluyen el 28% de impuestos, que ser\u00e1n a\u00f1adidos al procesar su reservaci\u00f3n.<\/li>\n\n\n\n<li>V\u00e1lido solo para estad\u00edas en habitaciones.<\/li>\n\n\n\n<li>Paquete de 3 noches m\u00ednimo<\/li>\n\n\n\n<li>V\u00e1lido para viajar entre el 4 y el 9 de junio de 2026.<\/li>\n\n\n\n<li>No se requiere dep\u00f3sito al realizar la reserva; el pago completo se efectuar\u00e1 al momento del registro.<\/li>\n\n\n\n<li>Ofrecemos cancelaci\u00f3n gratuita hasta 24 horas antes de la llegada, con reembolso total garantizado. En caso de no presentarse, se cobrar\u00e1 el equivalente a una noche de estad\u00eda.<\/li>\n\n\n\n<li>El hotel no se hace responsable de las variaciones del tipo de cambio de moneda ni de las comisiones bancarias.<\/li>\n<\/ul>\n<\/div>\n\n\n\n<p><strong>Restaurantes, Bares y Servicios Disponibles:<\/strong><\/p>\n\n\n\n<p>El Spa Caf\u00e9, Villa Minuty, Restaurante Lago, Restaurante y Lounge-Bar La Ca\u00f1a, Bar Hoyo 19, bar de Teeth of the Dog, Pool Bar-\u00e1rea central, Coco Mar Bar, los food trucks Brasa y Masa en Playa Minitas, Squeeze Juice Bar, Restaurante La Casita, Restaurante Causa, Chilango Taquer\u00eda, Restaurante La Piazzetta y el Bar Safari en el Centro de Tiro.<\/p>\n<\/div>\n<\/div>\n<\/div>\n\n<div class=\"wp-block-group carousels-events-post-loop is-style-has-border-bottom has-global-padding is-layout-constrained wp-container-core-group-is-layout-2d12924c wp-block-group-is-layout-constrained\" style=\"padding-top:var(--wp--preset--spacing--120);padding-right:0;padding-bottom:var(--wp--preset--spacing--120);padding-left:0\">\n<div class=\"wp-block-group has-global-padding is-layout-constrained wp-block-group-is-layout-constrained\" style=\"padding-top:var(--wp--preset--spacing--large-2);padding-bottom:var(--wp--preset--spacing--large-2)\">\n<h2 class=\"wp-block-heading has-text-align-center has-x-large-font-size\" style=\"margin-top:0;margin-bottom:0\">Otros Paquetes<\/h2>\n<\/div>\n\n\n\n    <section\n    class=\"cpt-query-loop-or-featured-carousel align wp-block-acf-cpt-query-loop-or-featured-carousel\" id=\"cpt-query-loop-or-featured-carousel-block_f9a9fab4f623c50647a5326297ccab66\"  >\n  <div class=\"wp-block-columns event-slider carousel-overflow-visible is-layout-flex wp-block-columns-is-layout-flex\">\n          <div class=\"wp-block-column is-layout-flow wp-block-column-is-layout-flow\">\n        <a class=\"wp-block-custom-group-link\" href=\"https:\/\/www.casadecampo.com.do\/es\/vacation-packages-offers\/cigars-in-paradise-festival\/\">\n          <div class=\"wp-block-cover aligncenter has-custom-content-position is-position-bottom-right\" style=\"border-radius:0px;margin-bottom:var(--wp--preset--spacing--16);padding-top:var(--wp--preset--spacing--0);padding-bottom:var(--wp--preset--spacing--0);min-height:440px;aspect-ratio:unset;\">\n            <img decoding=\"async\" class=\"wp-block-cover__image-background size-full ls-is-cached lazyloaded\" alt=\"\" data-src=\"https:\/\/www.casadecampo.com.do\/wp-content\/uploads\/2026\/03\/180109-12_Casa.de_.Campo_1032.jpg\" style=\"object-position:50% 50%\" data-object-fit=\"cover\" data-object-position=\"50% 50%\" src=\"https:\/\/www.casadecampo.com.do\/wp-content\/uploads\/2026\/03\/180109-12_Casa.de_.Campo_1032.jpg\">\n            <span aria-hidden=\"true\" class=\"wp-block-cover__background has-background-dim wp-block-cover__gradient-background has-background-gradient\" style=\"background:linear-gradient(180deg,rgba(7,146,227,0) 1%,rgba(0,0,0,0.14) 44%,rgb(0,0,0) 100%)\"><\/span>\n                      <\/div>\n          <h3 class=\"wp-block-heading has-text-align-center has-primary-color has-text-color has-link-color has-medium-font-size wp-elements-a737d2e5f073f4ef4f96de25cc9929ed\">\n            El 1.er Festival Cigarros en el Para\u00edso          <\/h3>\n        <\/a>\n      <\/div>\n          <div class=\"wp-block-column is-layout-flow wp-block-column-is-layout-flow\">\n        <a class=\"wp-block-custom-group-link\" href=\"https:\/\/www.casadecampo.com.do\/es\/vacation-packages-offers\/casa-de-campo-fashion-week\/\">\n          <div class=\"wp-block-cover aligncenter has-custom-content-position is-position-bottom-right\" style=\"border-radius:0px;margin-bottom:var(--wp--preset--spacing--16);padding-top:var(--wp--preset--spacing--0);padding-bottom:var(--wp--preset--spacing--0);min-height:440px;aspect-ratio:unset;\">\n            <img decoding=\"async\" class=\"wp-block-cover__image-background size-full ls-is-cached lazyloaded\" alt=\"\" data-src=\"https:\/\/www.casadecampo.com.do\/wp-content\/uploads\/2026\/03\/Web_Save-the-Date_CdC-Fashion-Week-2026.jpg\" style=\"object-position:50% 50%\" data-object-fit=\"cover\" data-object-position=\"50% 50%\" src=\"https:\/\/www.casadecampo.com.do\/wp-content\/uploads\/2026\/03\/Web_Save-the-Date_CdC-Fashion-Week-2026.jpg\">\n            <span aria-hidden=\"true\" class=\"wp-block-cover__background has-background-dim wp-block-cover__gradient-background has-background-gradient\" style=\"background:linear-gradient(180deg,rgba(7,146,227,0) 1%,rgba(0,0,0,0.14) 44%,rgb(0,0,0) 100%)\"><\/span>\n                      <\/div>\n          <h3 class=\"wp-block-heading has-text-align-center has-primary-color has-text-color has-link-color has-medium-font-size wp-elements-a737d2e5f073f4ef4f96de25cc9929ed\">\n            1er Fashion Week Casa de Campo          <\/h3>\n        <\/a>\n      <\/div>\n          <div class=\"wp-block-column is-layout-flow wp-block-column-is-layout-flow\">\n        <a class=\"wp-block-custom-group-link\" href=\"https:\/\/www.casadecampo.com.do\/es\/vacation-packages-offers\/summer-savings\/\">\n          <div class=\"wp-block-cover aligncenter has-custom-content-position is-position-bottom-right\" style=\"border-radius:0px;margin-bottom:var(--wp--preset--spacing--16);padding-top:var(--wp--preset--spacing--0);padding-bottom:var(--wp--preset--spacing--0);min-height:440px;aspect-ratio:unset;\">\n            <img decoding=\"async\" class=\"wp-block-cover__image-background size-full ls-is-cached lazyloaded\" alt=\"\" data-src=\"https:\/\/www.casadecampo.com.do\/wp-content\/uploads\/2025\/07\/Summer-Savings.png\" style=\"object-position:50% 50%\" data-object-fit=\"cover\" data-object-position=\"50% 50%\" src=\"https:\/\/www.casadecampo.com.do\/wp-content\/uploads\/2025\/07\/Summer-Savings.png\">\n            <span aria-hidden=\"true\" class=\"wp-block-cover__background has-background-dim wp-block-cover__gradient-background has-background-gradient\" style=\"background:linear-gradient(180deg,rgba(7,146,227,0) 1%,rgba(0,0,0,0.14) 44%,rgb(0,0,0) 100%)\"><\/span>\n                      <\/div>\n          <h3 class=\"wp-block-heading has-text-align-center has-primary-color has-text-color has-link-color has-medium-font-size wp-elements-a737d2e5f073f4ef4f96de25cc9929ed\">\n            Ahorros de Verano          <\/h3>\n        <\/a>\n      <\/div>\n      <\/div>\n  <\/section>\n  \n\n\n<div class=\"wp-block-buttons is-content-justification-center is-layout-flex wp-container-core-buttons-is-layout-a89b3969 wp-block-buttons-is-layout-flex\">\n<div class=\"wp-block-button is-style-primary\"><a class=\"wp-block-button__link wp-element-button\" href=\"https:\/\/www.casadecampo.com.do\/es\/vacation-packages-offers\/\">Ver todos los paquetes<\/a><\/div>\n<\/div>\n<\/div>\n\n<div class=\"wp-block-group is-style-has-border-bottom has-global-padding is-layout-constrained wp-block-group-is-layout-constrained\" style=\"border-top-style:none;border-top-width:0px;border-right-style:none;border-right-width:0px;border-bottom-color:var(--wp--preset--color--quinary);border-bottom-style:none;border-bottom-width:0px;border-left-style:none;border-left-width:0px;padding-top:var(--wp--preset--spacing--120);padding-bottom:var(--wp--preset--spacing--120)\">\n<h2 class=\"wp-block-heading has-text-align-center has-large-font-size\" style=\"margin-top:0;margin-bottom:var(--wp--preset--spacing--8)\">Reg\u00edstrese para recibir nuestras \u00faltimas ofertas y actualizaciones.<\/h2>\n\n\n\n<p class=\"has-text-align-center has-black-color has-text-color has-link-color wp-elements-ace55d6a1e4e5f96c25c0fb4f3471f1d\" style=\"margin-top:0;margin-bottom:0\">No se pierdan las novedades que a\u00fan est\u00e1n por venir. Respetamos su privacidad. <\/p>\n\n\n\n<!-- SIGN-UP FORM -->\n<script type=\"text\/javascript\" src=\"\/\/contact-api.inguest.com\/bundles\/revinatecontactapi\/js\/revinate-form.js?v=1\"><\/script>\n<div class=\"email-signup\">\n  <div class=\"subscription-form-wrapper\">\n    <div class=\"subscription-form-message\"><\/div>\n    <form id=\"revinate_contact_api_form\" class=\"subscription-form\" onsubmit=\"handleRevFormSubmit()\">\n      <div class=\"form-group\">\n        <div class=\"subscription-form-field\">\n          <input name=\"email\" type=\"email\" aria-label=\"Email\" class=\"large form-control\" tabindex=\"49\" placeholder=\"Correo Electr\u00f3nico\" autocomplete=\"off\" required=\"\"\/>\n        <\/div>\n        <div class=\"subscription-form-submit\">\n          <button type=\"submit\" class=\"btn btn-primary btn-primary-with-arrow\" tabindex=\"50\">Suscr\u00edbase al bolet\u00edn<\/button>\n        <\/div>\n      <\/div>\n      <div class=\"subscription-form-checkbox\">\n        <label for=\"email-sign-up-terms\">\n          <input type=\"checkbox\" name=\"email-sign-up-terms\" id=\"email-sign-up-terms\" required=\"\"\/>\n          <span>Al registrarse, acepta nuestra <a href=\"https:\/\/www.casadecampo.com.do\/es\/resources\/privacy-policy\/\">Pol\u00edtica de Privacidad<\/a>.<\/span>\n        <\/label>\n      <\/div>\n    <\/form>\n  <\/div>\n<\/div>\n<script>\n  const currentLanguage = document.documentElement.lang.substring(0, 2);\n  const reinvateForm = document.querySelector(\".subscription-form\");\n  const reinvateFormInput = document.querySelector(\n    \".subscription-form-field input[type='email']\"\n  );\n  const reinvateFormSubmit = document.querySelector(\n    \".subscription-form-submit button[type='submit']\"\n  );\n  const reinvateFormMessage = document.querySelector(\n    \".subscription-form-message\"\n  );\n  const reinvateConfig = {\n    en: {\n      token: \"376ff420-b4b0-41b2-ab17-3b5b5f3ebaf3\",\n      content: {\n        successMessage: {\n          title: \"Thank you for subscribing!\",\n          body: \"We will be in touch soon.\",\n        },\n        failedMessage: {\n          title: \"Submission failed.\",\n          body: \"Please try again.\",\n        },\n        submitButton: \"Sign Up\",\n        input: {\n          label: \"Email\",\n          placeholder: \"Your email address...\",\n        },\n      },\n    },\n    es: {\n      token: \"82751c63-cff9-47fb-9a21-e554c02dacdb\",\n      content: {\n        successMessage: {\n          title: \"\u00a1Gracias por suscribirse!\",\n          body: \"Estaremos en contacto pronto.\",\n        },\n        failedMessage: {\n          title: \"Algo sali\u00f3 mal.\",\n          body: \"Por favor int\u00e9ntelo de nuevo.\",\n        },\n        submitButton: \"Suscr\u00edbase al bolet\u00edn\",\n        input: {\n          label: \"Correo electr\u00f3nico\",\n          placeholder: \"Correo electr\u00f3nico...\",\n        },\n      },\n    },\n  };\n  reinvateForm.setAttribute(\"token\", reinvateConfig[currentLanguage].token);\n  reinvateFormInput.setAttribute(\n    \"aria-label\",\n    reinvateConfig[currentLanguage].content.input.label\n  );\n  reinvateFormInput.setAttribute(\n    \"placeholder\",\n    reinvateConfig[currentLanguage].content.input.placeholder\n  );\n  reinvateFormSubmit.innerHTML =\n    reinvateConfig[currentLanguage].content.submitButton;\n  function handleRevFormSubmit() {\n    event.preventDefault();\n    reinvateFormMessage.style.display = \"none\";\n    revFormOnSubmit();\n    const checkSubmissionInterval = setInterval(() => {\n      if (reinvateFormSubmit.textContent.toLowerCase() === \"submitted\") {\n        reinvateForm.style.display = \"none\";\n        reinvateFormMessage.innerHTML = `\n              <h5>${reinvateConfig[currentLanguage].content.successMessage.title}\n              <p>${reinvateConfig[currentLanguage].content.successMessage.body}\n            `;\n        reinvateFormMessage.style.display = \"block\";\n        clearInterval(checkSubmissionInterval);\n      }\n      if (reinvateFormSubmit.textContent.toLowerCase() === \"failed\") {\n        reinvateFormMessage.innerHTML = `\n              <h5>${reinvateConfig[currentLanguage].content.failedMessage.title}\n              <p>${reinvateConfig[currentLanguage].content.failedMessage.body}\n            `;\n        reinvateFormMessage.style.display = \"block\";\n        reinvateFormSubmit.innerHTML = \"Subscribed to Newsletter\";\n        clearInterval(checkSubmissionInterval);\n      }\n    }, 100);\n  }\n  function getCookie(name) {\n    const value = `; ${document.cookie}`;\n    const parts = value.split(`; ${name}=`);\n    if (parts.length === 2) return parts.pop().split(\";\").shift();\n  }\n<\/script>\n<!-- END SIGN-UP FORM -->\n\n\n\n<p class=\"has-text-align-center has-septenary-color has-text-color has-link-color has-body-extra-small-font-size wp-elements-546f9c8cdc7707a7a6ab255e57f31f1f\" style=\"margin-top:var(--wp--preset--spacing--32)\">Podr\u00e1 darse de baja en cualquier momento.<\/p>\n<\/div>\n","protected":false},"featured_media":98158,"menu_order":0,"template":"","class_list":["post-98171","packages","type-packages","status-publish","has-post-thumbnail","hentry"],"acf":[],"yoast_head":"<!-- This site is optimized with the Yoast SEO plugin v27.2 - https:\/\/yoast.com\/product\/yoast-seo-wordpress\/ -->\n<title>1er Fashion Week Casa de Campo | Casa de Campo<\/title>\n<meta name=\"description\" content=\"Celebre el debut de Casa de Campo Fashion Week con una estad\u00eda especialmente dise\u00f1ada que combina moda de clase mundial, experiencias culturales y la hospitalidad caracter\u00edstica de Casa de Campo Resort &amp; Villas.\" \/>\n<meta name=\"robots\" content=\"index, follow, max-snippet:-1, max-image-preview:large, max-video-preview:-1\" \/>\n<link rel=\"canonical\" href=\"https:\/\/www.casadecampo.com.do\/es\/vacation-packages-offers\/casa-de-campo-fashion-week\/\" \/>\n<meta property=\"og:locale\" content=\"es_ES\" \/>\n<meta property=\"og:type\" content=\"article\" \/>\n<meta property=\"og:title\" content=\"1er Fashion Week Casa de Campo | Casa de Campo\" \/>\n<meta property=\"og:description\" content=\"Celebre el debut de Casa de Campo Fashion Week con una estad\u00eda especialmente dise\u00f1ada que combina moda de clase mundial, experiencias culturales y la hospitalidad caracter\u00edstica de Casa de Campo Resort &amp; Villas.\" \/>\n<meta property=\"og:url\" content=\"https:\/\/www.casadecampo.com.do\/es\/vacation-packages-offers\/casa-de-campo-fashion-week\/\" \/>\n<meta property=\"og:site_name\" content=\"Casa de Campo\" \/>\n<meta property=\"article:modified_time\" content=\"2026-04-24T16:50:52+00:00\" \/>\n<meta property=\"og:image\" content=\"https:\/\/www.casadecampo.com.do\/wp-content\/uploads\/2026\/03\/Web_Save-the-Date_CdC-Fashion-Week-2026.jpg\" \/>\n\t<meta property=\"og:image:width\" content=\"2222\" \/>\n\t<meta property=\"og:image:height\" content=\"936\" \/>\n\t<meta property=\"og:image:type\" content=\"image\/jpeg\" \/>\n<meta name=\"twitter:card\" content=\"summary_large_image\" \/>\n<meta name=\"twitter:label1\" content=\"Tiempo de lectura\" \/>\n\t<meta name=\"twitter:data1\" content=\"5 minutos\" \/>\n<!-- \/ Yoast SEO plugin. -->","yoast_head_json":{"title":"1er Fashion Week Casa de Campo | Casa de Campo","description":"Celebre el debut de Casa de Campo Fashion Week con una estad\u00eda especialmente dise\u00f1ada que combina moda de clase mundial, experiencias culturales y la hospitalidad caracter\u00edstica de Casa de Campo Resort & Villas.","robots":{"index":"index","follow":"follow","max-snippet":"max-snippet:-1","max-image-preview":"max-image-preview:large","max-video-preview":"max-video-preview:-1"},"canonical":"https:\/\/www.casadecampo.com.do\/es\/vacation-packages-offers\/casa-de-campo-fashion-week\/","og_locale":"es_ES","og_type":"article","og_title":"1er Fashion Week Casa de Campo | Casa de Campo","og_description":"Celebre el debut de Casa de Campo Fashion Week con una estad\u00eda especialmente dise\u00f1ada que combina moda de clase mundial, experiencias culturales y la hospitalidad caracter\u00edstica de Casa de Campo Resort & Villas.","og_url":"https:\/\/www.casadecampo.com.do\/es\/vacation-packages-offers\/casa-de-campo-fashion-week\/","og_site_name":"Casa de Campo","article_modified_time":"2026-04-24T16:50:52+00:00","og_image":[{"width":2222,"height":936,"url":"https:\/\/www.casadecampo.com.do\/wp-content\/uploads\/2026\/03\/Web_Save-the-Date_CdC-Fashion-Week-2026.jpg","type":"image\/jpeg"}],"twitter_card":"summary_large_image","twitter_misc":{"Tiempo de lectura":"5 minutos"},"schema":{"@context":"https:\/\/schema.org","@graph":[{"@type":"WebPage","@id":"https:\/\/www.casadecampo.com.do\/es\/vacation-packages-offers\/casa-de-campo-fashion-week\/","url":"https:\/\/www.casadecampo.com.do\/es\/vacation-packages-offers\/casa-de-campo-fashion-week\/","name":"1er Fashion Week Casa de Campo | Casa de Campo","isPartOf":{"@id":"https:\/\/www.casadecampo.com.do\/es\/#website"},"primaryImageOfPage":{"@id":"https:\/\/www.casadecampo.com.do\/es\/vacation-packages-offers\/casa-de-campo-fashion-week\/#primaryimage"},"image":{"@id":"https:\/\/www.casadecampo.com.do\/es\/vacation-packages-offers\/casa-de-campo-fashion-week\/#primaryimage"},"thumbnailUrl":"https:\/\/www.casadecampo.com.do\/wp-content\/uploads\/2026\/03\/Web_Save-the-Date_CdC-Fashion-Week-2026.jpg","datePublished":"2026-03-27T15:50:52+00:00","dateModified":"2026-04-24T16:50:52+00:00","description":"Celebre el debut de Casa de Campo Fashion Week con una estad\u00eda especialmente dise\u00f1ada que combina moda de clase mundial, experiencias culturales y la hospitalidad caracter\u00edstica de Casa de Campo Resort & Villas.","breadcrumb":{"@id":"https:\/\/www.casadecampo.com.do\/es\/vacation-packages-offers\/casa-de-campo-fashion-week\/#breadcrumb"},"inLanguage":"es","potentialAction":[{"@type":"ReadAction","target":["https:\/\/www.casadecampo.com.do\/es\/vacation-packages-offers\/casa-de-campo-fashion-week\/"]}]},{"@type":"ImageObject","inLanguage":"es","@id":"https:\/\/www.casadecampo.com.do\/es\/vacation-packages-offers\/casa-de-campo-fashion-week\/#primaryimage","url":"https:\/\/www.casadecampo.com.do\/wp-content\/uploads\/2026\/03\/Web_Save-the-Date_CdC-Fashion-Week-2026.jpg","contentUrl":"https:\/\/www.casadecampo.com.do\/wp-content\/uploads\/2026\/03\/Web_Save-the-Date_CdC-Fashion-Week-2026.jpg","width":2222,"height":936},{"@type":"BreadcrumbList","@id":"https:\/\/www.casadecampo.com.do\/es\/vacation-packages-offers\/casa-de-campo-fashion-week\/#breadcrumb","itemListElement":[{"@type":"ListItem","position":1,"name":"Inicio","item":"https:\/\/www.casadecampo.com.do\/es\/"},{"@type":"ListItem","position":2,"name":"1er Fashion Week Casa de Campo"}]},{"@type":"WebSite","@id":"https:\/\/www.casadecampo.com.do\/es\/#website","url":"https:\/\/www.casadecampo.com.do\/es\/","name":"Casa de Campo","description":"The most exclusive resort in the Caribbean","publisher":{"@id":"https:\/\/www.casadecampo.com.do\/es\/#organization"},"potentialAction":[{"@type":"SearchAction","target":{"@type":"EntryPoint","urlTemplate":"https:\/\/www.casadecampo.com.do\/es\/?s={search_term_string}"},"query-input":{"@type":"PropertyValueSpecification","valueRequired":true,"valueName":"search_term_string"}}],"inLanguage":"es"},{"@type":"Organization","@id":"https:\/\/www.casadecampo.com.do\/es\/#organization","name":"Casa de Campo Resort & Villas","url":"https:\/\/www.casadecampo.com.do\/es\/","logo":{"@type":"ImageObject","inLanguage":"es","@id":"https:\/\/www.casadecampo.com.do\/es\/#\/schema\/logo\/image\/","url":"https:\/\/www.casadecampo.com.do\/wp-content\/uploads\/2025\/09\/cdc-favicon.png","contentUrl":"https:\/\/www.casadecampo.com.do\/wp-content\/uploads\/2025\/09\/cdc-favicon.png","width":1024,"height":1009,"caption":"Casa de Campo Resort & Villas"},"image":{"@id":"https:\/\/www.casadecampo.com.do\/es\/#\/schema\/logo\/image\/"}}]}},"_links":{"self":[{"href":"https:\/\/www.casadecampo.com.do\/es\/wp-json\/wp\/v2\/packages\/98171","targetHints":{"allow":["GET"]}}],"collection":[{"href":"https:\/\/www.casadecampo.com.do\/es\/wp-json\/wp\/v2\/packages"}],"about":[{"href":"https:\/\/www.casadecampo.com.do\/es\/wp-json\/wp\/v2\/types\/packages"}],"wp:featuredmedia":[{"embeddable":true,"href":"https:\/\/www.casadecampo.com.do\/es\/wp-json\/wp\/v2\/media\/98158"}],"wp:attachment":[{"href":"https:\/\/www.casadecampo.com.do\/es\/wp-json\/wp\/v2\/media?parent=98171"}],"curies":[{"name":"wp","href":"https:\/\/api.w.org\/{rel}","templated":true}]}}